{"id":4043,"date":"2026-02-27T17:00:18","date_gmt":"2026-02-27T15:00:18","guid":{"rendered":"https:\/\/www.mlnr.ro\/activitati_sociale\/gala-del-centenario-de-la-federacion-rumana-de-remo\/"},"modified":"2026-02-27T17:00:19","modified_gmt":"2026-02-27T15:00:19","slug":"gala-del-centenario-de-la-federacion-rumana-de-remo","status":"publish","type":"activitati_sociale","link":"https:\/\/www.mlnr.ro\/es\/activitati_sociale\/gala-del-centenario-de-la-federacion-rumana-de-remo\/","title":{"rendered":"Gala del Centenario de la Federaci\u00f3n Rumana de Remo"},"content":{"rendered":"\n<p><strong>El Palacio del Parlamento<\/strong><\/p>\n\n<p>Hay momentos en la historia de una naci\u00f3n en los que el esfuerzo individual se convierte en ritmo colectivo y el trabajo se transforma en arte. Uno de esos momentos tuvo lugar el 27 de noviembre de 2025, bajo la c\u00fapula del Palacio del Parlamento, donde la tradici\u00f3n y la excelencia se dieron cita para celebrar un siglo de logros: el centenario de la Federaci\u00f3n Rumana de Remo. <\/p>\n\n<p>En este contexto de gran carga simb\u00f3lica, la Gran Logia Nacional de Ruman\u00eda, en colaboraci\u00f3n con Romfilatelia, ha rendido homenaje a la perseverancia, la disciplina y el esp\u00edritu ganador del remo rumano con el lanzamiento de un sello y un sobre conmemorativo dedicados a este hito hist\u00f3rico.<\/p>\n\n<p><strong>S\u00edmbolos que perduran<\/strong><\/p>\n\n<p>La iniciativa filat\u00e9lica va m\u00e1s all\u00e1 del valor de un gesto conmemorativo. Se erige como un acto de conservaci\u00f3n de la memoria colectiva. La filatelia transforma el rendimiento en memoria p\u00fablica y hace que los hitos sigan circulando m\u00e1s all\u00e1 del momento. As\u00ed como el remo requiere sincronizaci\u00f3n, rigor y fuerza interior, la construcci\u00f3n de una sociedad armoniosa se basa en los mismos fundamentos: disciplina, car\u00e1cter y sentido com\u00fan.   <\/p>\n\n<p>El sello y el sobre conmemorativos, presentados por primera vez en la Gala, no son simples objetos de colecci\u00f3n. Se convierten en testigos silenciosos de una historia escrita con sacrificio, perseverancia y pasi\u00f3n, en las aguas del mundo. <\/p>\n\n<p>\u00abLa tradici\u00f3n no significa conservar las cenizas, sino mantener viva la llama\u00bb. Con este esp\u00edritu, como gesto de agradecimiento hacia quienes han construido esta historia, desde los campeones consagrados hasta las generaciones venideras, se entreg\u00f3 a cada participante un sobre conmemorativo, como muestra de reconocimiento y continuidad.<\/p>\n\n<p><strong>Remando juntos hacia el futuro<\/strong><\/p>\n\n<p>La colaboraci\u00f3n entre la Gran Logia Nacional de Ruman\u00eda y Romfilatelia reafirma el compromiso com\u00fan de apoyar los valores aut\u00e9nticos y poner de relieve los hitos de moralidad, dignidad y excelencia de Ruman\u00eda.<\/p>\n\n<p>No solo se celebra un siglo de remo. Se celebra un siglo de determinaci\u00f3n. A trav\u00e9s de la cultura, el respeto por el rendimiento y la fidelidad a los valores, este camino contin\u00faa en una sola direcci\u00f3n: la perpetuaci\u00f3n del esp\u00edritu rumano.  <\/p>\n<div class=\"my-pswp-v4-gallery gallery-columns-2\"><div class=\"grid-sizer\"><\/div><figure class=\"my-pswp-v4-item grid-item\"><a href=\"https:\/\/www.mlnr.ro\/wp-content\/uploads\/2026\/01\/WhatsApp-Image-2026-01-21-at-16.08.24-1.jpeg\" data-size=\"1600x1067\" data-title=\"WhatsApp Image 2026-01-21 at 16.08.24 (1)\"><div class=\"background-image\" style=\"background-image: url(https:\/\/www.mlnr.ro\/wp-content\/uploads\/2026\/01\/WhatsApp-Image-2026-01-21-at-16.08.24-1-300x200.jpeg); background-size: cover; background-position: center; padding-top: 75%;\"><\/div><\/a><\/figure><figure class=\"my-pswp-v4-item grid-item\"><a href=\"https:\/\/www.mlnr.ro\/wp-content\/uploads\/2026\/01\/WhatsApp-Image-2026-01-21-at-16.08.24.jpeg\" data-size=\"1600x1067\" data-title=\"WhatsApp Image 2026-01-21 at 16.08.24\"><div class=\"background-image\" style=\"background-image: url(https:\/\/www.mlnr.ro\/wp-content\/uploads\/2026\/01\/WhatsApp-Image-2026-01-21-at-16.08.24-300x200.jpeg); background-size: cover; background-position: center; padding-top: 75%;\"><\/div><\/a><\/figure><figure class=\"my-pswp-v4-item grid-item\"><a href=\"https:\/\/www.mlnr.ro\/wp-content\/uploads\/2026\/01\/WhatsApp-Image-2026-01-21-at-16.08.25.jpeg\" data-size=\"1600x1067\" data-title=\"WhatsApp Image 2026-01-21 at 16.08.25\"><div class=\"background-image\" style=\"background-image: url(https:\/\/www.mlnr.ro\/wp-content\/uploads\/2026\/01\/WhatsApp-Image-2026-01-21-at-16.08.25-300x200.jpeg); background-size: cover; background-position: center; padding-top: 75%;\"><\/div><\/a><\/figure><figure class=\"my-pswp-v4-item grid-item\"><a href=\"https:\/\/www.mlnr.ro\/wp-content\/uploads\/2026\/01\/WhatsApp-Image-2026-01-21-at-16.08.24-2.jpeg\" data-size=\"1600x795\" data-title=\"WhatsApp Image 2026-01-21 at 16.08.24 (2)\"><div class=\"background-image\" style=\"background-image: url(https:\/\/www.mlnr.ro\/wp-content\/uploads\/2026\/01\/WhatsApp-Image-2026-01-21-at-16.08.24-2-300x149.jpeg); background-size: cover; background-position: center; padding-top: 75%;\"><\/div><\/a><\/figure><\/div>","protected":false},"excerpt":{"rendered":"<p>El Palacio del Parlamento Hay momentos en la historia de una naci\u00f3n en los que el esfuerzo individual se convierte en ritmo colectivo y el trabajo se transforma en arte. Uno de esos momentos tuvo lugar el 27 de noviembre de 2025, bajo la c\u00fapula del Palacio del Parlamento, donde la tradici\u00f3n y la excelencia&hellip; <a class=\"more-link\" href=\"https:\/\/www.mlnr.ro\/es\/activitati_sociale\/gala-del-centenario-de-la-federacion-rumana-de-remo\/\">Continue reading <span class=\"screen-reader-text\">Gala del Centenario de la Federaci\u00f3n Rumana de Remo<\/span><\/a><\/p>\n","protected":false},"featured_media":2936,"template":"","class_list":["post-4043","activitati_sociale","type-activitati_sociale","status-publish","has-post-thumbnail","hentry","entry"],"acf":[],"yoast_head":"<!-- This site is optimized with the Yoast SEO plugin v27.0 - https:\/\/yoast.com\/product\/yoast-seo-wordpress\/ -->\n<title>Gala del Centenario de la Federaci\u00f3n Rumana de Remo - MLNR<\/title>\n<meta name=\"robots\" content=\"index, follow, max-snippet:-1, max-image-preview:large, max-video-preview:-1\" \/>\n<link rel=\"canonical\" href=\"https:\/\/www.mlnr.ro\/es\/activitati_sociale\/gala-del-centenario-de-la-federacion-rumana-de-remo\/\" \/>\n<meta property=\"og:locale\" content=\"es_ES\" \/>\n<meta property=\"og:type\" content=\"article\" \/>\n<meta property=\"og:title\" content=\"Gala del Centenario de la Federaci\u00f3n Rumana de Remo - MLNR\" \/>\n<meta property=\"og:description\" content=\"El Palacio del Parlamento Hay momentos en la historia de una naci\u00f3n en los que el esfuerzo individual se convierte en ritmo colectivo y el trabajo se transforma en arte. Uno de esos momentos tuvo lugar el 27 de noviembre de 2025, bajo la c\u00fapula del Palacio del Parlamento, donde la tradici\u00f3n y la excelencia&hellip; Continue reading Gala del Centenario de la Federaci\u00f3n Rumana de Remo\" \/>\n<meta property=\"og:url\" content=\"https:\/\/www.mlnr.ro\/es\/activitati_sociale\/gala-del-centenario-de-la-federacion-rumana-de-remo\/\" \/>\n<meta property=\"og:site_name\" content=\"MLNR\" \/>\n<meta property=\"article:modified_time\" content=\"2026-02-27T15:00:19+00:00\" \/>\n<meta property=\"og:image\" content=\"https:\/\/www.mlnr.ro\/wp-content\/uploads\/2026\/01\/WhatsApp-Image-2026-01-21-at-16.08.24.jpeg\" \/>\n\t<meta property=\"og:image:width\" content=\"1600\" \/>\n\t<meta property=\"og:image:height\" content=\"1067\" \/>\n\t<meta property=\"og:image:type\" content=\"image\/jpeg\" \/>\n<meta name=\"twitter:card\" content=\"summary_large_image\" \/>\n<meta name=\"twitter:label1\" content=\"Tiempo de lectura\" \/>\n\t<meta name=\"twitter:data1\" content=\"2 minutes\" \/>\n<script type=\"application\/ld+json\" class=\"yoast-schema-graph\">{\"@context\":\"https:\/\/schema.org\",\"@graph\":[{\"@type\":\"WebPage\",\"@id\":\"https:\/\/www.mlnr.ro\/es\/activitati_sociale\/gala-del-centenario-de-la-federacion-rumana-de-remo\/\",\"url\":\"https:\/\/www.mlnr.ro\/es\/activitati_sociale\/gala-del-centenario-de-la-federacion-rumana-de-remo\/\",\"name\":\"Gala del Centenario de la Federaci\u00f3n Rumana de Remo - MLNR\",\"isPartOf\":{\"@id\":\"https:\/\/www.mlnr.ro\/es\/#website\"},\"primaryImageOfPage\":{\"@id\":\"https:\/\/www.mlnr.ro\/es\/activitati_sociale\/gala-del-centenario-de-la-federacion-rumana-de-remo\/#primaryimage\"},\"image\":{\"@id\":\"https:\/\/www.mlnr.ro\/es\/activitati_sociale\/gala-del-centenario-de-la-federacion-rumana-de-remo\/#primaryimage\"},\"thumbnailUrl\":\"https:\/\/www.mlnr.ro\/wp-content\/uploads\/2026\/01\/WhatsApp-Image-2026-01-21-at-16.08.24.jpeg\",\"datePublished\":\"2026-02-27T15:00:18+00:00\",\"dateModified\":\"2026-02-27T15:00:19+00:00\",\"breadcrumb\":{\"@id\":\"https:\/\/www.mlnr.ro\/es\/activitati_sociale\/gala-del-centenario-de-la-federacion-rumana-de-remo\/#breadcrumb\"},\"inLanguage\":\"es-ES\",\"potentialAction\":[{\"@type\":\"ReadAction\",\"target\":[\"https:\/\/www.mlnr.ro\/es\/activitati_sociale\/gala-del-centenario-de-la-federacion-rumana-de-remo\/\"]}]},{\"@type\":\"ImageObject\",\"inLanguage\":\"es-ES\",\"@id\":\"https:\/\/www.mlnr.ro\/es\/activitati_sociale\/gala-del-centenario-de-la-federacion-rumana-de-remo\/#primaryimage\",\"url\":\"https:\/\/www.mlnr.ro\/wp-content\/uploads\/2026\/01\/WhatsApp-Image-2026-01-21-at-16.08.24.jpeg\",\"contentUrl\":\"https:\/\/www.mlnr.ro\/wp-content\/uploads\/2026\/01\/WhatsApp-Image-2026-01-21-at-16.08.24.jpeg\",\"width\":1600,\"height\":1067},{\"@type\":\"BreadcrumbList\",\"@id\":\"https:\/\/www.mlnr.ro\/es\/activitati_sociale\/gala-del-centenario-de-la-federacion-rumana-de-remo\/#breadcrumb\",\"itemListElement\":[{\"@type\":\"ListItem\",\"position\":1,\"name\":\"Prima pagin\u0103\",\"item\":\"https:\/\/www.mlnr.ro\/es\/acasa\/\"},{\"@type\":\"ListItem\",\"position\":2,\"name\":\"Gala del Centenario de la Federaci\u00f3n Rumana de Remo\"}]},{\"@type\":\"WebSite\",\"@id\":\"https:\/\/www.mlnr.ro\/es\/#website\",\"url\":\"https:\/\/www.mlnr.ro\/es\/\",\"name\":\"MLNR\",\"description\":\"\",\"publisher\":{\"@id\":\"https:\/\/www.mlnr.ro\/es\/#organization\"},\"potentialAction\":[{\"@type\":\"SearchAction\",\"target\":{\"@type\":\"EntryPoint\",\"urlTemplate\":\"https:\/\/www.mlnr.ro\/es\/?s={search_term_string}\"},\"query-input\":{\"@type\":\"PropertyValueSpecification\",\"valueRequired\":true,\"valueName\":\"search_term_string\"}}],\"inLanguage\":\"es-ES\"},{\"@type\":\"Organization\",\"@id\":\"https:\/\/www.mlnr.ro\/es\/#organization\",\"name\":\"MLNR\",\"url\":\"https:\/\/www.mlnr.ro\/es\/\",\"logo\":{\"@type\":\"ImageObject\",\"inLanguage\":\"es-ES\",\"@id\":\"https:\/\/www.mlnr.ro\/es\/#\/schema\/logo\/image\/\",\"url\":\"https:\/\/www.mlnr.ro\/wp-content\/uploads\/2025\/12\/prj-edited.png\",\"contentUrl\":\"https:\/\/www.mlnr.ro\/wp-content\/uploads\/2025\/12\/prj-edited.png\",\"width\":300,\"height\":188,\"caption\":\"MLNR\"},\"image\":{\"@id\":\"https:\/\/www.mlnr.ro\/es\/#\/schema\/logo\/image\/\"}}]}<\/script>\n<!-- \/ Yoast SEO plugin. -->","yoast_head_json":{"title":"Gala del Centenario de la Federaci\u00f3n Rumana de Remo - MLNR","robots":{"index":"index","follow":"follow","max-snippet":"max-snippet:-1","max-image-preview":"max-image-preview:large","max-video-preview":"max-video-preview:-1"},"canonical":"https:\/\/www.mlnr.ro\/es\/activitati_sociale\/gala-del-centenario-de-la-federacion-rumana-de-remo\/","og_locale":"es_ES","og_type":"article","og_title":"Gala del Centenario de la Federaci\u00f3n Rumana de Remo - MLNR","og_description":"El Palacio del Parlamento Hay momentos en la historia de una naci\u00f3n en los que el esfuerzo individual se convierte en ritmo colectivo y el trabajo se transforma en arte. Uno de esos momentos tuvo lugar el 27 de noviembre de 2025, bajo la c\u00fapula del Palacio del Parlamento, donde la tradici\u00f3n y la excelencia&hellip; Continue reading Gala del Centenario de la Federaci\u00f3n Rumana de Remo","og_url":"https:\/\/www.mlnr.ro\/es\/activitati_sociale\/gala-del-centenario-de-la-federacion-rumana-de-remo\/","og_site_name":"MLNR","article_modified_time":"2026-02-27T15:00:19+00:00","og_image":[{"width":1600,"height":1067,"url":"https:\/\/www.mlnr.ro\/wp-content\/uploads\/2026\/01\/WhatsApp-Image-2026-01-21-at-16.08.24.jpeg","type":"image\/jpeg"}],"twitter_card":"summary_large_image","twitter_misc":{"Tiempo de lectura":"2 minutes"},"schema":{"@context":"https:\/\/schema.org","@graph":[{"@type":"WebPage","@id":"https:\/\/www.mlnr.ro\/es\/activitati_sociale\/gala-del-centenario-de-la-federacion-rumana-de-remo\/","url":"https:\/\/www.mlnr.ro\/es\/activitati_sociale\/gala-del-centenario-de-la-federacion-rumana-de-remo\/","name":"Gala del Centenario de la Federaci\u00f3n Rumana de Remo - MLNR","isPartOf":{"@id":"https:\/\/www.mlnr.ro\/es\/#website"},"primaryImageOfPage":{"@id":"https:\/\/www.mlnr.ro\/es\/activitati_sociale\/gala-del-centenario-de-la-federacion-rumana-de-remo\/#primaryimage"},"image":{"@id":"https:\/\/www.mlnr.ro\/es\/activitati_sociale\/gala-del-centenario-de-la-federacion-rumana-de-remo\/#primaryimage"},"thumbnailUrl":"https:\/\/www.mlnr.ro\/wp-content\/uploads\/2026\/01\/WhatsApp-Image-2026-01-21-at-16.08.24.jpeg","datePublished":"2026-02-27T15:00:18+00:00","dateModified":"2026-02-27T15:00:19+00:00","breadcrumb":{"@id":"https:\/\/www.mlnr.ro\/es\/activitati_sociale\/gala-del-centenario-de-la-federacion-rumana-de-remo\/#breadcrumb"},"inLanguage":"es-ES","potentialAction":[{"@type":"ReadAction","target":["https:\/\/www.mlnr.ro\/es\/activitati_sociale\/gala-del-centenario-de-la-federacion-rumana-de-remo\/"]}]},{"@type":"ImageObject","inLanguage":"es-ES","@id":"https:\/\/www.mlnr.ro\/es\/activitati_sociale\/gala-del-centenario-de-la-federacion-rumana-de-remo\/#primaryimage","url":"https:\/\/www.mlnr.ro\/wp-content\/uploads\/2026\/01\/WhatsApp-Image-2026-01-21-at-16.08.24.jpeg","contentUrl":"https:\/\/www.mlnr.ro\/wp-content\/uploads\/2026\/01\/WhatsApp-Image-2026-01-21-at-16.08.24.jpeg","width":1600,"height":1067},{"@type":"BreadcrumbList","@id":"https:\/\/www.mlnr.ro\/es\/activitati_sociale\/gala-del-centenario-de-la-federacion-rumana-de-remo\/#breadcrumb","itemListElement":[{"@type":"ListItem","position":1,"name":"Prima pagin\u0103","item":"https:\/\/www.mlnr.ro\/es\/acasa\/"},{"@type":"ListItem","position":2,"name":"Gala del Centenario de la Federaci\u00f3n Rumana de Remo"}]},{"@type":"WebSite","@id":"https:\/\/www.mlnr.ro\/es\/#website","url":"https:\/\/www.mlnr.ro\/es\/","name":"MLNR","description":"","publisher":{"@id":"https:\/\/www.mlnr.ro\/es\/#organization"},"potentialAction":[{"@type":"SearchAction","target":{"@type":"EntryPoint","urlTemplate":"https:\/\/www.mlnr.ro\/es\/?s={search_term_string}"},"query-input":{"@type":"PropertyValueSpecification","valueRequired":true,"valueName":"search_term_string"}}],"inLanguage":"es-ES"},{"@type":"Organization","@id":"https:\/\/www.mlnr.ro\/es\/#organization","name":"MLNR","url":"https:\/\/www.mlnr.ro\/es\/","logo":{"@type":"ImageObject","inLanguage":"es-ES","@id":"https:\/\/www.mlnr.ro\/es\/#\/schema\/logo\/image\/","url":"https:\/\/www.mlnr.ro\/wp-content\/uploads\/2025\/12\/prj-edited.png","contentUrl":"https:\/\/www.mlnr.ro\/wp-content\/uploads\/2025\/12\/prj-edited.png","width":300,"height":188,"caption":"MLNR"},"image":{"@id":"https:\/\/www.mlnr.ro\/es\/#\/schema\/logo\/image\/"}}]}},"_links":{"self":[{"href":"https:\/\/www.mlnr.ro\/es\/wp-json\/wp\/v2\/activitati_sociale\/4043","targetHints":{"allow":["GET"]}}],"collection":[{"href":"https:\/\/www.mlnr.ro\/es\/wp-json\/wp\/v2\/activitati_sociale"}],"about":[{"href":"https:\/\/www.mlnr.ro\/es\/wp-json\/wp\/v2\/types\/activitati_sociale"}],"version-history":[{"count":1,"href":"https:\/\/www.mlnr.ro\/es\/wp-json\/wp\/v2\/activitati_sociale\/4043\/revisions"}],"predecessor-version":[{"id":4044,"href":"https:\/\/www.mlnr.ro\/es\/wp-json\/wp\/v2\/activitati_sociale\/4043\/revisions\/4044"}],"wp:featuredmedia":[{"embeddable":true,"href":"https:\/\/www.mlnr.ro\/es\/wp-json\/wp\/v2\/media\/2936"}],"wp:attachment":[{"href":"https:\/\/www.mlnr.ro\/es\/wp-json\/wp\/v2\/media?parent=4043"}],"curies":[{"name":"wp","href":"https:\/\/api.w.org\/{rel}","templated":true}]}}