{"id":4050,"date":"2026-02-27T17:09:17","date_gmt":"2026-02-27T15:09:17","guid":{"rendered":"https:\/\/www.mlnr.ro\/activitati_sociale\/los-lideres-nacen-o-se-hacen\/"},"modified":"2026-04-24T11:31:06","modified_gmt":"2026-04-24T08:31:06","slug":"los-lideres-nacen-o-se-hacen","status":"publish","type":"activitati_sociale","link":"https:\/\/www.mlnr.ro\/es\/activitati_sociale\/los-lideres-nacen-o-se-hacen\/","title":{"rendered":"\u00bfLos l\u00edderes nacen o se hacen?"},"content":{"rendered":"\n<p>Primera conferencia del programa \u00abLiderazgo y diplomacia para Ruman\u00eda\u00bb<\/p>\n\n<p>El 17 de abril de 2024, en el Aula de la Biblioteca Central Universitaria \u00abCarol I\u00bb de Bucarest, se celebr\u00f3 la conferencia \u00abDe la comunicaci\u00f3n a la diplomacia: formando l\u00edderes\u00bb, que reuni\u00f3 a participantes del \u00e1mbito institucional, acad\u00e9mico y de la sociedad civil, proponiendo un debate aplicado sobre las competencias de liderazgo y el papel de la diplomacia en un contexto internacional en constante cambio.<\/p>\n\n<p>La conferencia fue inaugurada con las intervenciones del Gran Maestro de la GLNR, C\u0103t\u0103lin Toh\u0103neanu, y del Gran Maestro Adjunto, Mircea Gheordunescu, quienes destacaron la importancia del liderazgo y la diplomacia para la sociedad actual.<\/p>\n\n<p>Entre los invitados principales se encontraba Radu Co\u0219arc\u0103, profesor asociado de la Universidad de Bucarest (Facultad de Periodismo y Ciencias de la Comunicaci\u00f3n). En su presentaci\u00f3n \u00abL\u00edder en la era de la comunicaci\u00f3n\u00bb, analiz\u00f3 el papel del l\u00edder en un entorno medi\u00e1tico en constante transformaci\u00f3n y destac\u00f3 las estrategias necesarias para una comunicaci\u00f3n eficaz y cre\u00edble. <\/p>\n\n<p>Otro momento destacado fue la conferencia del general de brigada (r) Dr. Mihai-Liviu D\u0103nil\u0103, diplom\u00e1tico y profesor asociado de la CNAI y la Academia de Polic\u00eda, antiguo representante del Ministerio de Asuntos Exteriores. En su intervenci\u00f3n \u00abEnfoques y retos para el mecanismo de respuesta integrada a la crisis\u00bb, present\u00f3 perspectivas desde su experiencia en la gesti\u00f3n de situaciones complejas y destac\u00f3 la necesidad de una respuesta coordinada, r\u00e1pida y eficaz. <\/p>\n\n<p>La conferencia sirvi\u00f3 como plataforma para el di\u00e1logo y el intercambio de ideas, orientada al desarrollo de habilidades de liderazgo y diplomacia. El evento marca el inicio de un programa que tiene como objetivo apoyar la formaci\u00f3n de una nueva generaci\u00f3n de l\u00edderes preparados para responder a los retos contempor\u00e1neos y contribuir a la evoluci\u00f3n de la sociedad rumana. <\/p>\n","protected":false},"excerpt":{"rendered":"<p>Primera conferencia del programa \u00abLiderazgo y diplomacia para Ruman\u00eda\u00bb El 17 de abril de 2024, en el Aula de la Biblioteca Central Universitaria \u00abCarol I\u00bb de Bucarest, se celebr\u00f3 la conferencia \u00abDe la comunicaci\u00f3n a la diplomacia: formando l\u00edderes\u00bb, que reuni\u00f3 a participantes del \u00e1mbito institucional, acad\u00e9mico y de la sociedad civil, proponiendo un debate&hellip; <a class=\"more-link\" href=\"https:\/\/www.mlnr.ro\/es\/activitati_sociale\/los-lideres-nacen-o-se-hacen\/\">Continue reading <span class=\"screen-reader-text\">\u00bfLos l\u00edderes nacen o se hacen?<\/span><\/a><\/p>\n","protected":false},"featured_media":3257,"template":"","class_list":["post-4050","activitati_sociale","type-activitati_sociale","status-publish","has-post-thumbnail","hentry","entry"],"acf":[],"yoast_head":"<!-- This site is optimized with the Yoast SEO plugin v27.0 - https:\/\/yoast.com\/product\/yoast-seo-wordpress\/ -->\n<title>\u00bfLos l\u00edderes nacen o se hacen? - MLNR<\/title>\n<meta name=\"robots\" content=\"index, follow, max-snippet:-1, max-image-preview:large, max-video-preview:-1\" \/>\n<link rel=\"canonical\" href=\"https:\/\/www.mlnr.ro\/es\/activitati_sociale\/los-lideres-nacen-o-se-hacen\/\" \/>\n<meta property=\"og:locale\" content=\"es_ES\" \/>\n<meta property=\"og:type\" content=\"article\" \/>\n<meta property=\"og:title\" content=\"\u00bfLos l\u00edderes nacen o se hacen? - MLNR\" \/>\n<meta property=\"og:description\" content=\"Primera conferencia del programa \u00abLiderazgo y diplomacia para Ruman\u00eda\u00bb El 17 de abril de 2024, en el Aula de la Biblioteca Central Universitaria \u00abCarol I\u00bb de Bucarest, se celebr\u00f3 la conferencia \u00abDe la comunicaci\u00f3n a la diplomacia: formando l\u00edderes\u00bb, que reuni\u00f3 a participantes del \u00e1mbito institucional, acad\u00e9mico y de la sociedad civil, proponiendo un debate&hellip; Continue reading \u00bfLos l\u00edderes nacen o se hacen?\" \/>\n<meta property=\"og:url\" content=\"https:\/\/www.mlnr.ro\/es\/activitati_sociale\/los-lideres-nacen-o-se-hacen\/\" \/>\n<meta property=\"og:site_name\" content=\"MLNR\" \/>\n<meta property=\"article:modified_time\" content=\"2026-04-24T08:31:06+00:00\" \/>\n<meta property=\"og:image\" content=\"https:\/\/www.mlnr.ro\/wp-content\/uploads\/2026\/01\/WhatsApp-Image-2026-01-23-at-14.57.06.jpeg\" \/>\n\t<meta property=\"og:image:width\" content=\"2048\" \/>\n\t<meta property=\"og:image:height\" content=\"1365\" \/>\n\t<meta property=\"og:image:type\" content=\"image\/jpeg\" \/>\n<meta name=\"twitter:card\" content=\"summary_large_image\" \/>\n<meta name=\"twitter:label1\" content=\"Tiempo de lectura\" \/>\n\t<meta name=\"twitter:data1\" content=\"2 minutes\" \/>\n<script type=\"application\/ld+json\" class=\"yoast-schema-graph\">{\"@context\":\"https:\/\/schema.org\",\"@graph\":[{\"@type\":\"WebPage\",\"@id\":\"https:\/\/www.mlnr.ro\/es\/activitati_sociale\/los-lideres-nacen-o-se-hacen\/\",\"url\":\"https:\/\/www.mlnr.ro\/es\/activitati_sociale\/los-lideres-nacen-o-se-hacen\/\",\"name\":\"\u00bfLos l\u00edderes nacen o se hacen? - MLNR\",\"isPartOf\":{\"@id\":\"https:\/\/www.mlnr.ro\/es\/#website\"},\"primaryImageOfPage\":{\"@id\":\"https:\/\/www.mlnr.ro\/es\/activitati_sociale\/los-lideres-nacen-o-se-hacen\/#primaryimage\"},\"image\":{\"@id\":\"https:\/\/www.mlnr.ro\/es\/activitati_sociale\/los-lideres-nacen-o-se-hacen\/#primaryimage\"},\"thumbnailUrl\":\"https:\/\/www.mlnr.ro\/wp-content\/uploads\/2026\/01\/WhatsApp-Image-2026-01-23-at-14.57.06.jpeg\",\"datePublished\":\"2026-02-27T15:09:17+00:00\",\"dateModified\":\"2026-04-24T08:31:06+00:00\",\"breadcrumb\":{\"@id\":\"https:\/\/www.mlnr.ro\/es\/activitati_sociale\/los-lideres-nacen-o-se-hacen\/#breadcrumb\"},\"inLanguage\":\"es-ES\",\"potentialAction\":[{\"@type\":\"ReadAction\",\"target\":[\"https:\/\/www.mlnr.ro\/es\/activitati_sociale\/los-lideres-nacen-o-se-hacen\/\"]}]},{\"@type\":\"ImageObject\",\"inLanguage\":\"es-ES\",\"@id\":\"https:\/\/www.mlnr.ro\/es\/activitati_sociale\/los-lideres-nacen-o-se-hacen\/#primaryimage\",\"url\":\"https:\/\/www.mlnr.ro\/wp-content\/uploads\/2026\/01\/WhatsApp-Image-2026-01-23-at-14.57.06.jpeg\",\"contentUrl\":\"https:\/\/www.mlnr.ro\/wp-content\/uploads\/2026\/01\/WhatsApp-Image-2026-01-23-at-14.57.06.jpeg\",\"width\":2048,\"height\":1365},{\"@type\":\"BreadcrumbList\",\"@id\":\"https:\/\/www.mlnr.ro\/es\/activitati_sociale\/los-lideres-nacen-o-se-hacen\/#breadcrumb\",\"itemListElement\":[{\"@type\":\"ListItem\",\"position\":1,\"name\":\"Prima pagin\u0103\",\"item\":\"https:\/\/www.mlnr.ro\/es\/acasa\/\"},{\"@type\":\"ListItem\",\"position\":2,\"name\":\"\u00bfLos l\u00edderes nacen o se hacen?\"}]},{\"@type\":\"WebSite\",\"@id\":\"https:\/\/www.mlnr.ro\/es\/#website\",\"url\":\"https:\/\/www.mlnr.ro\/es\/\",\"name\":\"MLNR\",\"description\":\"\",\"publisher\":{\"@id\":\"https:\/\/www.mlnr.ro\/es\/#organization\"},\"potentialAction\":[{\"@type\":\"SearchAction\",\"target\":{\"@type\":\"EntryPoint\",\"urlTemplate\":\"https:\/\/www.mlnr.ro\/es\/?s={search_term_string}\"},\"query-input\":{\"@type\":\"PropertyValueSpecification\",\"valueRequired\":true,\"valueName\":\"search_term_string\"}}],\"inLanguage\":\"es-ES\"},{\"@type\":\"Organization\",\"@id\":\"https:\/\/www.mlnr.ro\/es\/#organization\",\"name\":\"MLNR\",\"url\":\"https:\/\/www.mlnr.ro\/es\/\",\"logo\":{\"@type\":\"ImageObject\",\"inLanguage\":\"es-ES\",\"@id\":\"https:\/\/www.mlnr.ro\/es\/#\/schema\/logo\/image\/\",\"url\":\"https:\/\/www.mlnr.ro\/wp-content\/uploads\/2025\/12\/prj-edited.png\",\"contentUrl\":\"https:\/\/www.mlnr.ro\/wp-content\/uploads\/2025\/12\/prj-edited.png\",\"width\":300,\"height\":188,\"caption\":\"MLNR\"},\"image\":{\"@id\":\"https:\/\/www.mlnr.ro\/es\/#\/schema\/logo\/image\/\"}}]}<\/script>\n<!-- \/ Yoast SEO plugin. -->","yoast_head_json":{"title":"\u00bfLos l\u00edderes nacen o se hacen? - MLNR","robots":{"index":"index","follow":"follow","max-snippet":"max-snippet:-1","max-image-preview":"max-image-preview:large","max-video-preview":"max-video-preview:-1"},"canonical":"https:\/\/www.mlnr.ro\/es\/activitati_sociale\/los-lideres-nacen-o-se-hacen\/","og_locale":"es_ES","og_type":"article","og_title":"\u00bfLos l\u00edderes nacen o se hacen? - MLNR","og_description":"Primera conferencia del programa \u00abLiderazgo y diplomacia para Ruman\u00eda\u00bb El 17 de abril de 2024, en el Aula de la Biblioteca Central Universitaria \u00abCarol I\u00bb de Bucarest, se celebr\u00f3 la conferencia \u00abDe la comunicaci\u00f3n a la diplomacia: formando l\u00edderes\u00bb, que reuni\u00f3 a participantes del \u00e1mbito institucional, acad\u00e9mico y de la sociedad civil, proponiendo un debate&hellip; Continue reading \u00bfLos l\u00edderes nacen o se hacen?","og_url":"https:\/\/www.mlnr.ro\/es\/activitati_sociale\/los-lideres-nacen-o-se-hacen\/","og_site_name":"MLNR","article_modified_time":"2026-04-24T08:31:06+00:00","og_image":[{"width":2048,"height":1365,"url":"https:\/\/www.mlnr.ro\/wp-content\/uploads\/2026\/01\/WhatsApp-Image-2026-01-23-at-14.57.06.jpeg","type":"image\/jpeg"}],"twitter_card":"summary_large_image","twitter_misc":{"Tiempo de lectura":"2 minutes"},"schema":{"@context":"https:\/\/schema.org","@graph":[{"@type":"WebPage","@id":"https:\/\/www.mlnr.ro\/es\/activitati_sociale\/los-lideres-nacen-o-se-hacen\/","url":"https:\/\/www.mlnr.ro\/es\/activitati_sociale\/los-lideres-nacen-o-se-hacen\/","name":"\u00bfLos l\u00edderes nacen o se hacen? - MLNR","isPartOf":{"@id":"https:\/\/www.mlnr.ro\/es\/#website"},"primaryImageOfPage":{"@id":"https:\/\/www.mlnr.ro\/es\/activitati_sociale\/los-lideres-nacen-o-se-hacen\/#primaryimage"},"image":{"@id":"https:\/\/www.mlnr.ro\/es\/activitati_sociale\/los-lideres-nacen-o-se-hacen\/#primaryimage"},"thumbnailUrl":"https:\/\/www.mlnr.ro\/wp-content\/uploads\/2026\/01\/WhatsApp-Image-2026-01-23-at-14.57.06.jpeg","datePublished":"2026-02-27T15:09:17+00:00","dateModified":"2026-04-24T08:31:06+00:00","breadcrumb":{"@id":"https:\/\/www.mlnr.ro\/es\/activitati_sociale\/los-lideres-nacen-o-se-hacen\/#breadcrumb"},"inLanguage":"es-ES","potentialAction":[{"@type":"ReadAction","target":["https:\/\/www.mlnr.ro\/es\/activitati_sociale\/los-lideres-nacen-o-se-hacen\/"]}]},{"@type":"ImageObject","inLanguage":"es-ES","@id":"https:\/\/www.mlnr.ro\/es\/activitati_sociale\/los-lideres-nacen-o-se-hacen\/#primaryimage","url":"https:\/\/www.mlnr.ro\/wp-content\/uploads\/2026\/01\/WhatsApp-Image-2026-01-23-at-14.57.06.jpeg","contentUrl":"https:\/\/www.mlnr.ro\/wp-content\/uploads\/2026\/01\/WhatsApp-Image-2026-01-23-at-14.57.06.jpeg","width":2048,"height":1365},{"@type":"BreadcrumbList","@id":"https:\/\/www.mlnr.ro\/es\/activitati_sociale\/los-lideres-nacen-o-se-hacen\/#breadcrumb","itemListElement":[{"@type":"ListItem","position":1,"name":"Prima pagin\u0103","item":"https:\/\/www.mlnr.ro\/es\/acasa\/"},{"@type":"ListItem","position":2,"name":"\u00bfLos l\u00edderes nacen o se hacen?"}]},{"@type":"WebSite","@id":"https:\/\/www.mlnr.ro\/es\/#website","url":"https:\/\/www.mlnr.ro\/es\/","name":"MLNR","description":"","publisher":{"@id":"https:\/\/www.mlnr.ro\/es\/#organization"},"potentialAction":[{"@type":"SearchAction","target":{"@type":"EntryPoint","urlTemplate":"https:\/\/www.mlnr.ro\/es\/?s={search_term_string}"},"query-input":{"@type":"PropertyValueSpecification","valueRequired":true,"valueName":"search_term_string"}}],"inLanguage":"es-ES"},{"@type":"Organization","@id":"https:\/\/www.mlnr.ro\/es\/#organization","name":"MLNR","url":"https:\/\/www.mlnr.ro\/es\/","logo":{"@type":"ImageObject","inLanguage":"es-ES","@id":"https:\/\/www.mlnr.ro\/es\/#\/schema\/logo\/image\/","url":"https:\/\/www.mlnr.ro\/wp-content\/uploads\/2025\/12\/prj-edited.png","contentUrl":"https:\/\/www.mlnr.ro\/wp-content\/uploads\/2025\/12\/prj-edited.png","width":300,"height":188,"caption":"MLNR"},"image":{"@id":"https:\/\/www.mlnr.ro\/es\/#\/schema\/logo\/image\/"}}]}},"_links":{"self":[{"href":"https:\/\/www.mlnr.ro\/es\/wp-json\/wp\/v2\/activitati_sociale\/4050","targetHints":{"allow":["GET"]}}],"collection":[{"href":"https:\/\/www.mlnr.ro\/es\/wp-json\/wp\/v2\/activitati_sociale"}],"about":[{"href":"https:\/\/www.mlnr.ro\/es\/wp-json\/wp\/v2\/types\/activitati_sociale"}],"version-history":[{"count":3,"href":"https:\/\/www.mlnr.ro\/es\/wp-json\/wp\/v2\/activitati_sociale\/4050\/revisions"}],"predecessor-version":[{"id":5273,"href":"https:\/\/www.mlnr.ro\/es\/wp-json\/wp\/v2\/activitati_sociale\/4050\/revisions\/5273"}],"wp:featuredmedia":[{"embeddable":true,"href":"https:\/\/www.mlnr.ro\/es\/wp-json\/wp\/v2\/media\/3257"}],"wp:attachment":[{"href":"https:\/\/www.mlnr.ro\/es\/wp-json\/wp\/v2\/media?parent=4050"}],"curies":[{"name":"wp","href":"https:\/\/api.w.org\/{rel}","templated":true}]}}