{"id":4058,"date":"2026-02-27T17:13:56","date_gmt":"2026-02-27T15:13:56","guid":{"rendered":"https:\/\/www.mlnr.ro\/activitati_sociale\/hasta-donde-puede-llegar-la-voz-de-la-cultura-cuando-se-escucha-con-el-corazon\/"},"modified":"2026-02-27T17:13:56","modified_gmt":"2026-02-27T15:13:56","slug":"hasta-donde-puede-llegar-la-voz-de-la-cultura-cuando-se-escucha-con-el-corazon","status":"publish","type":"activitati_sociale","link":"https:\/\/www.mlnr.ro\/es\/activitati_sociale\/hasta-donde-puede-llegar-la-voz-de-la-cultura-cuando-se-escucha-con-el-corazon\/","title":{"rendered":"\u00bfHasta d\u00f3nde puede llegar la voz de la cultura cuando se escucha con el coraz\u00f3n?"},"content":{"rendered":"\n<p>En el contexto del \u00abA\u00f1o Mihai Eminescu\u00bb, declarado por la Gran Logia Nacional de Ruman\u00eda en 2025, con motivo del 175 aniversario del nacimiento del poeta, el proyecto \u00abMuseo por un d\u00eda \u2013 Mihai Eminescu\u00bb propuso una iniciativa cultural accesible y rigurosa, dedicada a la recuperaci\u00f3n viva de la memoria de Eminescu.<\/p>\n\n<p>El evento inaugural, celebrado en Bucarest el 31 de mayo de 2025, marc\u00f3 el lanzamiento del volumen de poemas \u00abLumin\u0103 de lun\u0103\u00bb (Luz de luna), editado por Alin Com\u0219a, bajo los auspicios de la Editorial de la Gran Logia Nacional de Ruman\u00eda.<\/p>\n\n<p>La exposici\u00f3n reuni\u00f3 literatura, arte y documentos hist\u00f3ricos en un homenaje a una de las expresiones m\u00e1s profundas del esp\u00edritu rumano. Se presentaron documentos, libros raros y fotograf\u00edas relevantes para la vida y obra de Mihai Eminescu, ofreciendo al p\u00fablico una perspectiva contextualizada y aut\u00e9ntica de su creaci\u00f3n. <\/p>\n\n<p>Al mismo tiempo, la conferencia \u00abEminescu \u2013 El hombre\u00bb, celebrada en el marco de cada evento \u00abMuseo por un d\u00eda\u00bb, complet\u00f3 la exposici\u00f3n con un enfoque que humaniz\u00f3 el retrato del poeta nacional, poniendo de relieve su dimensi\u00f3n personal y existencial.<\/p>\n\n<p>El proyecto \u00abMuseo por un d\u00eda \u2013 Eminescu\u00bb se extendi\u00f3 posteriormente a Timi\u0219oara, Chi\u0219in\u0103u, Ia\u0219i, Arad, Boto\u0219ani, Giurgiu y Bra\u0219ov, lo que confirma el inter\u00e9s constante por redescubrir la obra y la figura de Mihai Eminescu.<\/p>\n<div class=\"my-pswp-v4-gallery gallery-columns-2\"><div class=\"grid-sizer\"><\/div><figure class=\"my-pswp-v4-item grid-item\"><a href=\"https:\/\/www.mlnr.ro\/wp-content\/uploads\/2026\/01\/cultura-1.png\" data-size=\"2048x1365\" data-title=\"cultura (1)\"><div class=\"background-image\" style=\"background-image: url(https:\/\/www.mlnr.ro\/wp-content\/uploads\/2026\/01\/cultura-1-300x200.png); background-size: cover; background-position: center; padding-top: 75%;\"><\/div><\/a><\/figure><figure class=\"my-pswp-v4-item grid-item\"><a href=\"https:\/\/www.mlnr.ro\/wp-content\/uploads\/2025\/01\/cultura3-1024x683-1.png\" data-size=\"1024x683\" data-title=\"cultura3-1024&#215;683\"><div class=\"background-image\" style=\"background-image: url(https:\/\/www.mlnr.ro\/wp-content\/uploads\/2025\/01\/cultura3-1024x683-1-300x200.png); background-size: cover; background-position: center; padding-top: 75%;\"><\/div><\/a><\/figure><figure class=\"my-pswp-v4-item grid-item\"><a href=\"https:\/\/www.mlnr.ro\/wp-content\/uploads\/2025\/01\/cultura4-683x1024-1.png\" data-size=\"683x1024\" data-title=\"cultura4-683&#215;1024\"><div class=\"background-image\" style=\"background-image: url(https:\/\/www.mlnr.ro\/wp-content\/uploads\/2025\/01\/cultura4-683x1024-1-200x300.png); background-size: cover; background-position: center; padding-top: 75%;\"><\/div><\/a><\/figure><figure class=\"my-pswp-v4-item grid-item\"><a href=\"https:\/\/www.mlnr.ro\/wp-content\/uploads\/2025\/01\/cultura2-1024x683-1.png\" data-size=\"1024x683\" data-title=\"cultura2-1024&#215;683\"><div class=\"background-image\" style=\"background-image: url(https:\/\/www.mlnr.ro\/wp-content\/uploads\/2025\/01\/cultura2-1024x683-1-300x200.png); background-size: cover; background-position: center; padding-top: 75%;\"><\/div><\/a><\/figure><\/div>","protected":false},"excerpt":{"rendered":"<p>En el contexto del \u00abA\u00f1o Mihai Eminescu\u00bb, declarado por la Gran Logia Nacional de Ruman\u00eda en 2025, con motivo del 175 aniversario del nacimiento del poeta, el proyecto \u00abMuseo por un d\u00eda \u2013 Mihai Eminescu\u00bb propuso una iniciativa cultural accesible y rigurosa, dedicada a la recuperaci\u00f3n viva de la memoria de Eminescu. El evento inaugural,&hellip; <a class=\"more-link\" href=\"https:\/\/www.mlnr.ro\/es\/activitati_sociale\/hasta-donde-puede-llegar-la-voz-de-la-cultura-cuando-se-escucha-con-el-corazon\/\">Continue reading <span class=\"screen-reader-text\">\u00bfHasta d\u00f3nde puede llegar la voz de la cultura cuando se escucha con el coraz\u00f3n?<\/span><\/a><\/p>\n","protected":false},"featured_media":1412,"template":"","class_list":["post-4058","activitati_sociale","type-activitati_sociale","status-publish","has-post-thumbnail","hentry","entry"],"acf":[],"yoast_head":"<!-- This site is optimized with the Yoast SEO plugin v27.0 - https:\/\/yoast.com\/product\/yoast-seo-wordpress\/ -->\n<title>\u00bfHasta d\u00f3nde puede llegar la voz de la cultura cuando se escucha con el coraz\u00f3n? - MLNR<\/title>\n<meta name=\"robots\" content=\"index, follow, max-snippet:-1, max-image-preview:large, max-video-preview:-1\" \/>\n<link rel=\"canonical\" href=\"https:\/\/www.mlnr.ro\/es\/activitati_sociale\/hasta-donde-puede-llegar-la-voz-de-la-cultura-cuando-se-escucha-con-el-corazon\/\" \/>\n<meta property=\"og:locale\" content=\"es_ES\" \/>\n<meta property=\"og:type\" content=\"article\" \/>\n<meta property=\"og:title\" content=\"\u00bfHasta d\u00f3nde puede llegar la voz de la cultura cuando se escucha con el coraz\u00f3n? - MLNR\" \/>\n<meta property=\"og:description\" content=\"En el contexto del \u00abA\u00f1o Mihai Eminescu\u00bb, declarado por la Gran Logia Nacional de Ruman\u00eda en 2025, con motivo del 175 aniversario del nacimiento del poeta, el proyecto \u00abMuseo por un d\u00eda \u2013 Mihai Eminescu\u00bb propuso una iniciativa cultural accesible y rigurosa, dedicada a la recuperaci\u00f3n viva de la memoria de Eminescu. El evento inaugural,&hellip; Continue reading \u00bfHasta d\u00f3nde puede llegar la voz de la cultura cuando se escucha con el coraz\u00f3n?\" \/>\n<meta property=\"og:url\" content=\"https:\/\/www.mlnr.ro\/es\/activitati_sociale\/hasta-donde-puede-llegar-la-voz-de-la-cultura-cuando-se-escucha-con-el-corazon\/\" \/>\n<meta property=\"og:site_name\" content=\"MLNR\" \/>\n<meta property=\"og:image\" content=\"https:\/\/www.mlnr.ro\/wp-content\/uploads\/2026\/01\/cultura-1-1024x683.png\" \/>\n\t<meta property=\"og:image:width\" content=\"1024\" \/>\n\t<meta property=\"og:image:height\" content=\"683\" \/>\n\t<meta property=\"og:image:type\" content=\"image\/png\" \/>\n<meta name=\"twitter:card\" content=\"summary_large_image\" \/>\n<meta name=\"twitter:label1\" content=\"Tiempo de lectura\" \/>\n\t<meta name=\"twitter:data1\" content=\"1 minute\" \/>\n<script type=\"application\/ld+json\" class=\"yoast-schema-graph\">{\"@context\":\"https:\/\/schema.org\",\"@graph\":[{\"@type\":\"WebPage\",\"@id\":\"https:\/\/www.mlnr.ro\/es\/activitati_sociale\/hasta-donde-puede-llegar-la-voz-de-la-cultura-cuando-se-escucha-con-el-corazon\/\",\"url\":\"https:\/\/www.mlnr.ro\/es\/activitati_sociale\/hasta-donde-puede-llegar-la-voz-de-la-cultura-cuando-se-escucha-con-el-corazon\/\",\"name\":\"\u00bfHasta d\u00f3nde puede llegar la voz de la cultura cuando se escucha con el coraz\u00f3n? - MLNR\",\"isPartOf\":{\"@id\":\"https:\/\/www.mlnr.ro\/es\/#website\"},\"primaryImageOfPage\":{\"@id\":\"https:\/\/www.mlnr.ro\/es\/activitati_sociale\/hasta-donde-puede-llegar-la-voz-de-la-cultura-cuando-se-escucha-con-el-corazon\/#primaryimage\"},\"image\":{\"@id\":\"https:\/\/www.mlnr.ro\/es\/activitati_sociale\/hasta-donde-puede-llegar-la-voz-de-la-cultura-cuando-se-escucha-con-el-corazon\/#primaryimage\"},\"thumbnailUrl\":\"https:\/\/www.mlnr.ro\/wp-content\/uploads\/2026\/01\/cultura-1.png\",\"datePublished\":\"2026-02-27T15:13:56+00:00\",\"breadcrumb\":{\"@id\":\"https:\/\/www.mlnr.ro\/es\/activitati_sociale\/hasta-donde-puede-llegar-la-voz-de-la-cultura-cuando-se-escucha-con-el-corazon\/#breadcrumb\"},\"inLanguage\":\"es-ES\",\"potentialAction\":[{\"@type\":\"ReadAction\",\"target\":[\"https:\/\/www.mlnr.ro\/es\/activitati_sociale\/hasta-donde-puede-llegar-la-voz-de-la-cultura-cuando-se-escucha-con-el-corazon\/\"]}]},{\"@type\":\"ImageObject\",\"inLanguage\":\"es-ES\",\"@id\":\"https:\/\/www.mlnr.ro\/es\/activitati_sociale\/hasta-donde-puede-llegar-la-voz-de-la-cultura-cuando-se-escucha-con-el-corazon\/#primaryimage\",\"url\":\"https:\/\/www.mlnr.ro\/wp-content\/uploads\/2026\/01\/cultura-1.png\",\"contentUrl\":\"https:\/\/www.mlnr.ro\/wp-content\/uploads\/2026\/01\/cultura-1.png\",\"width\":2048,\"height\":1365},{\"@type\":\"BreadcrumbList\",\"@id\":\"https:\/\/www.mlnr.ro\/es\/activitati_sociale\/hasta-donde-puede-llegar-la-voz-de-la-cultura-cuando-se-escucha-con-el-corazon\/#breadcrumb\",\"itemListElement\":[{\"@type\":\"ListItem\",\"position\":1,\"name\":\"Prima pagin\u0103\",\"item\":\"https:\/\/www.mlnr.ro\/es\/acasa\/\"},{\"@type\":\"ListItem\",\"position\":2,\"name\":\"\u00bfHasta d\u00f3nde puede llegar la voz de la cultura cuando se escucha con el coraz\u00f3n?\"}]},{\"@type\":\"WebSite\",\"@id\":\"https:\/\/www.mlnr.ro\/es\/#website\",\"url\":\"https:\/\/www.mlnr.ro\/es\/\",\"name\":\"MLNR\",\"description\":\"\",\"publisher\":{\"@id\":\"https:\/\/www.mlnr.ro\/es\/#organization\"},\"potentialAction\":[{\"@type\":\"SearchAction\",\"target\":{\"@type\":\"EntryPoint\",\"urlTemplate\":\"https:\/\/www.mlnr.ro\/es\/?s={search_term_string}\"},\"query-input\":{\"@type\":\"PropertyValueSpecification\",\"valueRequired\":true,\"valueName\":\"search_term_string\"}}],\"inLanguage\":\"es-ES\"},{\"@type\":\"Organization\",\"@id\":\"https:\/\/www.mlnr.ro\/es\/#organization\",\"name\":\"MLNR\",\"url\":\"https:\/\/www.mlnr.ro\/es\/\",\"logo\":{\"@type\":\"ImageObject\",\"inLanguage\":\"es-ES\",\"@id\":\"https:\/\/www.mlnr.ro\/es\/#\/schema\/logo\/image\/\",\"url\":\"https:\/\/www.mlnr.ro\/wp-content\/uploads\/2025\/12\/prj-edited.png\",\"contentUrl\":\"https:\/\/www.mlnr.ro\/wp-content\/uploads\/2025\/12\/prj-edited.png\",\"width\":300,\"height\":188,\"caption\":\"MLNR\"},\"image\":{\"@id\":\"https:\/\/www.mlnr.ro\/es\/#\/schema\/logo\/image\/\"}}]}<\/script>\n<!-- \/ Yoast SEO plugin. -->","yoast_head_json":{"title":"\u00bfHasta d\u00f3nde puede llegar la voz de la cultura cuando se escucha con el coraz\u00f3n? - MLNR","robots":{"index":"index","follow":"follow","max-snippet":"max-snippet:-1","max-image-preview":"max-image-preview:large","max-video-preview":"max-video-preview:-1"},"canonical":"https:\/\/www.mlnr.ro\/es\/activitati_sociale\/hasta-donde-puede-llegar-la-voz-de-la-cultura-cuando-se-escucha-con-el-corazon\/","og_locale":"es_ES","og_type":"article","og_title":"\u00bfHasta d\u00f3nde puede llegar la voz de la cultura cuando se escucha con el coraz\u00f3n? - MLNR","og_description":"En el contexto del \u00abA\u00f1o Mihai Eminescu\u00bb, declarado por la Gran Logia Nacional de Ruman\u00eda en 2025, con motivo del 175 aniversario del nacimiento del poeta, el proyecto \u00abMuseo por un d\u00eda \u2013 Mihai Eminescu\u00bb propuso una iniciativa cultural accesible y rigurosa, dedicada a la recuperaci\u00f3n viva de la memoria de Eminescu. El evento inaugural,&hellip; Continue reading \u00bfHasta d\u00f3nde puede llegar la voz de la cultura cuando se escucha con el coraz\u00f3n?","og_url":"https:\/\/www.mlnr.ro\/es\/activitati_sociale\/hasta-donde-puede-llegar-la-voz-de-la-cultura-cuando-se-escucha-con-el-corazon\/","og_site_name":"MLNR","og_image":[{"width":1024,"height":683,"url":"https:\/\/www.mlnr.ro\/wp-content\/uploads\/2026\/01\/cultura-1-1024x683.png","type":"image\/png"}],"twitter_card":"summary_large_image","twitter_misc":{"Tiempo de lectura":"1 minute"},"schema":{"@context":"https:\/\/schema.org","@graph":[{"@type":"WebPage","@id":"https:\/\/www.mlnr.ro\/es\/activitati_sociale\/hasta-donde-puede-llegar-la-voz-de-la-cultura-cuando-se-escucha-con-el-corazon\/","url":"https:\/\/www.mlnr.ro\/es\/activitati_sociale\/hasta-donde-puede-llegar-la-voz-de-la-cultura-cuando-se-escucha-con-el-corazon\/","name":"\u00bfHasta d\u00f3nde puede llegar la voz de la cultura cuando se escucha con el coraz\u00f3n? - MLNR","isPartOf":{"@id":"https:\/\/www.mlnr.ro\/es\/#website"},"primaryImageOfPage":{"@id":"https:\/\/www.mlnr.ro\/es\/activitati_sociale\/hasta-donde-puede-llegar-la-voz-de-la-cultura-cuando-se-escucha-con-el-corazon\/#primaryimage"},"image":{"@id":"https:\/\/www.mlnr.ro\/es\/activitati_sociale\/hasta-donde-puede-llegar-la-voz-de-la-cultura-cuando-se-escucha-con-el-corazon\/#primaryimage"},"thumbnailUrl":"https:\/\/www.mlnr.ro\/wp-content\/uploads\/2026\/01\/cultura-1.png","datePublished":"2026-02-27T15:13:56+00:00","breadcrumb":{"@id":"https:\/\/www.mlnr.ro\/es\/activitati_sociale\/hasta-donde-puede-llegar-la-voz-de-la-cultura-cuando-se-escucha-con-el-corazon\/#breadcrumb"},"inLanguage":"es-ES","potentialAction":[{"@type":"ReadAction","target":["https:\/\/www.mlnr.ro\/es\/activitati_sociale\/hasta-donde-puede-llegar-la-voz-de-la-cultura-cuando-se-escucha-con-el-corazon\/"]}]},{"@type":"ImageObject","inLanguage":"es-ES","@id":"https:\/\/www.mlnr.ro\/es\/activitati_sociale\/hasta-donde-puede-llegar-la-voz-de-la-cultura-cuando-se-escucha-con-el-corazon\/#primaryimage","url":"https:\/\/www.mlnr.ro\/wp-content\/uploads\/2026\/01\/cultura-1.png","contentUrl":"https:\/\/www.mlnr.ro\/wp-content\/uploads\/2026\/01\/cultura-1.png","width":2048,"height":1365},{"@type":"BreadcrumbList","@id":"https:\/\/www.mlnr.ro\/es\/activitati_sociale\/hasta-donde-puede-llegar-la-voz-de-la-cultura-cuando-se-escucha-con-el-corazon\/#breadcrumb","itemListElement":[{"@type":"ListItem","position":1,"name":"Prima pagin\u0103","item":"https:\/\/www.mlnr.ro\/es\/acasa\/"},{"@type":"ListItem","position":2,"name":"\u00bfHasta d\u00f3nde puede llegar la voz de la cultura cuando se escucha con el coraz\u00f3n?"}]},{"@type":"WebSite","@id":"https:\/\/www.mlnr.ro\/es\/#website","url":"https:\/\/www.mlnr.ro\/es\/","name":"MLNR","description":"","publisher":{"@id":"https:\/\/www.mlnr.ro\/es\/#organization"},"potentialAction":[{"@type":"SearchAction","target":{"@type":"EntryPoint","urlTemplate":"https:\/\/www.mlnr.ro\/es\/?s={search_term_string}"},"query-input":{"@type":"PropertyValueSpecification","valueRequired":true,"valueName":"search_term_string"}}],"inLanguage":"es-ES"},{"@type":"Organization","@id":"https:\/\/www.mlnr.ro\/es\/#organization","name":"MLNR","url":"https:\/\/www.mlnr.ro\/es\/","logo":{"@type":"ImageObject","inLanguage":"es-ES","@id":"https:\/\/www.mlnr.ro\/es\/#\/schema\/logo\/image\/","url":"https:\/\/www.mlnr.ro\/wp-content\/uploads\/2025\/12\/prj-edited.png","contentUrl":"https:\/\/www.mlnr.ro\/wp-content\/uploads\/2025\/12\/prj-edited.png","width":300,"height":188,"caption":"MLNR"},"image":{"@id":"https:\/\/www.mlnr.ro\/es\/#\/schema\/logo\/image\/"}}]}},"_links":{"self":[{"href":"https:\/\/www.mlnr.ro\/es\/wp-json\/wp\/v2\/activitati_sociale\/4058","targetHints":{"allow":["GET"]}}],"collection":[{"href":"https:\/\/www.mlnr.ro\/es\/wp-json\/wp\/v2\/activitati_sociale"}],"about":[{"href":"https:\/\/www.mlnr.ro\/es\/wp-json\/wp\/v2\/types\/activitati_sociale"}],"version-history":[{"count":1,"href":"https:\/\/www.mlnr.ro\/es\/wp-json\/wp\/v2\/activitati_sociale\/4058\/revisions"}],"predecessor-version":[{"id":4059,"href":"https:\/\/www.mlnr.ro\/es\/wp-json\/wp\/v2\/activitati_sociale\/4058\/revisions\/4059"}],"wp:featuredmedia":[{"embeddable":true,"href":"https:\/\/www.mlnr.ro\/es\/wp-json\/wp\/v2\/media\/1412"}],"wp:attachment":[{"href":"https:\/\/www.mlnr.ro\/es\/wp-json\/wp\/v2\/media?parent=4058"}],"curies":[{"name":"wp","href":"https:\/\/api.w.org\/{rel}","templated":true}]}}