{"id":4796,"date":"2026-03-14T20:00:26","date_gmt":"2026-03-14T18:00:26","guid":{"rendered":"https:\/\/www.mlnr.ro\/activitati_sociale\/nadia-comaneci-homenajeada-por-la-gran-logia-nacional-de-rumania-50-anos-desde-su-primer-10\/"},"modified":"2026-03-16T17:14:05","modified_gmt":"2026-03-16T15:14:05","slug":"nadia-comaneci-homenajeada-por-la-gran-logia-nacional-de-rumania-50-anos-desde-su-primer-10","status":"publish","type":"activitati_sociale","link":"https:\/\/www.mlnr.ro\/es\/activitati_sociale\/nadia-comaneci-homenajeada-por-la-gran-logia-nacional-de-rumania-50-anos-desde-su-primer-10\/","title":{"rendered":"Nadia Com\u0103neci, homenajeada por la Gran Logia Nacional de Ruman\u00eda: 50 a\u00f1os desde su primer 10"},"content":{"rendered":"\n<figure class=\"wp-block-video\"><video controls=\"\" src=\"https:\/\/www.mlnr.ro\/wp-content\/uploads\/2026\/03\/Video1.mp4\"><\/video><\/figure>\n\n<p>La noche del 12 de marzo de 2026, el Museo Nacional de Arte de Ruman\u00eda acogi\u00f3 un acto dedicado a la excelencia, organizado por la Gran Logia Nacional de Ruman\u00eda.<\/p>\n\n<p>El evento tuvo un significado especial: la Gran Logia Nacional de Ruman\u00eda declar\u00f3 el a\u00f1o 2026 \u00abA\u00f1o de Nadia Com\u0103neci\u00bb, conmemorando el 50.\u00ba aniversario del primer 10 de la historia de la gimnasia mundial, una haza\u00f1a que cambi\u00f3 para siempre la historia del deporte y dio a conocer el nombre de Ruman\u00eda en todo el mundo.<\/p>\n\n<p>La invitada especial de la velada fue Nadia Com\u0103neci, s\u00edmbolo de la perfecci\u00f3n y una de las personalidades m\u00e1s admiradas de Ruman\u00eda.<\/p>\n\n<p>En reconocimiento a su extraordinaria contribuci\u00f3n al prestigio de Ruman\u00eda en el mundo, el Gran Maestro de la Gran Logia Nacional de Ruman\u00eda, C\u0103t\u0103lin Toh\u0103neanu, le ha concedido la Orden Mas\u00f3nica en el grado de Comendador con Lores.<\/p>\n\n<p>Durante el evento se proyect\u00f3 tambi\u00e9n un v\u00eddeo conmemorativo dedicado a Nadia Com\u0103neci, realizado por Dan Andronic, que volvi\u00f3 a traer a la memoria del p\u00fablico los momentos m\u00e1s destacados de una carrera que ha inspirado a generaciones enteras.<\/p>\n\n<p>La velada se complet\u00f3 con momentos musicales excepcionales.<\/p>\n\n<p>El joven David Dumitrescu, de tan solo 12 a\u00f1os, ofreci\u00f3 un recital de piano que impresion\u00f3 al p\u00fablico por su sensibilidad y madurez art\u00edstica.<\/p>\n\n<p>Por su parte, el violinista R\u0103zvan Stoica, tocando un viol\u00edn Stradivarius \u00abex Ernst\u00bb de 1729, acompa\u00f1ado por su hermana Andreea Stoica al piano, interpret\u00f3 en el escenario una de las obras m\u00e1s conmovedoras del patrimonio musical rumano: la Balada de Ciprian Porumbescu.<\/p>\n\n<p>El evento fue presentado por Dan Andronic y Alina Alexoi, y la velada concluy\u00f3 en un ambiente acogedor, con sesiones de aut\u00f3grafos y fotos junto a Nadia Com\u0103neci.<\/p>\n\n<p>En esta ocasi\u00f3n, los invitados recibieron m\u00e1s de 200 ejemplares de \u00abEvenimentul Istoric\u00bb, que recogen la historia desconocida de Nadia, firmados por ella misma, y la Editorial de la Gran Logia Nacional de Ruman\u00eda, en colaboraci\u00f3n con Romfilatelia y Correos de Ruman\u00eda, ha elaborado una postal conmemorativa en edici\u00f3n limitada de 500 ejemplares, que se obsequi\u00f3 a los participantes.<\/p>\n\n<p>Un evento que ha reunido el respeto por el rendimiento, la cultura y el agradecimiento hacia un nombre que sigue inspirando a generaciones enteras: Nadia Com\u0103neci.<\/p>\n<div class=\"my-pswp-v4-gallery gallery-columns-3\"><div class=\"grid-sizer\"><\/div><figure class=\"my-pswp-v4-item grid-item\"><a href=\"https:\/\/www.mlnr.ro\/wp-content\/uploads\/2026\/03\/image1.jpeg\" data-size=\"1280x853\" data-title=\"image1\"><div class=\"background-image\" style=\"background-image: url(https:\/\/www.mlnr.ro\/wp-content\/uploads\/2026\/03\/image1-300x200.jpeg); background-size: cover; background-position: center; padding-top: 75%;\"><\/div><\/a><\/figure><figure class=\"my-pswp-v4-item grid-item\"><a href=\"https:\/\/www.mlnr.ro\/wp-content\/uploads\/2026\/03\/image2.jpeg\" data-size=\"1280x853\" data-title=\"image2\"><div class=\"background-image\" style=\"background-image: url(https:\/\/www.mlnr.ro\/wp-content\/uploads\/2026\/03\/image2-300x200.jpeg); background-size: cover; background-position: center; padding-top: 75%;\"><\/div><\/a><\/figure><figure class=\"my-pswp-v4-item grid-item\"><a href=\"https:\/\/www.mlnr.ro\/wp-content\/uploads\/2026\/03\/image3.jpeg\" data-size=\"1280x853\" data-title=\"image3\"><div class=\"background-image\" style=\"background-image: url(https:\/\/www.mlnr.ro\/wp-content\/uploads\/2026\/03\/image3-300x200.jpeg); background-size: cover; background-position: center; padding-top: 75%;\"><\/div><\/a><\/figure><figure class=\"my-pswp-v4-item grid-item\"><a href=\"https:\/\/www.mlnr.ro\/wp-content\/uploads\/2026\/03\/image4.jpeg\" data-size=\"1280x853\" data-title=\"image4\"><div class=\"background-image\" style=\"background-image: url(https:\/\/www.mlnr.ro\/wp-content\/uploads\/2026\/03\/image4-300x200.jpeg); background-size: cover; background-position: center; padding-top: 75%;\"><\/div><\/a><\/figure><figure class=\"my-pswp-v4-item grid-item\"><a href=\"https:\/\/www.mlnr.ro\/wp-content\/uploads\/2026\/03\/image5.jpeg\" data-size=\"1280x853\" data-title=\"image5\"><div class=\"background-image\" style=\"background-image: url(https:\/\/www.mlnr.ro\/wp-content\/uploads\/2026\/03\/image5-300x200.jpeg); background-size: cover; background-position: center; padding-top: 75%;\"><\/div><\/a><\/figure><figure class=\"my-pswp-v4-item grid-item\"><a href=\"https:\/\/www.mlnr.ro\/wp-content\/uploads\/2026\/03\/image6.jpeg\" data-size=\"1280x853\" data-title=\"image6\"><div class=\"background-image\" style=\"background-image: url(https:\/\/www.mlnr.ro\/wp-content\/uploads\/2026\/03\/image6-300x200.jpeg); background-size: cover; background-position: center; padding-top: 75%;\"><\/div><\/a><\/figure><figure class=\"my-pswp-v4-item grid-item\"><a href=\"https:\/\/www.mlnr.ro\/wp-content\/uploads\/2026\/03\/image7-scaled.jpeg\" data-size=\"1920x2560\" data-title=\"image7\"><div class=\"background-image\" style=\"background-image: url(https:\/\/www.mlnr.ro\/wp-content\/uploads\/2026\/03\/image7-225x300.jpeg); background-size: cover; background-position: center; padding-top: 75%;\"><\/div><\/a><\/figure><figure class=\"my-pswp-v4-item grid-item\"><a href=\"https:\/\/www.mlnr.ro\/wp-content\/uploads\/2026\/03\/image8-scaled.jpeg\" data-size=\"1920x2560\" data-title=\"image8\"><div class=\"background-image\" style=\"background-image: url(https:\/\/www.mlnr.ro\/wp-content\/uploads\/2026\/03\/image8-225x300.jpeg); background-size: cover; background-position: center; padding-top: 75%;\"><\/div><\/a><\/figure><\/div>","protected":false},"excerpt":{"rendered":"<p>La noche del 12 de marzo de 2026, el Museo Nacional de Arte de Ruman\u00eda acogi\u00f3 un acto dedicado a la excelencia, organizado por la Gran Logia Nacional de Ruman\u00eda. El evento tuvo un significado especial: la Gran Logia Nacional de Ruman\u00eda declar\u00f3 el a\u00f1o 2026 \u00abA\u00f1o de Nadia Com\u0103neci\u00bb, conmemorando el 50.\u00ba aniversario del&hellip; <a class=\"more-link\" href=\"https:\/\/www.mlnr.ro\/es\/activitati_sociale\/nadia-comaneci-homenajeada-por-la-gran-logia-nacional-de-rumania-50-anos-desde-su-primer-10\/\">Continue reading <span class=\"screen-reader-text\">Nadia Com\u0103neci, homenajeada por la Gran Logia Nacional de Ruman\u00eda: 50 a\u00f1os desde su primer 10<\/span><\/a><\/p>\n","protected":false},"featured_media":4822,"template":"","class_list":["post-4796","activitati_sociale","type-activitati_sociale","status-publish","has-post-thumbnail","hentry","entry"],"acf":[],"yoast_head":"<!-- This site is optimized with the Yoast SEO plugin v27.0 - https:\/\/yoast.com\/product\/yoast-seo-wordpress\/ -->\n<title>Nadia Com\u0103neci, homenajeada por la Gran Logia Nacional de Ruman\u00eda: 50 a\u00f1os desde su primer 10 - MLNR<\/title>\n<meta name=\"robots\" content=\"index, follow, max-snippet:-1, max-image-preview:large, max-video-preview:-1\" \/>\n<link rel=\"canonical\" href=\"https:\/\/www.mlnr.ro\/es\/activitati_sociale\/nadia-comaneci-homenajeada-por-la-gran-logia-nacional-de-rumania-50-anos-desde-su-primer-10\/\" \/>\n<meta property=\"og:locale\" content=\"es_ES\" \/>\n<meta property=\"og:type\" content=\"article\" \/>\n<meta property=\"og:title\" content=\"Nadia Com\u0103neci, homenajeada por la Gran Logia Nacional de Ruman\u00eda: 50 a\u00f1os desde su primer 10 - MLNR\" \/>\n<meta property=\"og:description\" content=\"La noche del 12 de marzo de 2026, el Museo Nacional de Arte de Ruman\u00eda acogi\u00f3 un acto dedicado a la excelencia, organizado por la Gran Logia Nacional de Ruman\u00eda. El evento tuvo un significado especial: la Gran Logia Nacional de Ruman\u00eda declar\u00f3 el a\u00f1o 2026 \u00abA\u00f1o de Nadia Com\u0103neci\u00bb, conmemorando el 50.\u00ba aniversario del&hellip; Continue reading Nadia Com\u0103neci, homenajeada por la Gran Logia Nacional de Ruman\u00eda: 50 a\u00f1os desde su primer 10\" \/>\n<meta property=\"og:url\" content=\"https:\/\/www.mlnr.ro\/es\/activitati_sociale\/nadia-comaneci-homenajeada-por-la-gran-logia-nacional-de-rumania-50-anos-desde-su-primer-10\/\" \/>\n<meta property=\"og:site_name\" content=\"MLNR\" \/>\n<meta property=\"article:modified_time\" content=\"2026-03-16T15:14:05+00:00\" \/>\n<meta property=\"og:image\" content=\"https:\/\/www.mlnr.ro\/wp-content\/uploads\/2026\/03\/image1.jpeg\" \/>\n\t<meta property=\"og:image:width\" content=\"1280\" \/>\n\t<meta property=\"og:image:height\" content=\"853\" \/>\n\t<meta property=\"og:image:type\" content=\"image\/jpeg\" \/>\n<meta name=\"twitter:card\" content=\"summary_large_image\" \/>\n<meta name=\"twitter:label1\" content=\"Tiempo de lectura\" \/>\n\t<meta name=\"twitter:data1\" content=\"2 minutes\" \/>\n<script type=\"application\/ld+json\" class=\"yoast-schema-graph\">{\"@context\":\"https:\/\/schema.org\",\"@graph\":[{\"@type\":\"WebPage\",\"@id\":\"https:\/\/www.mlnr.ro\/es\/activitati_sociale\/nadia-comaneci-homenajeada-por-la-gran-logia-nacional-de-rumania-50-anos-desde-su-primer-10\/\",\"url\":\"https:\/\/www.mlnr.ro\/es\/activitati_sociale\/nadia-comaneci-homenajeada-por-la-gran-logia-nacional-de-rumania-50-anos-desde-su-primer-10\/\",\"name\":\"Nadia Com\u0103neci, homenajeada por la Gran Logia Nacional de Ruman\u00eda: 50 a\u00f1os desde su primer 10 - MLNR\",\"isPartOf\":{\"@id\":\"https:\/\/www.mlnr.ro\/es\/#website\"},\"primaryImageOfPage\":{\"@id\":\"https:\/\/www.mlnr.ro\/es\/activitati_sociale\/nadia-comaneci-homenajeada-por-la-gran-logia-nacional-de-rumania-50-anos-desde-su-primer-10\/#primaryimage\"},\"image\":{\"@id\":\"https:\/\/www.mlnr.ro\/es\/activitati_sociale\/nadia-comaneci-homenajeada-por-la-gran-logia-nacional-de-rumania-50-anos-desde-su-primer-10\/#primaryimage\"},\"thumbnailUrl\":\"https:\/\/www.mlnr.ro\/wp-content\/uploads\/2026\/03\/image1.jpeg\",\"datePublished\":\"2026-03-14T18:00:26+00:00\",\"dateModified\":\"2026-03-16T15:14:05+00:00\",\"breadcrumb\":{\"@id\":\"https:\/\/www.mlnr.ro\/es\/activitati_sociale\/nadia-comaneci-homenajeada-por-la-gran-logia-nacional-de-rumania-50-anos-desde-su-primer-10\/#breadcrumb\"},\"inLanguage\":\"es-ES\",\"potentialAction\":[{\"@type\":\"ReadAction\",\"target\":[\"https:\/\/www.mlnr.ro\/es\/activitati_sociale\/nadia-comaneci-homenajeada-por-la-gran-logia-nacional-de-rumania-50-anos-desde-su-primer-10\/\"]}]},{\"@type\":\"ImageObject\",\"inLanguage\":\"es-ES\",\"@id\":\"https:\/\/www.mlnr.ro\/es\/activitati_sociale\/nadia-comaneci-homenajeada-por-la-gran-logia-nacional-de-rumania-50-anos-desde-su-primer-10\/#primaryimage\",\"url\":\"https:\/\/www.mlnr.ro\/wp-content\/uploads\/2026\/03\/image1.jpeg\",\"contentUrl\":\"https:\/\/www.mlnr.ro\/wp-content\/uploads\/2026\/03\/image1.jpeg\",\"width\":1280,\"height\":853},{\"@type\":\"BreadcrumbList\",\"@id\":\"https:\/\/www.mlnr.ro\/es\/activitati_sociale\/nadia-comaneci-homenajeada-por-la-gran-logia-nacional-de-rumania-50-anos-desde-su-primer-10\/#breadcrumb\",\"itemListElement\":[{\"@type\":\"ListItem\",\"position\":1,\"name\":\"Prima pagin\u0103\",\"item\":\"https:\/\/www.mlnr.ro\/es\/acasa\/\"},{\"@type\":\"ListItem\",\"position\":2,\"name\":\"Nadia Com\u0103neci, homenajeada por la Gran Logia Nacional de Ruman\u00eda: 50 a\u00f1os desde su primer 10\"}]},{\"@type\":\"WebSite\",\"@id\":\"https:\/\/www.mlnr.ro\/es\/#website\",\"url\":\"https:\/\/www.mlnr.ro\/es\/\",\"name\":\"MLNR\",\"description\":\"\",\"publisher\":{\"@id\":\"https:\/\/www.mlnr.ro\/es\/#organization\"},\"potentialAction\":[{\"@type\":\"SearchAction\",\"target\":{\"@type\":\"EntryPoint\",\"urlTemplate\":\"https:\/\/www.mlnr.ro\/es\/?s={search_term_string}\"},\"query-input\":{\"@type\":\"PropertyValueSpecification\",\"valueRequired\":true,\"valueName\":\"search_term_string\"}}],\"inLanguage\":\"es-ES\"},{\"@type\":\"Organization\",\"@id\":\"https:\/\/www.mlnr.ro\/es\/#organization\",\"name\":\"MLNR\",\"url\":\"https:\/\/www.mlnr.ro\/es\/\",\"logo\":{\"@type\":\"ImageObject\",\"inLanguage\":\"es-ES\",\"@id\":\"https:\/\/www.mlnr.ro\/es\/#\/schema\/logo\/image\/\",\"url\":\"https:\/\/www.mlnr.ro\/wp-content\/uploads\/2025\/12\/prj-edited.png\",\"contentUrl\":\"https:\/\/www.mlnr.ro\/wp-content\/uploads\/2025\/12\/prj-edited.png\",\"width\":300,\"height\":188,\"caption\":\"MLNR\"},\"image\":{\"@id\":\"https:\/\/www.mlnr.ro\/es\/#\/schema\/logo\/image\/\"}}]}<\/script>\n<!-- \/ Yoast SEO plugin. -->","yoast_head_json":{"title":"Nadia Com\u0103neci, homenajeada por la Gran Logia Nacional de Ruman\u00eda: 50 a\u00f1os desde su primer 10 - MLNR","robots":{"index":"index","follow":"follow","max-snippet":"max-snippet:-1","max-image-preview":"max-image-preview:large","max-video-preview":"max-video-preview:-1"},"canonical":"https:\/\/www.mlnr.ro\/es\/activitati_sociale\/nadia-comaneci-homenajeada-por-la-gran-logia-nacional-de-rumania-50-anos-desde-su-primer-10\/","og_locale":"es_ES","og_type":"article","og_title":"Nadia Com\u0103neci, homenajeada por la Gran Logia Nacional de Ruman\u00eda: 50 a\u00f1os desde su primer 10 - MLNR","og_description":"La noche del 12 de marzo de 2026, el Museo Nacional de Arte de Ruman\u00eda acogi\u00f3 un acto dedicado a la excelencia, organizado por la Gran Logia Nacional de Ruman\u00eda. El evento tuvo un significado especial: la Gran Logia Nacional de Ruman\u00eda declar\u00f3 el a\u00f1o 2026 \u00abA\u00f1o de Nadia Com\u0103neci\u00bb, conmemorando el 50.\u00ba aniversario del&hellip; Continue reading Nadia Com\u0103neci, homenajeada por la Gran Logia Nacional de Ruman\u00eda: 50 a\u00f1os desde su primer 10","og_url":"https:\/\/www.mlnr.ro\/es\/activitati_sociale\/nadia-comaneci-homenajeada-por-la-gran-logia-nacional-de-rumania-50-anos-desde-su-primer-10\/","og_site_name":"MLNR","article_modified_time":"2026-03-16T15:14:05+00:00","og_image":[{"width":1280,"height":853,"url":"https:\/\/www.mlnr.ro\/wp-content\/uploads\/2026\/03\/image1.jpeg","type":"image\/jpeg"}],"twitter_card":"summary_large_image","twitter_misc":{"Tiempo de lectura":"2 minutes"},"schema":{"@context":"https:\/\/schema.org","@graph":[{"@type":"WebPage","@id":"https:\/\/www.mlnr.ro\/es\/activitati_sociale\/nadia-comaneci-homenajeada-por-la-gran-logia-nacional-de-rumania-50-anos-desde-su-primer-10\/","url":"https:\/\/www.mlnr.ro\/es\/activitati_sociale\/nadia-comaneci-homenajeada-por-la-gran-logia-nacional-de-rumania-50-anos-desde-su-primer-10\/","name":"Nadia Com\u0103neci, homenajeada por la Gran Logia Nacional de Ruman\u00eda: 50 a\u00f1os desde su primer 10 - MLNR","isPartOf":{"@id":"https:\/\/www.mlnr.ro\/es\/#website"},"primaryImageOfPage":{"@id":"https:\/\/www.mlnr.ro\/es\/activitati_sociale\/nadia-comaneci-homenajeada-por-la-gran-logia-nacional-de-rumania-50-anos-desde-su-primer-10\/#primaryimage"},"image":{"@id":"https:\/\/www.mlnr.ro\/es\/activitati_sociale\/nadia-comaneci-homenajeada-por-la-gran-logia-nacional-de-rumania-50-anos-desde-su-primer-10\/#primaryimage"},"thumbnailUrl":"https:\/\/www.mlnr.ro\/wp-content\/uploads\/2026\/03\/image1.jpeg","datePublished":"2026-03-14T18:00:26+00:00","dateModified":"2026-03-16T15:14:05+00:00","breadcrumb":{"@id":"https:\/\/www.mlnr.ro\/es\/activitati_sociale\/nadia-comaneci-homenajeada-por-la-gran-logia-nacional-de-rumania-50-anos-desde-su-primer-10\/#breadcrumb"},"inLanguage":"es-ES","potentialAction":[{"@type":"ReadAction","target":["https:\/\/www.mlnr.ro\/es\/activitati_sociale\/nadia-comaneci-homenajeada-por-la-gran-logia-nacional-de-rumania-50-anos-desde-su-primer-10\/"]}]},{"@type":"ImageObject","inLanguage":"es-ES","@id":"https:\/\/www.mlnr.ro\/es\/activitati_sociale\/nadia-comaneci-homenajeada-por-la-gran-logia-nacional-de-rumania-50-anos-desde-su-primer-10\/#primaryimage","url":"https:\/\/www.mlnr.ro\/wp-content\/uploads\/2026\/03\/image1.jpeg","contentUrl":"https:\/\/www.mlnr.ro\/wp-content\/uploads\/2026\/03\/image1.jpeg","width":1280,"height":853},{"@type":"BreadcrumbList","@id":"https:\/\/www.mlnr.ro\/es\/activitati_sociale\/nadia-comaneci-homenajeada-por-la-gran-logia-nacional-de-rumania-50-anos-desde-su-primer-10\/#breadcrumb","itemListElement":[{"@type":"ListItem","position":1,"name":"Prima pagin\u0103","item":"https:\/\/www.mlnr.ro\/es\/acasa\/"},{"@type":"ListItem","position":2,"name":"Nadia Com\u0103neci, homenajeada por la Gran Logia Nacional de Ruman\u00eda: 50 a\u00f1os desde su primer 10"}]},{"@type":"WebSite","@id":"https:\/\/www.mlnr.ro\/es\/#website","url":"https:\/\/www.mlnr.ro\/es\/","name":"MLNR","description":"","publisher":{"@id":"https:\/\/www.mlnr.ro\/es\/#organization"},"potentialAction":[{"@type":"SearchAction","target":{"@type":"EntryPoint","urlTemplate":"https:\/\/www.mlnr.ro\/es\/?s={search_term_string}"},"query-input":{"@type":"PropertyValueSpecification","valueRequired":true,"valueName":"search_term_string"}}],"inLanguage":"es-ES"},{"@type":"Organization","@id":"https:\/\/www.mlnr.ro\/es\/#organization","name":"MLNR","url":"https:\/\/www.mlnr.ro\/es\/","logo":{"@type":"ImageObject","inLanguage":"es-ES","@id":"https:\/\/www.mlnr.ro\/es\/#\/schema\/logo\/image\/","url":"https:\/\/www.mlnr.ro\/wp-content\/uploads\/2025\/12\/prj-edited.png","contentUrl":"https:\/\/www.mlnr.ro\/wp-content\/uploads\/2025\/12\/prj-edited.png","width":300,"height":188,"caption":"MLNR"},"image":{"@id":"https:\/\/www.mlnr.ro\/es\/#\/schema\/logo\/image\/"}}]}},"_links":{"self":[{"href":"https:\/\/www.mlnr.ro\/es\/wp-json\/wp\/v2\/activitati_sociale\/4796","targetHints":{"allow":["GET"]}}],"collection":[{"href":"https:\/\/www.mlnr.ro\/es\/wp-json\/wp\/v2\/activitati_sociale"}],"about":[{"href":"https:\/\/www.mlnr.ro\/es\/wp-json\/wp\/v2\/types\/activitati_sociale"}],"version-history":[{"count":2,"href":"https:\/\/www.mlnr.ro\/es\/wp-json\/wp\/v2\/activitati_sociale\/4796\/revisions"}],"predecessor-version":[{"id":4816,"href":"https:\/\/www.mlnr.ro\/es\/wp-json\/wp\/v2\/activitati_sociale\/4796\/revisions\/4816"}],"wp:featuredmedia":[{"embeddable":true,"href":"https:\/\/www.mlnr.ro\/es\/wp-json\/wp\/v2\/media\/4822"}],"wp:attachment":[{"href":"https:\/\/www.mlnr.ro\/es\/wp-json\/wp\/v2\/media?parent=4796"}],"curies":[{"name":"wp","href":"https:\/\/api.w.org\/{rel}","templated":true}]}}