{"id":4020,"date":"2026-02-27T15:53:41","date_gmt":"2026-02-27T13:53:41","guid":{"rendered":"https:\/\/www.mlnr.ro\/gala-premiilor\/xii-edicion-de-la-gala-de-los-premios-mlnr\/"},"modified":"2026-04-24T10:48:03","modified_gmt":"2026-04-24T07:48:03","slug":"xii-edicion-de-la-gala-de-los-premios-mlnr","status":"publish","type":"gala_premiilor","link":"https:\/\/www.mlnr.ro\/es\/gala-premiilor\/xii-edicion-de-la-gala-de-los-premios-mlnr\/","title":{"rendered":"XII edici\u00f3n de la Gala de los Premios de la GLNR"},"content":{"rendered":"\n<p><strong>El Ateneo Rumano<\/strong><\/p>\n\n<p><strong>Una celebraci\u00f3n de la excelencia rumana en el Ateneo Rumano<\/strong><\/p>\n\n<p>La duod\u00e9cima edici\u00f3n de la Gala de los Premios de la Gran Logia Nacional de Ruman\u00eda (GLNR) fue una celebraci\u00f3n de la excelencia rumana y una reafirmaci\u00f3n de nuestro compromiso con los valores aut\u00e9nticos que definen el progreso de una sociedad basada en el m\u00e9rito, la educaci\u00f3n y el esp\u00edritu creativo. Celebrado en el fastuoso marco del Ateneo Rumano, el evento reuni\u00f3 a las \u00e9lites del mundo acad\u00e9mico, cultural e institucional, en un momento de reconocimiento y reverencia hacia aquellos que, con paciencia y visi\u00f3n, dan forma al futuro de Ruman\u00eda. <\/p>\n\n<p>Entre los invitados destacados se encontraban miembros de la Academia Rumana, ministros de Cultura y Educaci\u00f3n, rectores de las doce universidades asociadas y otras personalidades destacadas de la vida p\u00fablica rumana.<\/p>\n\n<p>En la inauguraci\u00f3n de la gala, el acad\u00e9mico Ioan-Aurel Pop, presidente de la Academia Rumana, pronunci\u00f3 un vibrante discurso en el que abog\u00f3 por cultivar y celebrar los valores aut\u00e9nticos en el espacio rumano:<br\/>\u00abLa Academia Rumana es una instituci\u00f3n \u00fanica. Promueve, honra y celebra la excelencia cient\u00edfica y la creaci\u00f3n cultural y art\u00edstica al m\u00e1s alto nivel. Es el m\u00e1ximo foro de reconocimiento de la investigaci\u00f3n en Rumania. Por eso, nos hemos asociado con alegr\u00eda a esta iniciativa, junto con la Gran Logia Nacional de Ruman\u00eda, el Ministerio de Educaci\u00f3n y el Ministerio de Cultura, para otorgar estos premios que ponen de relieve el valor perdurable de nuestra sociedad, ese valor que atraviesa d\u00e9cadas y siglos\u00bb.    <\/p>\n\n<p>A continuaci\u00f3n, el Gran Maestro de la GLNR, C\u0103t\u0103lin Toh\u0103neanu, destac\u00f3 el papel de este evento en el apoyo a las \u00e9lites rumanas:<br\/>\u00abEsta gala no es solo un acto de reconocimiento. Es la expresi\u00f3n de una profunda convicci\u00f3n: que las aut\u00e9nticas \u00e9lites de Ruman\u00eda merecen ser visibles, apoyadas y promovidas, porque representan la direcci\u00f3n, la verticalidad y la sustancia de un proyecto nacional coherente y sostenible\u00bb. <\/p>\n\n<p><strong>Premios y galardonados<\/strong><\/p>\n\n<p>En un ambiente solemne, con el acompa\u00f1amiento musical de la Orquesta de la \u00d3pera Nacional de Bucarest, dirigida por el maestro Daniel Jinga, y del Coro de la \u00d3pera Nacional, junto con el tenor Teodor Ilinc\u0103i y la mezzosoprano Adelina Maria Cociobanu, se entregaron siete premios, cada uno con el nombre de una gran personalidad que ha marcado el destino de nuestra naci\u00f3n:<\/p>\n\n<p>Premio Grigore Moisil de Ciencias Exactas:<br\/>Dr. Lucian Beznea, por sus contribuciones fundamentales a la teor\u00eda de la probabilidad y el an\u00e1lisis funcional.<\/p>\n\n<p>Premio Henri Coand\u0103 de Ciencias Aplicadas:<br\/>Prof. Dr. Ing. Drago\u0219 Axinte, por sus contribuciones innovadoras en el campo de la ingenier\u00eda mec\u00e1nica y la rob\u00f3tica aplicada.<\/p>\n\n<p>Premio Carol Davila de Medicina:<br\/>Prof. univ. dr. Simona Olimpia Dima, por su destacada labor en el campo de la investigaci\u00f3n gen\u00f3mica.<\/p>\n\n<p>Premio Eugeniu Carada de Econom\u00eda:<br\/>Prof. univ. dr. ec. ing. Ionu\u021b Purica, por su trabajo dedicado al cambio clim\u00e1tico y la sostenibilidad. <\/p>\n\n<p>Premio Spiru Haret a la Educaci\u00f3n, el Medio Ambiente y las Tecnolog\u00edas de la Informaci\u00f3n:<br\/>Prof. Dr. Romi\u021b\u0103 Iucu, por las reformas en la educaci\u00f3n superior y la digitalizaci\u00f3n de la educaci\u00f3n.<\/p>\n\n<p>Premio Constantin Br\u00e2ncu\u0219i para el Arte y la Cultura:<br\/>Cristian M\u0103celaru, director de orquesta internacional y embajador cultural de Ruman\u00eda.<\/p>\n\n<p>Premio Nicolae Titulescu de Diplomacia y Ciencias Pol\u00edticas:<br\/>C\u0103t\u0103lin Predoiu, por el \u00e9xito diplom\u00e1tico logrado con la adhesi\u00f3n de Ruman\u00eda al Espacio Schengen.<\/p>\n\n<p>Cada galardonado recibi\u00f3 un premio de 10 000 euros, como s\u00edmbolo del reconocimiento a su excepcional contribuci\u00f3n a la construcci\u00f3n de una Ruman\u00eda moderna y respetada.<\/p>\n\n<p>Esta gala no habr\u00eda sido posible sin el apoyo incondicional de los miembros de la GLNR y de los socios medi\u00e1ticos e institucionales. Merece una menci\u00f3n especial el abogado Dr. Remus Borza, impulsor y alma de este proyecto, por su visi\u00f3n, perseverancia y dedicaci\u00f3n sin reservas. <\/p>\n\n<p>Ruman\u00eda cuenta con recursos intelectuales, morales y creativos extraordinarios. Es nuestro deber colectivo reconocerlos, honrarlos y apoyarlos, con respeto, paciencia y confianza. La gala de la GLNR es la prueba de que esto no solo es posible, sino tambi\u00e9n profundamente necesario.  <\/p>\n","protected":false},"excerpt":{"rendered":"<p>El Ateneo Rumano Una celebraci\u00f3n de la excelencia rumana en el Ateneo Rumano La duod\u00e9cima edici\u00f3n de la Gala de los Premios de la Gran Logia Nacional de Ruman\u00eda (GLNR) fue una celebraci\u00f3n de la excelencia rumana y una reafirmaci\u00f3n de nuestro compromiso con los valores aut\u00e9nticos que definen el progreso de una sociedad basada&hellip; <a class=\"more-link\" href=\"https:\/\/www.mlnr.ro\/es\/gala-premiilor\/xii-edicion-de-la-gala-de-los-premios-mlnr\/\">Continue reading <span class=\"screen-reader-text\">XII edici\u00f3n de la Gala de los Premios de la GLNR<\/span><\/a><\/p>\n","protected":false},"featured_media":2005,"template":"","class_list":["post-4020","gala_premiilor","type-gala_premiilor","status-publish","has-post-thumbnail","hentry","entry"],"acf":[],"yoast_head":"<!-- This site is optimized with the Yoast SEO plugin v27.0 - https:\/\/yoast.com\/product\/yoast-seo-wordpress\/ -->\n<title>XII edici\u00f3n de la Gala de los Premios de la GLNR - MLNR<\/title>\n<meta name=\"robots\" content=\"index, follow, max-snippet:-1, max-image-preview:large, max-video-preview:-1\" \/>\n<link rel=\"canonical\" href=\"https:\/\/www.mlnr.ro\/es\/gala-premiilor\/xii-edicion-de-la-gala-de-los-premios-mlnr\/\" \/>\n<meta property=\"og:locale\" content=\"es_ES\" \/>\n<meta property=\"og:type\" content=\"article\" \/>\n<meta property=\"og:title\" content=\"XII edici\u00f3n de la Gala de los Premios de la GLNR - MLNR\" \/>\n<meta property=\"og:description\" content=\"El Ateneo Rumano Una celebraci\u00f3n de la excelencia rumana en el Ateneo Rumano La duod\u00e9cima edici\u00f3n de la Gala de los Premios de la Gran Logia Nacional de Ruman\u00eda (GLNR) fue una celebraci\u00f3n de la excelencia rumana y una reafirmaci\u00f3n de nuestro compromiso con los valores aut\u00e9nticos que definen el progreso de una sociedad basada&hellip; Continue reading XII edici\u00f3n de la Gala de los Premios de la GLNR\" \/>\n<meta property=\"og:url\" content=\"https:\/\/www.mlnr.ro\/es\/gala-premiilor\/xii-edicion-de-la-gala-de-los-premios-mlnr\/\" \/>\n<meta property=\"og:site_name\" content=\"MLNR\" \/>\n<meta property=\"article:modified_time\" content=\"2026-04-24T07:48:03+00:00\" \/>\n<meta property=\"og:image\" content=\"https:\/\/www.mlnr.ro\/wp-content\/uploads\/2024\/09\/ateneul.jpg\" \/>\n\t<meta property=\"og:image:width\" content=\"1920\" \/>\n\t<meta property=\"og:image:height\" content=\"1008\" \/>\n\t<meta property=\"og:image:type\" content=\"image\/jpeg\" \/>\n<meta name=\"twitter:card\" content=\"summary_large_image\" \/>\n<meta name=\"twitter:label1\" content=\"Tiempo de lectura\" \/>\n\t<meta name=\"twitter:data1\" content=\"4 minutes\" \/>\n<script type=\"application\/ld+json\" class=\"yoast-schema-graph\">{\"@context\":\"https:\/\/schema.org\",\"@graph\":[{\"@type\":\"WebPage\",\"@id\":\"https:\/\/www.mlnr.ro\/es\/gala-premiilor\/xii-edicion-de-la-gala-de-los-premios-mlnr\/\",\"url\":\"https:\/\/www.mlnr.ro\/es\/gala-premiilor\/xii-edicion-de-la-gala-de-los-premios-mlnr\/\",\"name\":\"XII edici\u00f3n de la Gala de los Premios de la GLNR - MLNR\",\"isPartOf\":{\"@id\":\"https:\/\/www.mlnr.ro\/es\/#website\"},\"primaryImageOfPage\":{\"@id\":\"https:\/\/www.mlnr.ro\/es\/gala-premiilor\/xii-edicion-de-la-gala-de-los-premios-mlnr\/#primaryimage\"},\"image\":{\"@id\":\"https:\/\/www.mlnr.ro\/es\/gala-premiilor\/xii-edicion-de-la-gala-de-los-premios-mlnr\/#primaryimage\"},\"thumbnailUrl\":\"https:\/\/www.mlnr.ro\/wp-content\/uploads\/2024\/09\/ateneul.jpg\",\"datePublished\":\"2026-02-27T13:53:41+00:00\",\"dateModified\":\"2026-04-24T07:48:03+00:00\",\"breadcrumb\":{\"@id\":\"https:\/\/www.mlnr.ro\/es\/gala-premiilor\/xii-edicion-de-la-gala-de-los-premios-mlnr\/#breadcrumb\"},\"inLanguage\":\"es-ES\",\"potentialAction\":[{\"@type\":\"ReadAction\",\"target\":[\"https:\/\/www.mlnr.ro\/es\/gala-premiilor\/xii-edicion-de-la-gala-de-los-premios-mlnr\/\"]}]},{\"@type\":\"ImageObject\",\"inLanguage\":\"es-ES\",\"@id\":\"https:\/\/www.mlnr.ro\/es\/gala-premiilor\/xii-edicion-de-la-gala-de-los-premios-mlnr\/#primaryimage\",\"url\":\"https:\/\/www.mlnr.ro\/wp-content\/uploads\/2024\/09\/ateneul.jpg\",\"contentUrl\":\"https:\/\/www.mlnr.ro\/wp-content\/uploads\/2024\/09\/ateneul.jpg\",\"width\":1920,\"height\":1008},{\"@type\":\"BreadcrumbList\",\"@id\":\"https:\/\/www.mlnr.ro\/es\/gala-premiilor\/xii-edicion-de-la-gala-de-los-premios-mlnr\/#breadcrumb\",\"itemListElement\":[{\"@type\":\"ListItem\",\"position\":1,\"name\":\"Prima pagin\u0103\",\"item\":\"https:\/\/www.mlnr.ro\/es\/acasa\/\"},{\"@type\":\"ListItem\",\"position\":2,\"name\":\"XII edici\u00f3n de la Gala de los Premios de la GLNR\"}]},{\"@type\":\"WebSite\",\"@id\":\"https:\/\/www.mlnr.ro\/es\/#website\",\"url\":\"https:\/\/www.mlnr.ro\/es\/\",\"name\":\"MLNR\",\"description\":\"\",\"publisher\":{\"@id\":\"https:\/\/www.mlnr.ro\/es\/#organization\"},\"potentialAction\":[{\"@type\":\"SearchAction\",\"target\":{\"@type\":\"EntryPoint\",\"urlTemplate\":\"https:\/\/www.mlnr.ro\/es\/?s={search_term_string}\"},\"query-input\":{\"@type\":\"PropertyValueSpecification\",\"valueRequired\":true,\"valueName\":\"search_term_string\"}}],\"inLanguage\":\"es-ES\"},{\"@type\":\"Organization\",\"@id\":\"https:\/\/www.mlnr.ro\/es\/#organization\",\"name\":\"MLNR\",\"url\":\"https:\/\/www.mlnr.ro\/es\/\",\"logo\":{\"@type\":\"ImageObject\",\"inLanguage\":\"es-ES\",\"@id\":\"https:\/\/www.mlnr.ro\/es\/#\/schema\/logo\/image\/\",\"url\":\"https:\/\/www.mlnr.ro\/wp-content\/uploads\/2025\/12\/prj-edited.png\",\"contentUrl\":\"https:\/\/www.mlnr.ro\/wp-content\/uploads\/2025\/12\/prj-edited.png\",\"width\":300,\"height\":188,\"caption\":\"MLNR\"},\"image\":{\"@id\":\"https:\/\/www.mlnr.ro\/es\/#\/schema\/logo\/image\/\"}}]}<\/script>\n<!-- \/ Yoast SEO plugin. -->","yoast_head_json":{"title":"XII edici\u00f3n de la Gala de los Premios de la GLNR - MLNR","robots":{"index":"index","follow":"follow","max-snippet":"max-snippet:-1","max-image-preview":"max-image-preview:large","max-video-preview":"max-video-preview:-1"},"canonical":"https:\/\/www.mlnr.ro\/es\/gala-premiilor\/xii-edicion-de-la-gala-de-los-premios-mlnr\/","og_locale":"es_ES","og_type":"article","og_title":"XII edici\u00f3n de la Gala de los Premios de la GLNR - MLNR","og_description":"El Ateneo Rumano Una celebraci\u00f3n de la excelencia rumana en el Ateneo Rumano La duod\u00e9cima edici\u00f3n de la Gala de los Premios de la Gran Logia Nacional de Ruman\u00eda (GLNR) fue una celebraci\u00f3n de la excelencia rumana y una reafirmaci\u00f3n de nuestro compromiso con los valores aut\u00e9nticos que definen el progreso de una sociedad basada&hellip; Continue reading XII edici\u00f3n de la Gala de los Premios de la GLNR","og_url":"https:\/\/www.mlnr.ro\/es\/gala-premiilor\/xii-edicion-de-la-gala-de-los-premios-mlnr\/","og_site_name":"MLNR","article_modified_time":"2026-04-24T07:48:03+00:00","og_image":[{"width":1920,"height":1008,"url":"https:\/\/www.mlnr.ro\/wp-content\/uploads\/2024\/09\/ateneul.jpg","type":"image\/jpeg"}],"twitter_card":"summary_large_image","twitter_misc":{"Tiempo de lectura":"4 minutes"},"schema":{"@context":"https:\/\/schema.org","@graph":[{"@type":"WebPage","@id":"https:\/\/www.mlnr.ro\/es\/gala-premiilor\/xii-edicion-de-la-gala-de-los-premios-mlnr\/","url":"https:\/\/www.mlnr.ro\/es\/gala-premiilor\/xii-edicion-de-la-gala-de-los-premios-mlnr\/","name":"XII edici\u00f3n de la Gala de los Premios de la GLNR - MLNR","isPartOf":{"@id":"https:\/\/www.mlnr.ro\/es\/#website"},"primaryImageOfPage":{"@id":"https:\/\/www.mlnr.ro\/es\/gala-premiilor\/xii-edicion-de-la-gala-de-los-premios-mlnr\/#primaryimage"},"image":{"@id":"https:\/\/www.mlnr.ro\/es\/gala-premiilor\/xii-edicion-de-la-gala-de-los-premios-mlnr\/#primaryimage"},"thumbnailUrl":"https:\/\/www.mlnr.ro\/wp-content\/uploads\/2024\/09\/ateneul.jpg","datePublished":"2026-02-27T13:53:41+00:00","dateModified":"2026-04-24T07:48:03+00:00","breadcrumb":{"@id":"https:\/\/www.mlnr.ro\/es\/gala-premiilor\/xii-edicion-de-la-gala-de-los-premios-mlnr\/#breadcrumb"},"inLanguage":"es-ES","potentialAction":[{"@type":"ReadAction","target":["https:\/\/www.mlnr.ro\/es\/gala-premiilor\/xii-edicion-de-la-gala-de-los-premios-mlnr\/"]}]},{"@type":"ImageObject","inLanguage":"es-ES","@id":"https:\/\/www.mlnr.ro\/es\/gala-premiilor\/xii-edicion-de-la-gala-de-los-premios-mlnr\/#primaryimage","url":"https:\/\/www.mlnr.ro\/wp-content\/uploads\/2024\/09\/ateneul.jpg","contentUrl":"https:\/\/www.mlnr.ro\/wp-content\/uploads\/2024\/09\/ateneul.jpg","width":1920,"height":1008},{"@type":"BreadcrumbList","@id":"https:\/\/www.mlnr.ro\/es\/gala-premiilor\/xii-edicion-de-la-gala-de-los-premios-mlnr\/#breadcrumb","itemListElement":[{"@type":"ListItem","position":1,"name":"Prima pagin\u0103","item":"https:\/\/www.mlnr.ro\/es\/acasa\/"},{"@type":"ListItem","position":2,"name":"XII edici\u00f3n de la Gala de los Premios de la GLNR"}]},{"@type":"WebSite","@id":"https:\/\/www.mlnr.ro\/es\/#website","url":"https:\/\/www.mlnr.ro\/es\/","name":"MLNR","description":"","publisher":{"@id":"https:\/\/www.mlnr.ro\/es\/#organization"},"potentialAction":[{"@type":"SearchAction","target":{"@type":"EntryPoint","urlTemplate":"https:\/\/www.mlnr.ro\/es\/?s={search_term_string}"},"query-input":{"@type":"PropertyValueSpecification","valueRequired":true,"valueName":"search_term_string"}}],"inLanguage":"es-ES"},{"@type":"Organization","@id":"https:\/\/www.mlnr.ro\/es\/#organization","name":"MLNR","url":"https:\/\/www.mlnr.ro\/es\/","logo":{"@type":"ImageObject","inLanguage":"es-ES","@id":"https:\/\/www.mlnr.ro\/es\/#\/schema\/logo\/image\/","url":"https:\/\/www.mlnr.ro\/wp-content\/uploads\/2025\/12\/prj-edited.png","contentUrl":"https:\/\/www.mlnr.ro\/wp-content\/uploads\/2025\/12\/prj-edited.png","width":300,"height":188,"caption":"MLNR"},"image":{"@id":"https:\/\/www.mlnr.ro\/es\/#\/schema\/logo\/image\/"}}]}},"_links":{"self":[{"href":"https:\/\/www.mlnr.ro\/es\/wp-json\/wp\/v2\/gala_premiilor\/4020","targetHints":{"allow":["GET"]}}],"collection":[{"href":"https:\/\/www.mlnr.ro\/es\/wp-json\/wp\/v2\/gala_premiilor"}],"about":[{"href":"https:\/\/www.mlnr.ro\/es\/wp-json\/wp\/v2\/types\/gala_premiilor"}],"version-history":[{"count":4,"href":"https:\/\/www.mlnr.ro\/es\/wp-json\/wp\/v2\/gala_premiilor\/4020\/revisions"}],"predecessor-version":[{"id":5241,"href":"https:\/\/www.mlnr.ro\/es\/wp-json\/wp\/v2\/gala_premiilor\/4020\/revisions\/5241"}],"wp:featuredmedia":[{"embeddable":true,"href":"https:\/\/www.mlnr.ro\/es\/wp-json\/wp\/v2\/media\/2005"}],"wp:attachment":[{"href":"https:\/\/www.mlnr.ro\/es\/wp-json\/wp\/v2\/media?parent=4020"}],"curies":[{"name":"wp","href":"https:\/\/api.w.org\/{rel}","templated":true}]}}