{"id":4185,"date":"2026-02-27T20:28:22","date_gmt":"2026-02-27T18:28:22","guid":{"rendered":"https:\/\/www.mlnr.ro\/gala-premiilor\/segunda-edicion-de-la-gala-de-premios-mlnr\/"},"modified":"2026-04-24T11:35:51","modified_gmt":"2026-04-24T08:35:51","slug":"segunda-edicion-de-la-gala-de-premios-mlnr","status":"publish","type":"gala_premiilor","link":"https:\/\/www.mlnr.ro\/es\/gala-premiilor\/segunda-edicion-de-la-gala-de-premios-mlnr\/","title":{"rendered":"Segunda edici\u00f3n de la Gala de Premios de la GLNR"},"content":{"rendered":"\n<p><strong>El evento tuvo lugar en el Ateneo Rumano y se llev\u00f3 a cabo en colaboraci\u00f3n con la Academia Rumana y con el apoyo de 12 universidades de Ruman\u00eda.<\/strong><\/p>\n\n<h2 class=\"wp-block-heading\">Los galardonados<\/h2>\n\n<p><strong>El premio \u00abGrigore Moisil\u00bb de Ciencias Exactas<\/strong> fue otorgado al acad\u00e9mico Ioan Iovitz POPESCU por su obra \u00abLambda \u2013 Structura textelor\u00bb (Lambda \u2013 La estructura de los textos), publicada en la serie \u00abStudies in Quantitative Linguistics\u00bb 10-2011 RAM-Verlag, Ludenscheid, Alemania.<\/p>\n\n<p><strong>El premio \u00abHenri Coand\u0103\u00bb de Ciencias Aplicadas<\/strong> fue otorgado al profesor universitario y doctor ingeniero Boris PLAHTEANU por su obra \u00abNicola Tesla: el genio de la luz y la energ\u00eda, la integral de los inventos\u00bb. <\/p>\n\n<p>El premio \u00abCarol Davila\u00bb de Medicina fue otorgado al acad\u00e9mico y profesor doctor Lauren\u0163iu Mircea POPESCU por su trabajo \u00abInvestigaci\u00f3n cient\u00edfica fundamental sobre los telocitos\u00bb. <\/p>\n\n<p><strong>El Premio \u00abConstantin Br\u00e2ncu\u015fi\u00bb de Arte y Cultura<\/strong> fue otorgado al maestro Sorin ILFOVEANU por su exposici\u00f3n individual \u00abDibujos 2008-2011\u00bb.<\/p>\n\n<p>El Premio \u00abNicolae Titulescu\u00bb de Diplomacia y Ciencias Pol\u00edticas fue otorgado al Sr. Mihai BOTOROG por el proyecto: Coordinaci\u00f3n de la operaci\u00f3n de evacuaci\u00f3n segura de civiles rumanos de Libia, febrero de 2011.<\/p>\n\n<p><strong>El premio \u00abEugeniu Carada\u00bb de Econom\u00eda<\/strong> fue otorgado al doctor Cristian P\u0102UNESCU y al historiador Marian \u015eTEFAN por su obra \u00abEl tesoro del Banco Nacional de Ruman\u00eda en Mosc\u00fa\u00bb.<\/p>\n","protected":false},"excerpt":{"rendered":"<p>El evento tuvo lugar en el Ateneo Rumano y se llev\u00f3 a cabo en colaboraci\u00f3n con la Academia Rumana y con el apoyo de 12 universidades de Ruman\u00eda. Los galardonados El premio \u00abGrigore Moisil\u00bb de Ciencias Exactas fue otorgado al acad\u00e9mico Ioan Iovitz POPESCU por su obra \u00abLambda \u2013 Structura textelor\u00bb (Lambda \u2013 La estructura&hellip; <a class=\"more-link\" href=\"https:\/\/www.mlnr.ro\/es\/gala-premiilor\/segunda-edicion-de-la-gala-de-premios-mlnr\/\">Continue reading <span class=\"screen-reader-text\">Segunda edici\u00f3n de la Gala de Premios de la GLNR<\/span><\/a><\/p>\n","protected":false},"featured_media":2005,"template":"","class_list":["post-4185","gala_premiilor","type-gala_premiilor","status-publish","has-post-thumbnail","hentry","entry"],"acf":[],"yoast_head":"<!-- This site is optimized with the Yoast SEO plugin v27.0 - https:\/\/yoast.com\/product\/yoast-seo-wordpress\/ -->\n<title>Segunda edici\u00f3n de la Gala de Premios de la GLNR - MLNR<\/title>\n<meta name=\"robots\" content=\"index, follow, max-snippet:-1, max-image-preview:large, max-video-preview:-1\" \/>\n<link rel=\"canonical\" href=\"https:\/\/www.mlnr.ro\/es\/gala-premiilor\/segunda-edicion-de-la-gala-de-premios-mlnr\/\" \/>\n<meta property=\"og:locale\" content=\"es_ES\" \/>\n<meta property=\"og:type\" content=\"article\" \/>\n<meta property=\"og:title\" content=\"Segunda edici\u00f3n de la Gala de Premios de la GLNR - MLNR\" \/>\n<meta property=\"og:description\" content=\"El evento tuvo lugar en el Ateneo Rumano y se llev\u00f3 a cabo en colaboraci\u00f3n con la Academia Rumana y con el apoyo de 12 universidades de Ruman\u00eda. Los galardonados El premio \u00abGrigore Moisil\u00bb de Ciencias Exactas fue otorgado al acad\u00e9mico Ioan Iovitz POPESCU por su obra \u00abLambda \u2013 Structura textelor\u00bb (Lambda \u2013 La estructura&hellip; Continue reading Segunda edici\u00f3n de la Gala de Premios de la GLNR\" \/>\n<meta property=\"og:url\" content=\"https:\/\/www.mlnr.ro\/es\/gala-premiilor\/segunda-edicion-de-la-gala-de-premios-mlnr\/\" \/>\n<meta property=\"og:site_name\" content=\"MLNR\" \/>\n<meta property=\"article:modified_time\" content=\"2026-04-24T08:35:51+00:00\" \/>\n<meta property=\"og:image\" content=\"https:\/\/www.mlnr.ro\/wp-content\/uploads\/2024\/09\/ateneul.jpg\" \/>\n\t<meta property=\"og:image:width\" content=\"1920\" \/>\n\t<meta property=\"og:image:height\" content=\"1008\" \/>\n\t<meta property=\"og:image:type\" content=\"image\/jpeg\" \/>\n<meta name=\"twitter:card\" content=\"summary_large_image\" \/>\n<meta name=\"twitter:label1\" content=\"Tiempo de lectura\" \/>\n\t<meta name=\"twitter:data1\" content=\"1 minute\" \/>\n<script type=\"application\/ld+json\" class=\"yoast-schema-graph\">{\"@context\":\"https:\/\/schema.org\",\"@graph\":[{\"@type\":\"WebPage\",\"@id\":\"https:\/\/www.mlnr.ro\/es\/gala-premiilor\/segunda-edicion-de-la-gala-de-premios-mlnr\/\",\"url\":\"https:\/\/www.mlnr.ro\/es\/gala-premiilor\/segunda-edicion-de-la-gala-de-premios-mlnr\/\",\"name\":\"Segunda edici\u00f3n de la Gala de Premios de la GLNR - MLNR\",\"isPartOf\":{\"@id\":\"https:\/\/www.mlnr.ro\/es\/#website\"},\"primaryImageOfPage\":{\"@id\":\"https:\/\/www.mlnr.ro\/es\/gala-premiilor\/segunda-edicion-de-la-gala-de-premios-mlnr\/#primaryimage\"},\"image\":{\"@id\":\"https:\/\/www.mlnr.ro\/es\/gala-premiilor\/segunda-edicion-de-la-gala-de-premios-mlnr\/#primaryimage\"},\"thumbnailUrl\":\"https:\/\/www.mlnr.ro\/wp-content\/uploads\/2024\/09\/ateneul.jpg\",\"datePublished\":\"2026-02-27T18:28:22+00:00\",\"dateModified\":\"2026-04-24T08:35:51+00:00\",\"breadcrumb\":{\"@id\":\"https:\/\/www.mlnr.ro\/es\/gala-premiilor\/segunda-edicion-de-la-gala-de-premios-mlnr\/#breadcrumb\"},\"inLanguage\":\"es-ES\",\"potentialAction\":[{\"@type\":\"ReadAction\",\"target\":[\"https:\/\/www.mlnr.ro\/es\/gala-premiilor\/segunda-edicion-de-la-gala-de-premios-mlnr\/\"]}]},{\"@type\":\"ImageObject\",\"inLanguage\":\"es-ES\",\"@id\":\"https:\/\/www.mlnr.ro\/es\/gala-premiilor\/segunda-edicion-de-la-gala-de-premios-mlnr\/#primaryimage\",\"url\":\"https:\/\/www.mlnr.ro\/wp-content\/uploads\/2024\/09\/ateneul.jpg\",\"contentUrl\":\"https:\/\/www.mlnr.ro\/wp-content\/uploads\/2024\/09\/ateneul.jpg\",\"width\":1920,\"height\":1008},{\"@type\":\"BreadcrumbList\",\"@id\":\"https:\/\/www.mlnr.ro\/es\/gala-premiilor\/segunda-edicion-de-la-gala-de-premios-mlnr\/#breadcrumb\",\"itemListElement\":[{\"@type\":\"ListItem\",\"position\":1,\"name\":\"Prima pagin\u0103\",\"item\":\"https:\/\/www.mlnr.ro\/es\/acasa\/\"},{\"@type\":\"ListItem\",\"position\":2,\"name\":\"Segunda edici\u00f3n de la Gala de Premios de la GLNR\"}]},{\"@type\":\"WebSite\",\"@id\":\"https:\/\/www.mlnr.ro\/es\/#website\",\"url\":\"https:\/\/www.mlnr.ro\/es\/\",\"name\":\"MLNR\",\"description\":\"\",\"publisher\":{\"@id\":\"https:\/\/www.mlnr.ro\/es\/#organization\"},\"potentialAction\":[{\"@type\":\"SearchAction\",\"target\":{\"@type\":\"EntryPoint\",\"urlTemplate\":\"https:\/\/www.mlnr.ro\/es\/?s={search_term_string}\"},\"query-input\":{\"@type\":\"PropertyValueSpecification\",\"valueRequired\":true,\"valueName\":\"search_term_string\"}}],\"inLanguage\":\"es-ES\"},{\"@type\":\"Organization\",\"@id\":\"https:\/\/www.mlnr.ro\/es\/#organization\",\"name\":\"MLNR\",\"url\":\"https:\/\/www.mlnr.ro\/es\/\",\"logo\":{\"@type\":\"ImageObject\",\"inLanguage\":\"es-ES\",\"@id\":\"https:\/\/www.mlnr.ro\/es\/#\/schema\/logo\/image\/\",\"url\":\"https:\/\/www.mlnr.ro\/wp-content\/uploads\/2025\/12\/prj-edited.png\",\"contentUrl\":\"https:\/\/www.mlnr.ro\/wp-content\/uploads\/2025\/12\/prj-edited.png\",\"width\":300,\"height\":188,\"caption\":\"MLNR\"},\"image\":{\"@id\":\"https:\/\/www.mlnr.ro\/es\/#\/schema\/logo\/image\/\"}}]}<\/script>\n<!-- \/ Yoast SEO plugin. -->","yoast_head_json":{"title":"Segunda edici\u00f3n de la Gala de Premios de la GLNR - MLNR","robots":{"index":"index","follow":"follow","max-snippet":"max-snippet:-1","max-image-preview":"max-image-preview:large","max-video-preview":"max-video-preview:-1"},"canonical":"https:\/\/www.mlnr.ro\/es\/gala-premiilor\/segunda-edicion-de-la-gala-de-premios-mlnr\/","og_locale":"es_ES","og_type":"article","og_title":"Segunda edici\u00f3n de la Gala de Premios de la GLNR - MLNR","og_description":"El evento tuvo lugar en el Ateneo Rumano y se llev\u00f3 a cabo en colaboraci\u00f3n con la Academia Rumana y con el apoyo de 12 universidades de Ruman\u00eda. Los galardonados El premio \u00abGrigore Moisil\u00bb de Ciencias Exactas fue otorgado al acad\u00e9mico Ioan Iovitz POPESCU por su obra \u00abLambda \u2013 Structura textelor\u00bb (Lambda \u2013 La estructura&hellip; Continue reading Segunda edici\u00f3n de la Gala de Premios de la GLNR","og_url":"https:\/\/www.mlnr.ro\/es\/gala-premiilor\/segunda-edicion-de-la-gala-de-premios-mlnr\/","og_site_name":"MLNR","article_modified_time":"2026-04-24T08:35:51+00:00","og_image":[{"width":1920,"height":1008,"url":"https:\/\/www.mlnr.ro\/wp-content\/uploads\/2024\/09\/ateneul.jpg","type":"image\/jpeg"}],"twitter_card":"summary_large_image","twitter_misc":{"Tiempo de lectura":"1 minute"},"schema":{"@context":"https:\/\/schema.org","@graph":[{"@type":"WebPage","@id":"https:\/\/www.mlnr.ro\/es\/gala-premiilor\/segunda-edicion-de-la-gala-de-premios-mlnr\/","url":"https:\/\/www.mlnr.ro\/es\/gala-premiilor\/segunda-edicion-de-la-gala-de-premios-mlnr\/","name":"Segunda edici\u00f3n de la Gala de Premios de la GLNR - MLNR","isPartOf":{"@id":"https:\/\/www.mlnr.ro\/es\/#website"},"primaryImageOfPage":{"@id":"https:\/\/www.mlnr.ro\/es\/gala-premiilor\/segunda-edicion-de-la-gala-de-premios-mlnr\/#primaryimage"},"image":{"@id":"https:\/\/www.mlnr.ro\/es\/gala-premiilor\/segunda-edicion-de-la-gala-de-premios-mlnr\/#primaryimage"},"thumbnailUrl":"https:\/\/www.mlnr.ro\/wp-content\/uploads\/2024\/09\/ateneul.jpg","datePublished":"2026-02-27T18:28:22+00:00","dateModified":"2026-04-24T08:35:51+00:00","breadcrumb":{"@id":"https:\/\/www.mlnr.ro\/es\/gala-premiilor\/segunda-edicion-de-la-gala-de-premios-mlnr\/#breadcrumb"},"inLanguage":"es-ES","potentialAction":[{"@type":"ReadAction","target":["https:\/\/www.mlnr.ro\/es\/gala-premiilor\/segunda-edicion-de-la-gala-de-premios-mlnr\/"]}]},{"@type":"ImageObject","inLanguage":"es-ES","@id":"https:\/\/www.mlnr.ro\/es\/gala-premiilor\/segunda-edicion-de-la-gala-de-premios-mlnr\/#primaryimage","url":"https:\/\/www.mlnr.ro\/wp-content\/uploads\/2024\/09\/ateneul.jpg","contentUrl":"https:\/\/www.mlnr.ro\/wp-content\/uploads\/2024\/09\/ateneul.jpg","width":1920,"height":1008},{"@type":"BreadcrumbList","@id":"https:\/\/www.mlnr.ro\/es\/gala-premiilor\/segunda-edicion-de-la-gala-de-premios-mlnr\/#breadcrumb","itemListElement":[{"@type":"ListItem","position":1,"name":"Prima pagin\u0103","item":"https:\/\/www.mlnr.ro\/es\/acasa\/"},{"@type":"ListItem","position":2,"name":"Segunda edici\u00f3n de la Gala de Premios de la GLNR"}]},{"@type":"WebSite","@id":"https:\/\/www.mlnr.ro\/es\/#website","url":"https:\/\/www.mlnr.ro\/es\/","name":"MLNR","description":"","publisher":{"@id":"https:\/\/www.mlnr.ro\/es\/#organization"},"potentialAction":[{"@type":"SearchAction","target":{"@type":"EntryPoint","urlTemplate":"https:\/\/www.mlnr.ro\/es\/?s={search_term_string}"},"query-input":{"@type":"PropertyValueSpecification","valueRequired":true,"valueName":"search_term_string"}}],"inLanguage":"es-ES"},{"@type":"Organization","@id":"https:\/\/www.mlnr.ro\/es\/#organization","name":"MLNR","url":"https:\/\/www.mlnr.ro\/es\/","logo":{"@type":"ImageObject","inLanguage":"es-ES","@id":"https:\/\/www.mlnr.ro\/es\/#\/schema\/logo\/image\/","url":"https:\/\/www.mlnr.ro\/wp-content\/uploads\/2025\/12\/prj-edited.png","contentUrl":"https:\/\/www.mlnr.ro\/wp-content\/uploads\/2025\/12\/prj-edited.png","width":300,"height":188,"caption":"MLNR"},"image":{"@id":"https:\/\/www.mlnr.ro\/es\/#\/schema\/logo\/image\/"}}]}},"_links":{"self":[{"href":"https:\/\/www.mlnr.ro\/es\/wp-json\/wp\/v2\/gala_premiilor\/4185","targetHints":{"allow":["GET"]}}],"collection":[{"href":"https:\/\/www.mlnr.ro\/es\/wp-json\/wp\/v2\/gala_premiilor"}],"about":[{"href":"https:\/\/www.mlnr.ro\/es\/wp-json\/wp\/v2\/types\/gala_premiilor"}],"version-history":[{"count":3,"href":"https:\/\/www.mlnr.ro\/es\/wp-json\/wp\/v2\/gala_premiilor\/4185\/revisions"}],"predecessor-version":[{"id":5283,"href":"https:\/\/www.mlnr.ro\/es\/wp-json\/wp\/v2\/gala_premiilor\/4185\/revisions\/5283"}],"wp:featuredmedia":[{"embeddable":true,"href":"https:\/\/www.mlnr.ro\/es\/wp-json\/wp\/v2\/media\/2005"}],"wp:attachment":[{"href":"https:\/\/www.mlnr.ro\/es\/wp-json\/wp\/v2\/media?parent=4185"}],"curies":[{"name":"wp","href":"https:\/\/api.w.org\/{rel}","templated":true}]}}