{"id":4193,"date":"2026-02-27T20:35:05","date_gmt":"2026-02-27T18:35:05","guid":{"rendered":"https:\/\/www.mlnr.ro\/gala-premiilor\/iii-edicion-de-la-gala-de-premios-mlnr\/"},"modified":"2026-04-24T11:36:17","modified_gmt":"2026-04-24T08:36:17","slug":"iii-edicion-de-la-gala-de-premios-mlnr","status":"publish","type":"gala_premiilor","link":"https:\/\/www.mlnr.ro\/es\/gala-premiilor\/iii-edicion-de-la-gala-de-premios-mlnr\/","title":{"rendered":"III edici\u00f3n de la Gala de Premios de la GLNR"},"content":{"rendered":"\n<p><strong>I. El Premio GRIGORE MOISIL de Ciencias Exactas<\/strong> fue otorgado a \u0218tefan Papadima, del Instituto de Matem\u00e1ticas de la Academia Rumana, por el conjunto de trabajos sobre topolog\u00eda y geometr\u00eda algebraica publicados en el pa\u00eds y en el extranjero en 2012.<\/p>\n\n<p><strong>II. El Premio HENRI COAND\u0102 de Ciencias Aplicadas<\/strong> fue otorgado a Maria Petrescu, de la Universidad Polit\u00e9cnica de Bucarest, por su obra Tratado de ciencia e ingenier\u00eda de materiales met\u00e1licos, 5 vol\u00famenes, 2006-2012. Por primera vez desde el inicio de la Gala de Premios de la Gran Logia, el premio fue otorgado a una mujer. <\/p>\n\n<p><strong>III. El Premio CAROL DAVILA de Medicina<\/strong> fue otorgado al profesor asociado Dr. Jianu Drago\u0219-C\u0103t\u0103lin, de la Universidad de Medicina y Farmacia \u00abVictor Babe\u0219\u00bb, de Timi\u0219oara. Es autor de una monograf\u00eda en el campo de la neurooftalmolog\u00eda titulada: \u00abEcograf\u00eda Doppler color. Interferencias oftalmol\u00f3gicas y neurol\u00f3gicas\u00bb. Es conocido por su contribuci\u00f3n a la definici\u00f3n de las neuropat\u00edas \u00f3pticas isqu\u00e9micas anteriores, logrando caracterizar las formas arter\u00edticas de las no arter\u00edticas. Es autor y colaborador de la revista \u00abAmerican Journal of Neuroprotection and Neuroregeneration\u00bb.    <\/p>\n\n<p><strong>IV. El Premio NICOLAE TITULESCU de Diplomacia y Ciencias Pol\u00edticas<\/strong> fue otorgado a Mihnea Motoc, embajador de Ruman\u00eda ante la Uni\u00f3n Europea.<\/p>\n\n<p><strong>V. El Premio EUGENIU CARADA de Econom\u00eda<\/strong> fue otorgado a Lucian Croitoru por su obra Pol\u00edtica monetaria; hip\u00f3tesis poco convencionales: el ataque especulativo; la crisis de la zona euro, el desempleo; la inflaci\u00f3n, Editorial Curtea Veche, Bucarest, 2012.<\/p>\n\n<p><strong>VI. El premio SPIRU HARET para Educaci\u00f3n, Medio Ambiente e Inform\u00e1tica<\/strong> fue otorgado a Horia Pop, de la Universidad Babe\u015f-Bolyai de Cluj-Napoca, por su conjunto de trabajos relacionados con la inteligencia artificial.<\/p>\n\n<p><strong>VII. El Premio CONSTANTIN BR\u00c2NCU\u0218I para el Arte y la Cultura<\/strong> fue otorgado a George Virgil Stoenescu por su volumen de poemas Roata Norocului (La rueda de la fortuna), publicado por la editorial Univers Enciclopedic Gold en 2012.<\/p>\n","protected":false},"excerpt":{"rendered":"<p>I. El Premio GRIGORE MOISIL de Ciencias Exactas fue otorgado a \u0218tefan Papadima, del Instituto de Matem\u00e1ticas de la Academia Rumana, por el conjunto de trabajos sobre topolog\u00eda y geometr\u00eda algebraica publicados en el pa\u00eds y en el extranjero en 2012. II. El Premio HENRI COAND\u0102 de Ciencias Aplicadas fue otorgado a Maria Petrescu, de&hellip; <a class=\"more-link\" href=\"https:\/\/www.mlnr.ro\/es\/gala-premiilor\/iii-edicion-de-la-gala-de-premios-mlnr\/\">Continue reading <span class=\"screen-reader-text\">III edici\u00f3n de la Gala de Premios de la GLNR<\/span><\/a><\/p>\n","protected":false},"featured_media":2005,"template":"","class_list":["post-4193","gala_premiilor","type-gala_premiilor","status-publish","has-post-thumbnail","hentry","entry"],"acf":[],"yoast_head":"<!-- This site is optimized with the Yoast SEO plugin v27.0 - https:\/\/yoast.com\/product\/yoast-seo-wordpress\/ -->\n<title>III edici\u00f3n de la Gala de Premios de la GLNR - MLNR<\/title>\n<meta name=\"robots\" content=\"index, follow, max-snippet:-1, max-image-preview:large, max-video-preview:-1\" \/>\n<link rel=\"canonical\" href=\"https:\/\/www.mlnr.ro\/es\/gala-premiilor\/iii-edicion-de-la-gala-de-premios-mlnr\/\" \/>\n<meta property=\"og:locale\" content=\"es_ES\" \/>\n<meta property=\"og:type\" content=\"article\" \/>\n<meta property=\"og:title\" content=\"III edici\u00f3n de la Gala de Premios de la GLNR - MLNR\" \/>\n<meta property=\"og:description\" content=\"I. El Premio GRIGORE MOISIL de Ciencias Exactas fue otorgado a \u0218tefan Papadima, del Instituto de Matem\u00e1ticas de la Academia Rumana, por el conjunto de trabajos sobre topolog\u00eda y geometr\u00eda algebraica publicados en el pa\u00eds y en el extranjero en 2012. II. El Premio HENRI COAND\u0102 de Ciencias Aplicadas fue otorgado a Maria Petrescu, de&hellip; Continue reading III edici\u00f3n de la Gala de Premios de la GLNR\" \/>\n<meta property=\"og:url\" content=\"https:\/\/www.mlnr.ro\/es\/gala-premiilor\/iii-edicion-de-la-gala-de-premios-mlnr\/\" \/>\n<meta property=\"og:site_name\" content=\"MLNR\" \/>\n<meta property=\"article:modified_time\" content=\"2026-04-24T08:36:17+00:00\" \/>\n<meta property=\"og:image\" content=\"https:\/\/www.mlnr.ro\/wp-content\/uploads\/2024\/09\/ateneul.jpg\" \/>\n\t<meta property=\"og:image:width\" content=\"1920\" \/>\n\t<meta property=\"og:image:height\" content=\"1008\" \/>\n\t<meta property=\"og:image:type\" content=\"image\/jpeg\" \/>\n<meta name=\"twitter:card\" content=\"summary_large_image\" \/>\n<meta name=\"twitter:label1\" content=\"Tiempo de lectura\" \/>\n\t<meta name=\"twitter:data1\" content=\"2 minutes\" \/>\n<script type=\"application\/ld+json\" class=\"yoast-schema-graph\">{\"@context\":\"https:\/\/schema.org\",\"@graph\":[{\"@type\":\"WebPage\",\"@id\":\"https:\/\/www.mlnr.ro\/es\/gala-premiilor\/iii-edicion-de-la-gala-de-premios-mlnr\/\",\"url\":\"https:\/\/www.mlnr.ro\/es\/gala-premiilor\/iii-edicion-de-la-gala-de-premios-mlnr\/\",\"name\":\"III edici\u00f3n de la Gala de Premios de la GLNR - MLNR\",\"isPartOf\":{\"@id\":\"https:\/\/www.mlnr.ro\/es\/#website\"},\"primaryImageOfPage\":{\"@id\":\"https:\/\/www.mlnr.ro\/es\/gala-premiilor\/iii-edicion-de-la-gala-de-premios-mlnr\/#primaryimage\"},\"image\":{\"@id\":\"https:\/\/www.mlnr.ro\/es\/gala-premiilor\/iii-edicion-de-la-gala-de-premios-mlnr\/#primaryimage\"},\"thumbnailUrl\":\"https:\/\/www.mlnr.ro\/wp-content\/uploads\/2024\/09\/ateneul.jpg\",\"datePublished\":\"2026-02-27T18:35:05+00:00\",\"dateModified\":\"2026-04-24T08:36:17+00:00\",\"breadcrumb\":{\"@id\":\"https:\/\/www.mlnr.ro\/es\/gala-premiilor\/iii-edicion-de-la-gala-de-premios-mlnr\/#breadcrumb\"},\"inLanguage\":\"es-ES\",\"potentialAction\":[{\"@type\":\"ReadAction\",\"target\":[\"https:\/\/www.mlnr.ro\/es\/gala-premiilor\/iii-edicion-de-la-gala-de-premios-mlnr\/\"]}]},{\"@type\":\"ImageObject\",\"inLanguage\":\"es-ES\",\"@id\":\"https:\/\/www.mlnr.ro\/es\/gala-premiilor\/iii-edicion-de-la-gala-de-premios-mlnr\/#primaryimage\",\"url\":\"https:\/\/www.mlnr.ro\/wp-content\/uploads\/2024\/09\/ateneul.jpg\",\"contentUrl\":\"https:\/\/www.mlnr.ro\/wp-content\/uploads\/2024\/09\/ateneul.jpg\",\"width\":1920,\"height\":1008},{\"@type\":\"BreadcrumbList\",\"@id\":\"https:\/\/www.mlnr.ro\/es\/gala-premiilor\/iii-edicion-de-la-gala-de-premios-mlnr\/#breadcrumb\",\"itemListElement\":[{\"@type\":\"ListItem\",\"position\":1,\"name\":\"Prima pagin\u0103\",\"item\":\"https:\/\/www.mlnr.ro\/es\/acasa\/\"},{\"@type\":\"ListItem\",\"position\":2,\"name\":\"III edici\u00f3n de la Gala de Premios de la GLNR\"}]},{\"@type\":\"WebSite\",\"@id\":\"https:\/\/www.mlnr.ro\/es\/#website\",\"url\":\"https:\/\/www.mlnr.ro\/es\/\",\"name\":\"MLNR\",\"description\":\"\",\"publisher\":{\"@id\":\"https:\/\/www.mlnr.ro\/es\/#organization\"},\"potentialAction\":[{\"@type\":\"SearchAction\",\"target\":{\"@type\":\"EntryPoint\",\"urlTemplate\":\"https:\/\/www.mlnr.ro\/es\/?s={search_term_string}\"},\"query-input\":{\"@type\":\"PropertyValueSpecification\",\"valueRequired\":true,\"valueName\":\"search_term_string\"}}],\"inLanguage\":\"es-ES\"},{\"@type\":\"Organization\",\"@id\":\"https:\/\/www.mlnr.ro\/es\/#organization\",\"name\":\"MLNR\",\"url\":\"https:\/\/www.mlnr.ro\/es\/\",\"logo\":{\"@type\":\"ImageObject\",\"inLanguage\":\"es-ES\",\"@id\":\"https:\/\/www.mlnr.ro\/es\/#\/schema\/logo\/image\/\",\"url\":\"https:\/\/www.mlnr.ro\/wp-content\/uploads\/2025\/12\/prj-edited.png\",\"contentUrl\":\"https:\/\/www.mlnr.ro\/wp-content\/uploads\/2025\/12\/prj-edited.png\",\"width\":300,\"height\":188,\"caption\":\"MLNR\"},\"image\":{\"@id\":\"https:\/\/www.mlnr.ro\/es\/#\/schema\/logo\/image\/\"}}]}<\/script>\n<!-- \/ Yoast SEO plugin. -->","yoast_head_json":{"title":"III edici\u00f3n de la Gala de Premios de la GLNR - MLNR","robots":{"index":"index","follow":"follow","max-snippet":"max-snippet:-1","max-image-preview":"max-image-preview:large","max-video-preview":"max-video-preview:-1"},"canonical":"https:\/\/www.mlnr.ro\/es\/gala-premiilor\/iii-edicion-de-la-gala-de-premios-mlnr\/","og_locale":"es_ES","og_type":"article","og_title":"III edici\u00f3n de la Gala de Premios de la GLNR - MLNR","og_description":"I. El Premio GRIGORE MOISIL de Ciencias Exactas fue otorgado a \u0218tefan Papadima, del Instituto de Matem\u00e1ticas de la Academia Rumana, por el conjunto de trabajos sobre topolog\u00eda y geometr\u00eda algebraica publicados en el pa\u00eds y en el extranjero en 2012. II. El Premio HENRI COAND\u0102 de Ciencias Aplicadas fue otorgado a Maria Petrescu, de&hellip; Continue reading III edici\u00f3n de la Gala de Premios de la GLNR","og_url":"https:\/\/www.mlnr.ro\/es\/gala-premiilor\/iii-edicion-de-la-gala-de-premios-mlnr\/","og_site_name":"MLNR","article_modified_time":"2026-04-24T08:36:17+00:00","og_image":[{"width":1920,"height":1008,"url":"https:\/\/www.mlnr.ro\/wp-content\/uploads\/2024\/09\/ateneul.jpg","type":"image\/jpeg"}],"twitter_card":"summary_large_image","twitter_misc":{"Tiempo de lectura":"2 minutes"},"schema":{"@context":"https:\/\/schema.org","@graph":[{"@type":"WebPage","@id":"https:\/\/www.mlnr.ro\/es\/gala-premiilor\/iii-edicion-de-la-gala-de-premios-mlnr\/","url":"https:\/\/www.mlnr.ro\/es\/gala-premiilor\/iii-edicion-de-la-gala-de-premios-mlnr\/","name":"III edici\u00f3n de la Gala de Premios de la GLNR - MLNR","isPartOf":{"@id":"https:\/\/www.mlnr.ro\/es\/#website"},"primaryImageOfPage":{"@id":"https:\/\/www.mlnr.ro\/es\/gala-premiilor\/iii-edicion-de-la-gala-de-premios-mlnr\/#primaryimage"},"image":{"@id":"https:\/\/www.mlnr.ro\/es\/gala-premiilor\/iii-edicion-de-la-gala-de-premios-mlnr\/#primaryimage"},"thumbnailUrl":"https:\/\/www.mlnr.ro\/wp-content\/uploads\/2024\/09\/ateneul.jpg","datePublished":"2026-02-27T18:35:05+00:00","dateModified":"2026-04-24T08:36:17+00:00","breadcrumb":{"@id":"https:\/\/www.mlnr.ro\/es\/gala-premiilor\/iii-edicion-de-la-gala-de-premios-mlnr\/#breadcrumb"},"inLanguage":"es-ES","potentialAction":[{"@type":"ReadAction","target":["https:\/\/www.mlnr.ro\/es\/gala-premiilor\/iii-edicion-de-la-gala-de-premios-mlnr\/"]}]},{"@type":"ImageObject","inLanguage":"es-ES","@id":"https:\/\/www.mlnr.ro\/es\/gala-premiilor\/iii-edicion-de-la-gala-de-premios-mlnr\/#primaryimage","url":"https:\/\/www.mlnr.ro\/wp-content\/uploads\/2024\/09\/ateneul.jpg","contentUrl":"https:\/\/www.mlnr.ro\/wp-content\/uploads\/2024\/09\/ateneul.jpg","width":1920,"height":1008},{"@type":"BreadcrumbList","@id":"https:\/\/www.mlnr.ro\/es\/gala-premiilor\/iii-edicion-de-la-gala-de-premios-mlnr\/#breadcrumb","itemListElement":[{"@type":"ListItem","position":1,"name":"Prima pagin\u0103","item":"https:\/\/www.mlnr.ro\/es\/acasa\/"},{"@type":"ListItem","position":2,"name":"III edici\u00f3n de la Gala de Premios de la GLNR"}]},{"@type":"WebSite","@id":"https:\/\/www.mlnr.ro\/es\/#website","url":"https:\/\/www.mlnr.ro\/es\/","name":"MLNR","description":"","publisher":{"@id":"https:\/\/www.mlnr.ro\/es\/#organization"},"potentialAction":[{"@type":"SearchAction","target":{"@type":"EntryPoint","urlTemplate":"https:\/\/www.mlnr.ro\/es\/?s={search_term_string}"},"query-input":{"@type":"PropertyValueSpecification","valueRequired":true,"valueName":"search_term_string"}}],"inLanguage":"es-ES"},{"@type":"Organization","@id":"https:\/\/www.mlnr.ro\/es\/#organization","name":"MLNR","url":"https:\/\/www.mlnr.ro\/es\/","logo":{"@type":"ImageObject","inLanguage":"es-ES","@id":"https:\/\/www.mlnr.ro\/es\/#\/schema\/logo\/image\/","url":"https:\/\/www.mlnr.ro\/wp-content\/uploads\/2025\/12\/prj-edited.png","contentUrl":"https:\/\/www.mlnr.ro\/wp-content\/uploads\/2025\/12\/prj-edited.png","width":300,"height":188,"caption":"MLNR"},"image":{"@id":"https:\/\/www.mlnr.ro\/es\/#\/schema\/logo\/image\/"}}]}},"_links":{"self":[{"href":"https:\/\/www.mlnr.ro\/es\/wp-json\/wp\/v2\/gala_premiilor\/4193","targetHints":{"allow":["GET"]}}],"collection":[{"href":"https:\/\/www.mlnr.ro\/es\/wp-json\/wp\/v2\/gala_premiilor"}],"about":[{"href":"https:\/\/www.mlnr.ro\/es\/wp-json\/wp\/v2\/types\/gala_premiilor"}],"version-history":[{"count":7,"href":"https:\/\/www.mlnr.ro\/es\/wp-json\/wp\/v2\/gala_premiilor\/4193\/revisions"}],"predecessor-version":[{"id":5285,"href":"https:\/\/www.mlnr.ro\/es\/wp-json\/wp\/v2\/gala_premiilor\/4193\/revisions\/5285"}],"wp:featuredmedia":[{"embeddable":true,"href":"https:\/\/www.mlnr.ro\/es\/wp-json\/wp\/v2\/media\/2005"}],"wp:attachment":[{"href":"https:\/\/www.mlnr.ro\/es\/wp-json\/wp\/v2\/media?parent=4193"}],"curies":[{"name":"wp","href":"https:\/\/api.w.org\/{rel}","templated":true}]}}