{"id":4039,"date":"2026-02-27T16:57:14","date_gmt":"2026-02-27T14:57:14","guid":{"rendered":"https:\/\/www.mlnr.ro\/activitati_sociale\/gala-du-centenaire-de-la-federation-roumaine-daviron\/"},"modified":"2026-02-27T16:57:14","modified_gmt":"2026-02-27T14:57:14","slug":"gala-du-centenaire-de-la-federation-roumaine-daviron","status":"publish","type":"activitati_sociale","link":"https:\/\/www.mlnr.ro\/fr\/activitati_sociale\/gala-du-centenaire-de-la-federation-roumaine-daviron\/","title":{"rendered":"Gala du centenaire de la F\u00e9d\u00e9ration roumaine d&#8217;aviron"},"content":{"rendered":"\n<p><strong>Palais du Parlement<\/strong><\/p>\n\n<p>Il y a des moments dans l&#8217;histoire d&#8217;une nation o\u00f9 l&#8217;effort individuel se transforme en rythme collectif et o\u00f9 le travail devient art. Un tel moment a \u00e9t\u00e9 marqu\u00e9 le 27 novembre 2025, sous la coupole du Palais du Parlement, o\u00f9 tradition et excellence se sont r\u00e9unies pour c\u00e9l\u00e9brer un si\u00e8cle de performances : le centenaire de la F\u00e9d\u00e9ration roumaine d&#8217;aviron. <\/p>\n\n<p>Dans ce contexte hautement symbolique, la Grande Loge nationale de Roumanie, en partenariat avec Romfilatelia, a rendu hommage \u00e0 la pers\u00e9v\u00e9rance, \u00e0 la discipline et \u00e0 l&#8217;esprit de vainqueur de l&#8217;aviron roumain en lan\u00e7ant un timbre et une enveloppe anniversaire d\u00e9di\u00e9s \u00e0 cet \u00e9v\u00e9nement historique.<\/p>\n\n<p><strong>Symboles qui perdurent<\/strong><\/p>\n\n<p>L&#8217;initiative philat\u00e9lique d\u00e9passe la valeur d&#8217;un geste comm\u00e9moratif. Elle s&#8217;inscrit comme un acte de pr\u00e9servation de la m\u00e9moire collective. La philat\u00e9lie transforme la performance en m\u00e9moire publique et permet aux rep\u00e8res de circuler au-del\u00e0 du moment pr\u00e9sent. Tout comme l&#8217;aviron exige synchronisation, rigueur et force int\u00e9rieure, la construction d&#8217;une soci\u00e9t\u00e9 harmonieuse repose sur les m\u00eames fondements : discipline, caract\u00e8re et bon sens.   <\/p>\n\n<p>Le timbre et l&#8217;enveloppe comm\u00e9moratifs, pr\u00e9sent\u00e9s en avant-premi\u00e8re lors du Gala, ne sont pas de simples objets de collection. Ils deviennent les t\u00e9moins silencieux d&#8217;une histoire \u00e9crite avec sacrifice, pers\u00e9v\u00e9rance et passion, sur les eaux du monde. <\/p>\n\n<p>\u00ab La tradition ne consiste pas \u00e0 conserver les cendres, mais \u00e0 entretenir le feu. \u00bb Dans cet esprit, en signe de reconnaissance envers ceux qui ont b\u00e2ti cette histoire \u2014 des champions consacr\u00e9s aux g\u00e9n\u00e9rations futures \u2014, une enveloppe anniversaire a \u00e9t\u00e9 remise \u00e0 chaque participant, en signe de reconnaissance et de continuit\u00e9.<\/p>\n\n<p><strong>Ramer ensemble vers l&#8217;avenir<\/strong><\/p>\n\n<p>Le partenariat entre la Grande Loge Nationale de Roumanie et Romfilatelia affirme un engagement commun en faveur de la d\u00e9fense des valeurs authentiques et de la mise en lumi\u00e8re des rep\u00e8res de moralit\u00e9, de dignit\u00e9 et d&#8217;excellence de la Roumanie.<\/p>\n\n<p>Ce n&#8217;est pas seulement un si\u00e8cle d&#8217;aviron qui est c\u00e9l\u00e9br\u00e9. C&#8217;est un si\u00e8cle de d\u00e9termination qui est c\u00e9l\u00e9br\u00e9. Gr\u00e2ce \u00e0 la culture, au respect de la performance et \u00e0 la fid\u00e9lit\u00e9 aux valeurs, ce chemin continue dans une seule direction : la p\u00e9rennit\u00e9 de l&#8217;esprit roumain.  <\/p>\n<div class=\"my-pswp-v4-gallery gallery-columns-2\"><div class=\"grid-sizer\"><\/div><figure class=\"my-pswp-v4-item grid-item\"><a href=\"https:\/\/www.mlnr.ro\/wp-content\/uploads\/2026\/01\/WhatsApp-Image-2026-01-21-at-16.08.24-1.jpeg\" data-size=\"1600x1067\" data-title=\"WhatsApp Image 2026-01-21 at 16.08.24 (1)\"><div class=\"background-image\" style=\"background-image: url(https:\/\/www.mlnr.ro\/wp-content\/uploads\/2026\/01\/WhatsApp-Image-2026-01-21-at-16.08.24-1-300x200.jpeg); background-size: cover; background-position: center; padding-top: 75%;\"><\/div><\/a><\/figure><figure class=\"my-pswp-v4-item grid-item\"><a href=\"https:\/\/www.mlnr.ro\/wp-content\/uploads\/2026\/01\/WhatsApp-Image-2026-01-21-at-16.08.24.jpeg\" data-size=\"1600x1067\" data-title=\"WhatsApp Image 2026-01-21 at 16.08.24\"><div class=\"background-image\" style=\"background-image: url(https:\/\/www.mlnr.ro\/wp-content\/uploads\/2026\/01\/WhatsApp-Image-2026-01-21-at-16.08.24-300x200.jpeg); background-size: cover; background-position: center; padding-top: 75%;\"><\/div><\/a><\/figure><figure class=\"my-pswp-v4-item grid-item\"><a href=\"https:\/\/www.mlnr.ro\/wp-content\/uploads\/2026\/01\/WhatsApp-Image-2026-01-21-at-16.08.25.jpeg\" data-size=\"1600x1067\" data-title=\"WhatsApp Image 2026-01-21 at 16.08.25\"><div class=\"background-image\" style=\"background-image: url(https:\/\/www.mlnr.ro\/wp-content\/uploads\/2026\/01\/WhatsApp-Image-2026-01-21-at-16.08.25-300x200.jpeg); background-size: cover; background-position: center; padding-top: 75%;\"><\/div><\/a><\/figure><figure class=\"my-pswp-v4-item grid-item\"><a href=\"https:\/\/www.mlnr.ro\/wp-content\/uploads\/2026\/01\/WhatsApp-Image-2026-01-21-at-16.08.24-2.jpeg\" data-size=\"1600x795\" data-title=\"WhatsApp Image 2026-01-21 at 16.08.24 (2)\"><div class=\"background-image\" style=\"background-image: url(https:\/\/www.mlnr.ro\/wp-content\/uploads\/2026\/01\/WhatsApp-Image-2026-01-21-at-16.08.24-2-300x149.jpeg); background-size: cover; background-position: center; padding-top: 75%;\"><\/div><\/a><\/figure><\/div>","protected":false},"excerpt":{"rendered":"<p>Palais du Parlement Il y a des moments dans l&#8217;histoire d&#8217;une nation o\u00f9 l&#8217;effort individuel se transforme en rythme collectif et o\u00f9 le travail devient art. Un tel moment a \u00e9t\u00e9 marqu\u00e9 le 27 novembre 2025, sous la coupole du Palais du Parlement, o\u00f9 tradition et excellence se sont r\u00e9unies pour c\u00e9l\u00e9brer un si\u00e8cle de&hellip; <a class=\"more-link\" href=\"https:\/\/www.mlnr.ro\/fr\/activitati_sociale\/gala-du-centenaire-de-la-federation-roumaine-daviron\/\">Continue reading <span class=\"screen-reader-text\">Gala du centenaire de la F\u00e9d\u00e9ration roumaine d&#8217;aviron<\/span><\/a><\/p>\n","protected":false},"featured_media":2934,"template":"","class_list":["post-4039","activitati_sociale","type-activitati_sociale","status-publish","has-post-thumbnail","hentry","entry"],"acf":[],"yoast_head":"<!-- This site is optimized with the Yoast SEO plugin v27.0 - https:\/\/yoast.com\/product\/yoast-seo-wordpress\/ -->\n<title>Gala du centenaire de la F\u00e9d\u00e9ration roumaine d&#039;aviron - MLNR<\/title>\n<meta name=\"robots\" content=\"index, follow, max-snippet:-1, max-image-preview:large, max-video-preview:-1\" \/>\n<link rel=\"canonical\" href=\"https:\/\/www.mlnr.ro\/fr\/activitati_sociale\/gala-du-centenaire-de-la-federation-roumaine-daviron\/\" \/>\n<meta property=\"og:locale\" content=\"fr_FR\" \/>\n<meta property=\"og:type\" content=\"article\" \/>\n<meta property=\"og:title\" content=\"Gala du centenaire de la F\u00e9d\u00e9ration roumaine d&#039;aviron - MLNR\" \/>\n<meta property=\"og:description\" content=\"Palais du Parlement Il y a des moments dans l&#8217;histoire d&#8217;une nation o\u00f9 l&#8217;effort individuel se transforme en rythme collectif et o\u00f9 le travail devient art. Un tel moment a \u00e9t\u00e9 marqu\u00e9 le 27 novembre 2025, sous la coupole du Palais du Parlement, o\u00f9 tradition et excellence se sont r\u00e9unies pour c\u00e9l\u00e9brer un si\u00e8cle de&hellip; Continue reading Gala du centenaire de la F\u00e9d\u00e9ration roumaine d&#8217;aviron\" \/>\n<meta property=\"og:url\" content=\"https:\/\/www.mlnr.ro\/fr\/activitati_sociale\/gala-du-centenaire-de-la-federation-roumaine-daviron\/\" \/>\n<meta property=\"og:site_name\" content=\"MLNR\" \/>\n<meta property=\"og:image\" content=\"https:\/\/www.mlnr.ro\/wp-content\/uploads\/2026\/01\/WhatsApp-Image-2026-01-21-at-16.08.24.jpeg\" \/>\n\t<meta property=\"og:image:width\" content=\"1600\" \/>\n\t<meta property=\"og:image:height\" content=\"1067\" \/>\n\t<meta property=\"og:image:type\" content=\"image\/jpeg\" \/>\n<meta name=\"twitter:card\" content=\"summary_large_image\" \/>\n<meta name=\"twitter:label1\" content=\"Dur\u00e9e de lecture estim\u00e9e\" \/>\n\t<meta name=\"twitter:data1\" content=\"2 minutes\" \/>\n<script type=\"application\/ld+json\" class=\"yoast-schema-graph\">{\"@context\":\"https:\/\/schema.org\",\"@graph\":[{\"@type\":\"WebPage\",\"@id\":\"https:\/\/www.mlnr.ro\/fr\/activitati_sociale\/gala-du-centenaire-de-la-federation-roumaine-daviron\/\",\"url\":\"https:\/\/www.mlnr.ro\/fr\/activitati_sociale\/gala-du-centenaire-de-la-federation-roumaine-daviron\/\",\"name\":\"Gala du centenaire de la F\u00e9d\u00e9ration roumaine d'aviron - MLNR\",\"isPartOf\":{\"@id\":\"https:\/\/www.mlnr.ro\/fr\/#website\"},\"primaryImageOfPage\":{\"@id\":\"https:\/\/www.mlnr.ro\/fr\/activitati_sociale\/gala-du-centenaire-de-la-federation-roumaine-daviron\/#primaryimage\"},\"image\":{\"@id\":\"https:\/\/www.mlnr.ro\/fr\/activitati_sociale\/gala-du-centenaire-de-la-federation-roumaine-daviron\/#primaryimage\"},\"thumbnailUrl\":\"https:\/\/www.mlnr.ro\/wp-content\/uploads\/2026\/01\/WhatsApp-Image-2026-01-21-at-16.08.24.jpeg\",\"datePublished\":\"2026-02-27T14:57:14+00:00\",\"breadcrumb\":{\"@id\":\"https:\/\/www.mlnr.ro\/fr\/activitati_sociale\/gala-du-centenaire-de-la-federation-roumaine-daviron\/#breadcrumb\"},\"inLanguage\":\"fr-FR\",\"potentialAction\":[{\"@type\":\"ReadAction\",\"target\":[\"https:\/\/www.mlnr.ro\/fr\/activitati_sociale\/gala-du-centenaire-de-la-federation-roumaine-daviron\/\"]}]},{\"@type\":\"ImageObject\",\"inLanguage\":\"fr-FR\",\"@id\":\"https:\/\/www.mlnr.ro\/fr\/activitati_sociale\/gala-du-centenaire-de-la-federation-roumaine-daviron\/#primaryimage\",\"url\":\"https:\/\/www.mlnr.ro\/wp-content\/uploads\/2026\/01\/WhatsApp-Image-2026-01-21-at-16.08.24.jpeg\",\"contentUrl\":\"https:\/\/www.mlnr.ro\/wp-content\/uploads\/2026\/01\/WhatsApp-Image-2026-01-21-at-16.08.24.jpeg\",\"width\":1600,\"height\":1067},{\"@type\":\"BreadcrumbList\",\"@id\":\"https:\/\/www.mlnr.ro\/fr\/activitati_sociale\/gala-du-centenaire-de-la-federation-roumaine-daviron\/#breadcrumb\",\"itemListElement\":[{\"@type\":\"ListItem\",\"position\":1,\"name\":\"Prima pagin\u0103\",\"item\":\"https:\/\/www.mlnr.ro\/fr\/acasa\/\"},{\"@type\":\"ListItem\",\"position\":2,\"name\":\"Gala du centenaire de la F\u00e9d\u00e9ration roumaine d&#8217;aviron\"}]},{\"@type\":\"WebSite\",\"@id\":\"https:\/\/www.mlnr.ro\/fr\/#website\",\"url\":\"https:\/\/www.mlnr.ro\/fr\/\",\"name\":\"MLNR\",\"description\":\"\",\"publisher\":{\"@id\":\"https:\/\/www.mlnr.ro\/fr\/#organization\"},\"potentialAction\":[{\"@type\":\"SearchAction\",\"target\":{\"@type\":\"EntryPoint\",\"urlTemplate\":\"https:\/\/www.mlnr.ro\/fr\/?s={search_term_string}\"},\"query-input\":{\"@type\":\"PropertyValueSpecification\",\"valueRequired\":true,\"valueName\":\"search_term_string\"}}],\"inLanguage\":\"fr-FR\"},{\"@type\":\"Organization\",\"@id\":\"https:\/\/www.mlnr.ro\/fr\/#organization\",\"name\":\"MLNR\",\"url\":\"https:\/\/www.mlnr.ro\/fr\/\",\"logo\":{\"@type\":\"ImageObject\",\"inLanguage\":\"fr-FR\",\"@id\":\"https:\/\/www.mlnr.ro\/fr\/#\/schema\/logo\/image\/\",\"url\":\"https:\/\/www.mlnr.ro\/wp-content\/uploads\/2025\/12\/prj-edited.png\",\"contentUrl\":\"https:\/\/www.mlnr.ro\/wp-content\/uploads\/2025\/12\/prj-edited.png\",\"width\":300,\"height\":188,\"caption\":\"MLNR\"},\"image\":{\"@id\":\"https:\/\/www.mlnr.ro\/fr\/#\/schema\/logo\/image\/\"}}]}<\/script>\n<!-- \/ Yoast SEO plugin. -->","yoast_head_json":{"title":"Gala du centenaire de la F\u00e9d\u00e9ration roumaine d'aviron - MLNR","robots":{"index":"index","follow":"follow","max-snippet":"max-snippet:-1","max-image-preview":"max-image-preview:large","max-video-preview":"max-video-preview:-1"},"canonical":"https:\/\/www.mlnr.ro\/fr\/activitati_sociale\/gala-du-centenaire-de-la-federation-roumaine-daviron\/","og_locale":"fr_FR","og_type":"article","og_title":"Gala du centenaire de la F\u00e9d\u00e9ration roumaine d'aviron - MLNR","og_description":"Palais du Parlement Il y a des moments dans l&#8217;histoire d&#8217;une nation o\u00f9 l&#8217;effort individuel se transforme en rythme collectif et o\u00f9 le travail devient art. Un tel moment a \u00e9t\u00e9 marqu\u00e9 le 27 novembre 2025, sous la coupole du Palais du Parlement, o\u00f9 tradition et excellence se sont r\u00e9unies pour c\u00e9l\u00e9brer un si\u00e8cle de&hellip; Continue reading Gala du centenaire de la F\u00e9d\u00e9ration roumaine d&#8217;aviron","og_url":"https:\/\/www.mlnr.ro\/fr\/activitati_sociale\/gala-du-centenaire-de-la-federation-roumaine-daviron\/","og_site_name":"MLNR","og_image":[{"width":1600,"height":1067,"url":"https:\/\/www.mlnr.ro\/wp-content\/uploads\/2026\/01\/WhatsApp-Image-2026-01-21-at-16.08.24.jpeg","type":"image\/jpeg"}],"twitter_card":"summary_large_image","twitter_misc":{"Dur\u00e9e de lecture estim\u00e9e":"2 minutes"},"schema":{"@context":"https:\/\/schema.org","@graph":[{"@type":"WebPage","@id":"https:\/\/www.mlnr.ro\/fr\/activitati_sociale\/gala-du-centenaire-de-la-federation-roumaine-daviron\/","url":"https:\/\/www.mlnr.ro\/fr\/activitati_sociale\/gala-du-centenaire-de-la-federation-roumaine-daviron\/","name":"Gala du centenaire de la F\u00e9d\u00e9ration roumaine d'aviron - MLNR","isPartOf":{"@id":"https:\/\/www.mlnr.ro\/fr\/#website"},"primaryImageOfPage":{"@id":"https:\/\/www.mlnr.ro\/fr\/activitati_sociale\/gala-du-centenaire-de-la-federation-roumaine-daviron\/#primaryimage"},"image":{"@id":"https:\/\/www.mlnr.ro\/fr\/activitati_sociale\/gala-du-centenaire-de-la-federation-roumaine-daviron\/#primaryimage"},"thumbnailUrl":"https:\/\/www.mlnr.ro\/wp-content\/uploads\/2026\/01\/WhatsApp-Image-2026-01-21-at-16.08.24.jpeg","datePublished":"2026-02-27T14:57:14+00:00","breadcrumb":{"@id":"https:\/\/www.mlnr.ro\/fr\/activitati_sociale\/gala-du-centenaire-de-la-federation-roumaine-daviron\/#breadcrumb"},"inLanguage":"fr-FR","potentialAction":[{"@type":"ReadAction","target":["https:\/\/www.mlnr.ro\/fr\/activitati_sociale\/gala-du-centenaire-de-la-federation-roumaine-daviron\/"]}]},{"@type":"ImageObject","inLanguage":"fr-FR","@id":"https:\/\/www.mlnr.ro\/fr\/activitati_sociale\/gala-du-centenaire-de-la-federation-roumaine-daviron\/#primaryimage","url":"https:\/\/www.mlnr.ro\/wp-content\/uploads\/2026\/01\/WhatsApp-Image-2026-01-21-at-16.08.24.jpeg","contentUrl":"https:\/\/www.mlnr.ro\/wp-content\/uploads\/2026\/01\/WhatsApp-Image-2026-01-21-at-16.08.24.jpeg","width":1600,"height":1067},{"@type":"BreadcrumbList","@id":"https:\/\/www.mlnr.ro\/fr\/activitati_sociale\/gala-du-centenaire-de-la-federation-roumaine-daviron\/#breadcrumb","itemListElement":[{"@type":"ListItem","position":1,"name":"Prima pagin\u0103","item":"https:\/\/www.mlnr.ro\/fr\/acasa\/"},{"@type":"ListItem","position":2,"name":"Gala du centenaire de la F\u00e9d\u00e9ration roumaine d&#8217;aviron"}]},{"@type":"WebSite","@id":"https:\/\/www.mlnr.ro\/fr\/#website","url":"https:\/\/www.mlnr.ro\/fr\/","name":"MLNR","description":"","publisher":{"@id":"https:\/\/www.mlnr.ro\/fr\/#organization"},"potentialAction":[{"@type":"SearchAction","target":{"@type":"EntryPoint","urlTemplate":"https:\/\/www.mlnr.ro\/fr\/?s={search_term_string}"},"query-input":{"@type":"PropertyValueSpecification","valueRequired":true,"valueName":"search_term_string"}}],"inLanguage":"fr-FR"},{"@type":"Organization","@id":"https:\/\/www.mlnr.ro\/fr\/#organization","name":"MLNR","url":"https:\/\/www.mlnr.ro\/fr\/","logo":{"@type":"ImageObject","inLanguage":"fr-FR","@id":"https:\/\/www.mlnr.ro\/fr\/#\/schema\/logo\/image\/","url":"https:\/\/www.mlnr.ro\/wp-content\/uploads\/2025\/12\/prj-edited.png","contentUrl":"https:\/\/www.mlnr.ro\/wp-content\/uploads\/2025\/12\/prj-edited.png","width":300,"height":188,"caption":"MLNR"},"image":{"@id":"https:\/\/www.mlnr.ro\/fr\/#\/schema\/logo\/image\/"}}]}},"_links":{"self":[{"href":"https:\/\/www.mlnr.ro\/fr\/wp-json\/wp\/v2\/activitati_sociale\/4039","targetHints":{"allow":["GET"]}}],"collection":[{"href":"https:\/\/www.mlnr.ro\/fr\/wp-json\/wp\/v2\/activitati_sociale"}],"about":[{"href":"https:\/\/www.mlnr.ro\/fr\/wp-json\/wp\/v2\/types\/activitati_sociale"}],"version-history":[{"count":1,"href":"https:\/\/www.mlnr.ro\/fr\/wp-json\/wp\/v2\/activitati_sociale\/4039\/revisions"}],"predecessor-version":[{"id":4040,"href":"https:\/\/www.mlnr.ro\/fr\/wp-json\/wp\/v2\/activitati_sociale\/4039\/revisions\/4040"}],"wp:featuredmedia":[{"embeddable":true,"href":"https:\/\/www.mlnr.ro\/fr\/wp-json\/wp\/v2\/media\/2934"}],"wp:attachment":[{"href":"https:\/\/www.mlnr.ro\/fr\/wp-json\/wp\/v2\/media?parent=4039"}],"curies":[{"name":"wp","href":"https:\/\/api.w.org\/{rel}","templated":true}]}}