{"id":4046,"date":"2026-02-27T17:06:05","date_gmt":"2026-02-27T15:06:05","guid":{"rendered":"https:\/\/www.mlnr.ro\/activitati_sociale\/les-leaders-naissent-ils-ou-se-construisent-ils\/"},"modified":"2026-04-24T09:43:29","modified_gmt":"2026-04-24T06:43:29","slug":"les-leaders-naissent-ils-ou-se-construisent-ils","status":"publish","type":"activitati_sociale","link":"https:\/\/www.mlnr.ro\/fr\/activitati_sociale\/les-leaders-naissent-ils-ou-se-construisent-ils\/","title":{"rendered":"Les leaders naissent-ils ou se construisent-ils ?"},"content":{"rendered":"\n<p>Premi\u00e8re conf\u00e9rence du programme \u00ab Leadership et diplomatie pour la Roumanie \u00bb<\/p>\n\n<p>Le 17 avril 2024, dans l&#8217;aula de la Biblioth\u00e8que centrale universitaire \u00ab Carol I \u00bb de Bucarest, s&#8217;est tenue la conf\u00e9rence \u00ab De la communication \u00e0 la diplomatie : former des leaders \u00bb, qui a r\u00e9uni des participants issus du milieu institutionnel, universitaire et de la soci\u00e9t\u00e9 civile, proposant un d\u00e9bat appliqu\u00e9 sur les comp\u00e9tences en mati\u00e8re de leadership et sur le r\u00f4le de la diplomatie dans un contexte international en mutation.<\/p>\n\n<p>La conf\u00e9rence a \u00e9t\u00e9 ouverte par les interventions du Grand Ma\u00eetre de la GLNR, C\u0103t\u0103lin Toh\u0103neanu, et du Grand Ma\u00eetre adjoint, Mircea Gheordunescu, qui ont soulign\u00e9 l&#8217;importance du leadership et de la diplomatie pour la soci\u00e9t\u00e9 actuelle.<\/p>\n\n<p>Parmi les principaux invit\u00e9s figurait Radu Co\u0219arc\u0103, professeur associ\u00e9 \u00e0 l&#8217;Universit\u00e9 de Bucarest (Facult\u00e9 de journalisme et des sciences de la communication). Dans sa pr\u00e9sentation intitul\u00e9e \u00ab Leader \u00e0 l&#8217;\u00e8re de la communication \u00bb, il a analys\u00e9 le r\u00f4le du leader dans un environnement m\u00e9diatique en constante \u00e9volution et a mis en \u00e9vidence les strat\u00e9gies n\u00e9cessaires pour une communication efficace et cr\u00e9dible. <\/p>\n\n<p>Un autre moment marquant a \u00e9t\u00e9 la conf\u00e9rence du g\u00e9n\u00e9ral de brigade (\u00e0 la retraite) Mihai-Liviu D\u0103nil\u0103, diplomate et professeur associ\u00e9 \u00e0 la CNAI et \u00e0 l&#8217;Acad\u00e9mie de police, ancien repr\u00e9sentant du minist\u00e8re des Affaires \u00e9trang\u00e8res. Dans son intervention intitul\u00e9e \u00ab Approches et d\u00e9fis pour un m\u00e9canisme int\u00e9gr\u00e9 de r\u00e9ponse aux crises \u00bb, il a pr\u00e9sent\u00e9 des perspectives issues de son exp\u00e9rience dans la gestion de situations complexes et a soulign\u00e9 la n\u00e9cessit\u00e9 d&#8217;une r\u00e9ponse coordonn\u00e9e, rapide et efficace. <\/p>\n\n<p>La conf\u00e9rence a servi de plateforme de dialogue et d&#8217;\u00e9change d&#8217;id\u00e9es, ax\u00e9e sur le d\u00e9veloppement des comp\u00e9tences en mati\u00e8re de leadership et de diplomatie. Cet \u00e9v\u00e9nement marque le lancement d&#8217;un programme qui vise \u00e0 soutenir la formation d&#8217;une nouvelle g\u00e9n\u00e9ration de leaders pr\u00eats \u00e0 relever les d\u00e9fis contemporains et \u00e0 contribuer \u00e0 l&#8217;\u00e9volution de la soci\u00e9t\u00e9 roumaine. <\/p>\n","protected":false},"excerpt":{"rendered":"<p>Premi\u00e8re conf\u00e9rence du programme \u00ab Leadership et diplomatie pour la Roumanie \u00bb Le 17 avril 2024, dans l&#8217;aula de la Biblioth\u00e8que centrale universitaire \u00ab Carol I \u00bb de Bucarest, s&#8217;est tenue la conf\u00e9rence \u00ab De la communication \u00e0 la diplomatie : former des leaders \u00bb, qui a r\u00e9uni des participants issus du milieu institutionnel, universitaire&hellip; <a class=\"more-link\" href=\"https:\/\/www.mlnr.ro\/fr\/activitati_sociale\/les-leaders-naissent-ils-ou-se-construisent-ils\/\">Continue reading <span class=\"screen-reader-text\">Les leaders naissent-ils ou se construisent-ils ?<\/span><\/a><\/p>\n","protected":false},"featured_media":3255,"template":"","class_list":["post-4046","activitati_sociale","type-activitati_sociale","status-publish","has-post-thumbnail","hentry","entry"],"acf":[],"yoast_head":"<!-- This site is optimized with the Yoast SEO plugin v27.0 - https:\/\/yoast.com\/product\/yoast-seo-wordpress\/ -->\n<title>Les leaders naissent-ils ou se construisent-ils ? - MLNR<\/title>\n<meta name=\"robots\" content=\"index, follow, max-snippet:-1, max-image-preview:large, max-video-preview:-1\" \/>\n<link rel=\"canonical\" href=\"https:\/\/www.mlnr.ro\/fr\/activitati_sociale\/les-leaders-naissent-ils-ou-se-construisent-ils\/\" \/>\n<meta property=\"og:locale\" content=\"fr_FR\" \/>\n<meta property=\"og:type\" content=\"article\" \/>\n<meta property=\"og:title\" content=\"Les leaders naissent-ils ou se construisent-ils ? - MLNR\" \/>\n<meta property=\"og:description\" content=\"Premi\u00e8re conf\u00e9rence du programme \u00ab Leadership et diplomatie pour la Roumanie \u00bb Le 17 avril 2024, dans l&#8217;aula de la Biblioth\u00e8que centrale universitaire \u00ab Carol I \u00bb de Bucarest, s&#8217;est tenue la conf\u00e9rence \u00ab De la communication \u00e0 la diplomatie : former des leaders \u00bb, qui a r\u00e9uni des participants issus du milieu institutionnel, universitaire&hellip; Continue reading Les leaders naissent-ils ou se construisent-ils ?\" \/>\n<meta property=\"og:url\" content=\"https:\/\/www.mlnr.ro\/fr\/activitati_sociale\/les-leaders-naissent-ils-ou-se-construisent-ils\/\" \/>\n<meta property=\"og:site_name\" content=\"MLNR\" \/>\n<meta property=\"article:modified_time\" content=\"2026-04-24T06:43:29+00:00\" \/>\n<meta property=\"og:image\" content=\"https:\/\/www.mlnr.ro\/wp-content\/uploads\/2026\/01\/WhatsApp-Image-2026-01-23-at-14.57.06.jpeg\" \/>\n\t<meta property=\"og:image:width\" content=\"2048\" \/>\n\t<meta property=\"og:image:height\" content=\"1365\" \/>\n\t<meta property=\"og:image:type\" content=\"image\/jpeg\" \/>\n<meta name=\"twitter:card\" content=\"summary_large_image\" \/>\n<meta name=\"twitter:label1\" content=\"Dur\u00e9e de lecture estim\u00e9e\" \/>\n\t<meta name=\"twitter:data1\" content=\"2 minutes\" \/>\n<script type=\"application\/ld+json\" class=\"yoast-schema-graph\">{\"@context\":\"https:\/\/schema.org\",\"@graph\":[{\"@type\":\"WebPage\",\"@id\":\"https:\/\/www.mlnr.ro\/fr\/activitati_sociale\/les-leaders-naissent-ils-ou-se-construisent-ils\/\",\"url\":\"https:\/\/www.mlnr.ro\/fr\/activitati_sociale\/les-leaders-naissent-ils-ou-se-construisent-ils\/\",\"name\":\"Les leaders naissent-ils ou se construisent-ils ? - MLNR\",\"isPartOf\":{\"@id\":\"https:\/\/www.mlnr.ro\/fr\/#website\"},\"primaryImageOfPage\":{\"@id\":\"https:\/\/www.mlnr.ro\/fr\/activitati_sociale\/les-leaders-naissent-ils-ou-se-construisent-ils\/#primaryimage\"},\"image\":{\"@id\":\"https:\/\/www.mlnr.ro\/fr\/activitati_sociale\/les-leaders-naissent-ils-ou-se-construisent-ils\/#primaryimage\"},\"thumbnailUrl\":\"https:\/\/www.mlnr.ro\/wp-content\/uploads\/2026\/01\/WhatsApp-Image-2026-01-23-at-14.57.06.jpeg\",\"datePublished\":\"2026-02-27T15:06:05+00:00\",\"dateModified\":\"2026-04-24T06:43:29+00:00\",\"breadcrumb\":{\"@id\":\"https:\/\/www.mlnr.ro\/fr\/activitati_sociale\/les-leaders-naissent-ils-ou-se-construisent-ils\/#breadcrumb\"},\"inLanguage\":\"fr-FR\",\"potentialAction\":[{\"@type\":\"ReadAction\",\"target\":[\"https:\/\/www.mlnr.ro\/fr\/activitati_sociale\/les-leaders-naissent-ils-ou-se-construisent-ils\/\"]}]},{\"@type\":\"ImageObject\",\"inLanguage\":\"fr-FR\",\"@id\":\"https:\/\/www.mlnr.ro\/fr\/activitati_sociale\/les-leaders-naissent-ils-ou-se-construisent-ils\/#primaryimage\",\"url\":\"https:\/\/www.mlnr.ro\/wp-content\/uploads\/2026\/01\/WhatsApp-Image-2026-01-23-at-14.57.06.jpeg\",\"contentUrl\":\"https:\/\/www.mlnr.ro\/wp-content\/uploads\/2026\/01\/WhatsApp-Image-2026-01-23-at-14.57.06.jpeg\",\"width\":2048,\"height\":1365},{\"@type\":\"BreadcrumbList\",\"@id\":\"https:\/\/www.mlnr.ro\/fr\/activitati_sociale\/les-leaders-naissent-ils-ou-se-construisent-ils\/#breadcrumb\",\"itemListElement\":[{\"@type\":\"ListItem\",\"position\":1,\"name\":\"Prima pagin\u0103\",\"item\":\"https:\/\/www.mlnr.ro\/fr\/acasa\/\"},{\"@type\":\"ListItem\",\"position\":2,\"name\":\"Les leaders naissent-ils ou se construisent-ils ?\"}]},{\"@type\":\"WebSite\",\"@id\":\"https:\/\/www.mlnr.ro\/fr\/#website\",\"url\":\"https:\/\/www.mlnr.ro\/fr\/\",\"name\":\"MLNR\",\"description\":\"\",\"publisher\":{\"@id\":\"https:\/\/www.mlnr.ro\/fr\/#organization\"},\"potentialAction\":[{\"@type\":\"SearchAction\",\"target\":{\"@type\":\"EntryPoint\",\"urlTemplate\":\"https:\/\/www.mlnr.ro\/fr\/?s={search_term_string}\"},\"query-input\":{\"@type\":\"PropertyValueSpecification\",\"valueRequired\":true,\"valueName\":\"search_term_string\"}}],\"inLanguage\":\"fr-FR\"},{\"@type\":\"Organization\",\"@id\":\"https:\/\/www.mlnr.ro\/fr\/#organization\",\"name\":\"MLNR\",\"url\":\"https:\/\/www.mlnr.ro\/fr\/\",\"logo\":{\"@type\":\"ImageObject\",\"inLanguage\":\"fr-FR\",\"@id\":\"https:\/\/www.mlnr.ro\/fr\/#\/schema\/logo\/image\/\",\"url\":\"https:\/\/www.mlnr.ro\/wp-content\/uploads\/2025\/12\/prj-edited.png\",\"contentUrl\":\"https:\/\/www.mlnr.ro\/wp-content\/uploads\/2025\/12\/prj-edited.png\",\"width\":300,\"height\":188,\"caption\":\"MLNR\"},\"image\":{\"@id\":\"https:\/\/www.mlnr.ro\/fr\/#\/schema\/logo\/image\/\"}}]}<\/script>\n<!-- \/ Yoast SEO plugin. -->","yoast_head_json":{"title":"Les leaders naissent-ils ou se construisent-ils ? - MLNR","robots":{"index":"index","follow":"follow","max-snippet":"max-snippet:-1","max-image-preview":"max-image-preview:large","max-video-preview":"max-video-preview:-1"},"canonical":"https:\/\/www.mlnr.ro\/fr\/activitati_sociale\/les-leaders-naissent-ils-ou-se-construisent-ils\/","og_locale":"fr_FR","og_type":"article","og_title":"Les leaders naissent-ils ou se construisent-ils ? - MLNR","og_description":"Premi\u00e8re conf\u00e9rence du programme \u00ab Leadership et diplomatie pour la Roumanie \u00bb Le 17 avril 2024, dans l&#8217;aula de la Biblioth\u00e8que centrale universitaire \u00ab Carol I \u00bb de Bucarest, s&#8217;est tenue la conf\u00e9rence \u00ab De la communication \u00e0 la diplomatie : former des leaders \u00bb, qui a r\u00e9uni des participants issus du milieu institutionnel, universitaire&hellip; Continue reading Les leaders naissent-ils ou se construisent-ils ?","og_url":"https:\/\/www.mlnr.ro\/fr\/activitati_sociale\/les-leaders-naissent-ils-ou-se-construisent-ils\/","og_site_name":"MLNR","article_modified_time":"2026-04-24T06:43:29+00:00","og_image":[{"width":2048,"height":1365,"url":"https:\/\/www.mlnr.ro\/wp-content\/uploads\/2026\/01\/WhatsApp-Image-2026-01-23-at-14.57.06.jpeg","type":"image\/jpeg"}],"twitter_card":"summary_large_image","twitter_misc":{"Dur\u00e9e de lecture estim\u00e9e":"2 minutes"},"schema":{"@context":"https:\/\/schema.org","@graph":[{"@type":"WebPage","@id":"https:\/\/www.mlnr.ro\/fr\/activitati_sociale\/les-leaders-naissent-ils-ou-se-construisent-ils\/","url":"https:\/\/www.mlnr.ro\/fr\/activitati_sociale\/les-leaders-naissent-ils-ou-se-construisent-ils\/","name":"Les leaders naissent-ils ou se construisent-ils ? - MLNR","isPartOf":{"@id":"https:\/\/www.mlnr.ro\/fr\/#website"},"primaryImageOfPage":{"@id":"https:\/\/www.mlnr.ro\/fr\/activitati_sociale\/les-leaders-naissent-ils-ou-se-construisent-ils\/#primaryimage"},"image":{"@id":"https:\/\/www.mlnr.ro\/fr\/activitati_sociale\/les-leaders-naissent-ils-ou-se-construisent-ils\/#primaryimage"},"thumbnailUrl":"https:\/\/www.mlnr.ro\/wp-content\/uploads\/2026\/01\/WhatsApp-Image-2026-01-23-at-14.57.06.jpeg","datePublished":"2026-02-27T15:06:05+00:00","dateModified":"2026-04-24T06:43:29+00:00","breadcrumb":{"@id":"https:\/\/www.mlnr.ro\/fr\/activitati_sociale\/les-leaders-naissent-ils-ou-se-construisent-ils\/#breadcrumb"},"inLanguage":"fr-FR","potentialAction":[{"@type":"ReadAction","target":["https:\/\/www.mlnr.ro\/fr\/activitati_sociale\/les-leaders-naissent-ils-ou-se-construisent-ils\/"]}]},{"@type":"ImageObject","inLanguage":"fr-FR","@id":"https:\/\/www.mlnr.ro\/fr\/activitati_sociale\/les-leaders-naissent-ils-ou-se-construisent-ils\/#primaryimage","url":"https:\/\/www.mlnr.ro\/wp-content\/uploads\/2026\/01\/WhatsApp-Image-2026-01-23-at-14.57.06.jpeg","contentUrl":"https:\/\/www.mlnr.ro\/wp-content\/uploads\/2026\/01\/WhatsApp-Image-2026-01-23-at-14.57.06.jpeg","width":2048,"height":1365},{"@type":"BreadcrumbList","@id":"https:\/\/www.mlnr.ro\/fr\/activitati_sociale\/les-leaders-naissent-ils-ou-se-construisent-ils\/#breadcrumb","itemListElement":[{"@type":"ListItem","position":1,"name":"Prima pagin\u0103","item":"https:\/\/www.mlnr.ro\/fr\/acasa\/"},{"@type":"ListItem","position":2,"name":"Les leaders naissent-ils ou se construisent-ils ?"}]},{"@type":"WebSite","@id":"https:\/\/www.mlnr.ro\/fr\/#website","url":"https:\/\/www.mlnr.ro\/fr\/","name":"MLNR","description":"","publisher":{"@id":"https:\/\/www.mlnr.ro\/fr\/#organization"},"potentialAction":[{"@type":"SearchAction","target":{"@type":"EntryPoint","urlTemplate":"https:\/\/www.mlnr.ro\/fr\/?s={search_term_string}"},"query-input":{"@type":"PropertyValueSpecification","valueRequired":true,"valueName":"search_term_string"}}],"inLanguage":"fr-FR"},{"@type":"Organization","@id":"https:\/\/www.mlnr.ro\/fr\/#organization","name":"MLNR","url":"https:\/\/www.mlnr.ro\/fr\/","logo":{"@type":"ImageObject","inLanguage":"fr-FR","@id":"https:\/\/www.mlnr.ro\/fr\/#\/schema\/logo\/image\/","url":"https:\/\/www.mlnr.ro\/wp-content\/uploads\/2025\/12\/prj-edited.png","contentUrl":"https:\/\/www.mlnr.ro\/wp-content\/uploads\/2025\/12\/prj-edited.png","width":300,"height":188,"caption":"MLNR"},"image":{"@id":"https:\/\/www.mlnr.ro\/fr\/#\/schema\/logo\/image\/"}}]}},"_links":{"self":[{"href":"https:\/\/www.mlnr.ro\/fr\/wp-json\/wp\/v2\/activitati_sociale\/4046","targetHints":{"allow":["GET"]}}],"collection":[{"href":"https:\/\/www.mlnr.ro\/fr\/wp-json\/wp\/v2\/activitati_sociale"}],"about":[{"href":"https:\/\/www.mlnr.ro\/fr\/wp-json\/wp\/v2\/types\/activitati_sociale"}],"version-history":[{"count":4,"href":"https:\/\/www.mlnr.ro\/fr\/wp-json\/wp\/v2\/activitati_sociale\/4046\/revisions"}],"predecessor-version":[{"id":5100,"href":"https:\/\/www.mlnr.ro\/fr\/wp-json\/wp\/v2\/activitati_sociale\/4046\/revisions\/5100"}],"wp:featuredmedia":[{"embeddable":true,"href":"https:\/\/www.mlnr.ro\/fr\/wp-json\/wp\/v2\/media\/3255"}],"wp:attachment":[{"href":"https:\/\/www.mlnr.ro\/fr\/wp-json\/wp\/v2\/media?parent=4046"}],"curies":[{"name":"wp","href":"https:\/\/api.w.org\/{rel}","templated":true}]}}