{"id":4054,"date":"2026-02-27T17:12:03","date_gmt":"2026-02-27T15:12:03","guid":{"rendered":"https:\/\/www.mlnr.ro\/activitati_sociale\/jusquou-peut-aller-la-voix-de-la-culture-lorsquelle-est-ecoutee-avec-le-coeur\/"},"modified":"2026-02-27T17:12:03","modified_gmt":"2026-02-27T15:12:03","slug":"jusquou-peut-aller-la-voix-de-la-culture-lorsquelle-est-ecoutee-avec-le-coeur","status":"publish","type":"activitati_sociale","link":"https:\/\/www.mlnr.ro\/fr\/activitati_sociale\/jusquou-peut-aller-la-voix-de-la-culture-lorsquelle-est-ecoutee-avec-le-coeur\/","title":{"rendered":"Jusqu&#8217;o\u00f9 peut aller la voix de la culture lorsqu&#8217;elle est \u00e9cout\u00e9e avec le c\u0153ur ?"},"content":{"rendered":"\n<p>Dans le cadre de \u00ab l&#8217;Ann\u00e9e Mihai Eminescu \u00bb, proclam\u00e9e par la Grande Loge nationale de Roumanie en 2025, \u00e0 l&#8217;occasion du 175e anniversaire de la naissance du po\u00e8te, le projet \u00ab Mus\u00e9e pour un jour \u2013 Mihai Eminescu \u00bb a propos\u00e9 une initiative culturelle \u00e0 la fois accessible et rigoureuse, d\u00e9di\u00e9e \u00e0 la r\u00e9cup\u00e9ration vivante de la m\u00e9moire d&#8217;Eminescu.<\/p>\n\n<p>L&#8217;\u00e9v\u00e9nement inaugural, qui s&#8217;est d\u00e9roul\u00e9 \u00e0 Bucarest le 31 mai 2025, a marqu\u00e9 le lancement du recueil de po\u00e8mes \u00ab Lumin\u0103 de lun\u0103 \u00bb (Lumi\u00e8re de lune), \u00e9dit\u00e9 par Alin Com\u0219a, sous l&#8217;\u00e9gide de la Maison d&#8217;\u00e9dition de la Grande Loge nationale de Roumanie.<\/p>\n\n<p>L&#8217;exposition a r\u00e9uni litt\u00e9rature, art et documents historiques dans un hommage rendu \u00e0 l&#8217;une des expressions les plus profondes de l&#8217;esprit roumain. Des documents, des livres rares et des photographies li\u00e9s \u00e0 la vie et \u00e0 l&#8217;\u0153uvre de Mihai Eminescu ont \u00e9t\u00e9 pr\u00e9sent\u00e9s, offrant au public une perspective contextualis\u00e9e et authentique sur sa cr\u00e9ation. <\/p>\n\n<p>Par ailleurs, la conf\u00e9rence \u00ab Eminescu \u2013 l&#8217;homme \u00bb, organis\u00e9e dans le cadre de chaque manifestation \u00ab Mus\u00e9e d&#8217;un jour \u00bb, a compl\u00e9t\u00e9 l&#8217;exposition par une approche qui a humanis\u00e9 le portrait du po\u00e8te national, mettant en avant sa dimension personnelle et existentielle.<\/p>\n\n<p>Le projet \u00ab Mus\u00e9e pour un jour \u2013 Eminescu \u00bb s&#8217;est ensuite \u00e9tendu \u00e0 Timi\u0219oara, Chi\u0219in\u0103u, Ia\u0219i, Arad, Boto\u0219ani, Giurgiu et Bra\u0219ov, confirmant l&#8217;int\u00e9r\u00eat constant pour la red\u00e9couverte de l&#8217;\u0153uvre et de la personnalit\u00e9 de Mihai Eminescu.<\/p>\n<div class=\"my-pswp-v4-gallery gallery-columns-2\"><div class=\"grid-sizer\"><\/div><figure class=\"my-pswp-v4-item grid-item\"><a href=\"https:\/\/www.mlnr.ro\/wp-content\/uploads\/2026\/01\/cultura-1.png\" data-size=\"2048x1365\" data-title=\"cultura (1)\"><div class=\"background-image\" style=\"background-image: url(https:\/\/www.mlnr.ro\/wp-content\/uploads\/2026\/01\/cultura-1-300x200.png); background-size: cover; background-position: center; padding-top: 75%;\"><\/div><\/a><\/figure><figure class=\"my-pswp-v4-item grid-item\"><a href=\"https:\/\/www.mlnr.ro\/wp-content\/uploads\/2025\/01\/cultura3-1024x683-1.png\" data-size=\"1024x683\" data-title=\"cultura3-1024&#215;683\"><div class=\"background-image\" style=\"background-image: url(https:\/\/www.mlnr.ro\/wp-content\/uploads\/2025\/01\/cultura3-1024x683-1-300x200.png); background-size: cover; background-position: center; padding-top: 75%;\"><\/div><\/a><\/figure><figure class=\"my-pswp-v4-item grid-item\"><a href=\"https:\/\/www.mlnr.ro\/wp-content\/uploads\/2025\/01\/cultura4-683x1024-1.png\" data-size=\"683x1024\" data-title=\"cultura4-683&#215;1024\"><div class=\"background-image\" style=\"background-image: url(https:\/\/www.mlnr.ro\/wp-content\/uploads\/2025\/01\/cultura4-683x1024-1-200x300.png); background-size: cover; background-position: center; padding-top: 75%;\"><\/div><\/a><\/figure><figure class=\"my-pswp-v4-item grid-item\"><a href=\"https:\/\/www.mlnr.ro\/wp-content\/uploads\/2025\/01\/cultura2-1024x683-1.png\" data-size=\"1024x683\" data-title=\"cultura2-1024&#215;683\"><div class=\"background-image\" style=\"background-image: url(https:\/\/www.mlnr.ro\/wp-content\/uploads\/2025\/01\/cultura2-1024x683-1-300x200.png); background-size: cover; background-position: center; padding-top: 75%;\"><\/div><\/a><\/figure><\/div>","protected":false},"excerpt":{"rendered":"<p>Dans le cadre de \u00ab l&#8217;Ann\u00e9e Mihai Eminescu \u00bb, proclam\u00e9e par la Grande Loge nationale de Roumanie en 2025, \u00e0 l&#8217;occasion du 175e anniversaire de la naissance du po\u00e8te, le projet \u00ab Mus\u00e9e pour un jour \u2013 Mihai Eminescu \u00bb a propos\u00e9 une initiative culturelle \u00e0 la fois accessible et rigoureuse, d\u00e9di\u00e9e \u00e0 la r\u00e9cup\u00e9ration&hellip; <a class=\"more-link\" href=\"https:\/\/www.mlnr.ro\/fr\/activitati_sociale\/jusquou-peut-aller-la-voix-de-la-culture-lorsquelle-est-ecoutee-avec-le-coeur\/\">Continue reading <span class=\"screen-reader-text\">Jusqu&#8217;o\u00f9 peut aller la voix de la culture lorsqu&#8217;elle est \u00e9cout\u00e9e avec le c\u0153ur ?<\/span><\/a><\/p>\n","protected":false},"featured_media":1410,"template":"","class_list":["post-4054","activitati_sociale","type-activitati_sociale","status-publish","has-post-thumbnail","hentry","entry"],"acf":[],"yoast_head":"<!-- This site is optimized with the Yoast SEO plugin v27.0 - https:\/\/yoast.com\/product\/yoast-seo-wordpress\/ -->\n<title>Jusqu&#039;o\u00f9 peut aller la voix de la culture lorsqu&#039;elle est \u00e9cout\u00e9e avec le c\u0153ur ? - MLNR<\/title>\n<meta name=\"robots\" content=\"index, follow, max-snippet:-1, max-image-preview:large, max-video-preview:-1\" \/>\n<link rel=\"canonical\" href=\"https:\/\/www.mlnr.ro\/fr\/activitati_sociale\/jusquou-peut-aller-la-voix-de-la-culture-lorsquelle-est-ecoutee-avec-le-coeur\/\" \/>\n<meta property=\"og:locale\" content=\"fr_FR\" \/>\n<meta property=\"og:type\" content=\"article\" \/>\n<meta property=\"og:title\" content=\"Jusqu&#039;o\u00f9 peut aller la voix de la culture lorsqu&#039;elle est \u00e9cout\u00e9e avec le c\u0153ur ? - MLNR\" \/>\n<meta property=\"og:description\" content=\"Dans le cadre de \u00ab l&#8217;Ann\u00e9e Mihai Eminescu \u00bb, proclam\u00e9e par la Grande Loge nationale de Roumanie en 2025, \u00e0 l&#8217;occasion du 175e anniversaire de la naissance du po\u00e8te, le projet \u00ab Mus\u00e9e pour un jour \u2013 Mihai Eminescu \u00bb a propos\u00e9 une initiative culturelle \u00e0 la fois accessible et rigoureuse, d\u00e9di\u00e9e \u00e0 la r\u00e9cup\u00e9ration&hellip; Continue reading Jusqu&#8217;o\u00f9 peut aller la voix de la culture lorsqu&#8217;elle est \u00e9cout\u00e9e avec le c\u0153ur ?\" \/>\n<meta property=\"og:url\" content=\"https:\/\/www.mlnr.ro\/fr\/activitati_sociale\/jusquou-peut-aller-la-voix-de-la-culture-lorsquelle-est-ecoutee-avec-le-coeur\/\" \/>\n<meta property=\"og:site_name\" content=\"MLNR\" \/>\n<meta property=\"og:image\" content=\"https:\/\/www.mlnr.ro\/wp-content\/uploads\/2026\/01\/cultura-1-1024x683.png\" \/>\n\t<meta property=\"og:image:width\" content=\"1024\" \/>\n\t<meta property=\"og:image:height\" content=\"683\" \/>\n\t<meta property=\"og:image:type\" content=\"image\/png\" \/>\n<meta name=\"twitter:card\" content=\"summary_large_image\" \/>\n<meta name=\"twitter:label1\" content=\"Dur\u00e9e de lecture estim\u00e9e\" \/>\n\t<meta name=\"twitter:data1\" content=\"1 minute\" \/>\n<script type=\"application\/ld+json\" class=\"yoast-schema-graph\">{\"@context\":\"https:\/\/schema.org\",\"@graph\":[{\"@type\":\"WebPage\",\"@id\":\"https:\/\/www.mlnr.ro\/fr\/activitati_sociale\/jusquou-peut-aller-la-voix-de-la-culture-lorsquelle-est-ecoutee-avec-le-coeur\/\",\"url\":\"https:\/\/www.mlnr.ro\/fr\/activitati_sociale\/jusquou-peut-aller-la-voix-de-la-culture-lorsquelle-est-ecoutee-avec-le-coeur\/\",\"name\":\"Jusqu'o\u00f9 peut aller la voix de la culture lorsqu'elle est \u00e9cout\u00e9e avec le c\u0153ur ? - MLNR\",\"isPartOf\":{\"@id\":\"https:\/\/www.mlnr.ro\/fr\/#website\"},\"primaryImageOfPage\":{\"@id\":\"https:\/\/www.mlnr.ro\/fr\/activitati_sociale\/jusquou-peut-aller-la-voix-de-la-culture-lorsquelle-est-ecoutee-avec-le-coeur\/#primaryimage\"},\"image\":{\"@id\":\"https:\/\/www.mlnr.ro\/fr\/activitati_sociale\/jusquou-peut-aller-la-voix-de-la-culture-lorsquelle-est-ecoutee-avec-le-coeur\/#primaryimage\"},\"thumbnailUrl\":\"https:\/\/www.mlnr.ro\/wp-content\/uploads\/2026\/01\/cultura-1.png\",\"datePublished\":\"2026-02-27T15:12:03+00:00\",\"breadcrumb\":{\"@id\":\"https:\/\/www.mlnr.ro\/fr\/activitati_sociale\/jusquou-peut-aller-la-voix-de-la-culture-lorsquelle-est-ecoutee-avec-le-coeur\/#breadcrumb\"},\"inLanguage\":\"fr-FR\",\"potentialAction\":[{\"@type\":\"ReadAction\",\"target\":[\"https:\/\/www.mlnr.ro\/fr\/activitati_sociale\/jusquou-peut-aller-la-voix-de-la-culture-lorsquelle-est-ecoutee-avec-le-coeur\/\"]}]},{\"@type\":\"ImageObject\",\"inLanguage\":\"fr-FR\",\"@id\":\"https:\/\/www.mlnr.ro\/fr\/activitati_sociale\/jusquou-peut-aller-la-voix-de-la-culture-lorsquelle-est-ecoutee-avec-le-coeur\/#primaryimage\",\"url\":\"https:\/\/www.mlnr.ro\/wp-content\/uploads\/2026\/01\/cultura-1.png\",\"contentUrl\":\"https:\/\/www.mlnr.ro\/wp-content\/uploads\/2026\/01\/cultura-1.png\",\"width\":2048,\"height\":1365},{\"@type\":\"BreadcrumbList\",\"@id\":\"https:\/\/www.mlnr.ro\/fr\/activitati_sociale\/jusquou-peut-aller-la-voix-de-la-culture-lorsquelle-est-ecoutee-avec-le-coeur\/#breadcrumb\",\"itemListElement\":[{\"@type\":\"ListItem\",\"position\":1,\"name\":\"Prima pagin\u0103\",\"item\":\"https:\/\/www.mlnr.ro\/fr\/acasa\/\"},{\"@type\":\"ListItem\",\"position\":2,\"name\":\"Jusqu&#8217;o\u00f9 peut aller la voix de la culture lorsqu&#8217;elle est \u00e9cout\u00e9e avec le c\u0153ur ?\"}]},{\"@type\":\"WebSite\",\"@id\":\"https:\/\/www.mlnr.ro\/fr\/#website\",\"url\":\"https:\/\/www.mlnr.ro\/fr\/\",\"name\":\"MLNR\",\"description\":\"\",\"publisher\":{\"@id\":\"https:\/\/www.mlnr.ro\/fr\/#organization\"},\"potentialAction\":[{\"@type\":\"SearchAction\",\"target\":{\"@type\":\"EntryPoint\",\"urlTemplate\":\"https:\/\/www.mlnr.ro\/fr\/?s={search_term_string}\"},\"query-input\":{\"@type\":\"PropertyValueSpecification\",\"valueRequired\":true,\"valueName\":\"search_term_string\"}}],\"inLanguage\":\"fr-FR\"},{\"@type\":\"Organization\",\"@id\":\"https:\/\/www.mlnr.ro\/fr\/#organization\",\"name\":\"MLNR\",\"url\":\"https:\/\/www.mlnr.ro\/fr\/\",\"logo\":{\"@type\":\"ImageObject\",\"inLanguage\":\"fr-FR\",\"@id\":\"https:\/\/www.mlnr.ro\/fr\/#\/schema\/logo\/image\/\",\"url\":\"https:\/\/www.mlnr.ro\/wp-content\/uploads\/2025\/12\/prj-edited.png\",\"contentUrl\":\"https:\/\/www.mlnr.ro\/wp-content\/uploads\/2025\/12\/prj-edited.png\",\"width\":300,\"height\":188,\"caption\":\"MLNR\"},\"image\":{\"@id\":\"https:\/\/www.mlnr.ro\/fr\/#\/schema\/logo\/image\/\"}}]}<\/script>\n<!-- \/ Yoast SEO plugin. -->","yoast_head_json":{"title":"Jusqu'o\u00f9 peut aller la voix de la culture lorsqu'elle est \u00e9cout\u00e9e avec le c\u0153ur ? - MLNR","robots":{"index":"index","follow":"follow","max-snippet":"max-snippet:-1","max-image-preview":"max-image-preview:large","max-video-preview":"max-video-preview:-1"},"canonical":"https:\/\/www.mlnr.ro\/fr\/activitati_sociale\/jusquou-peut-aller-la-voix-de-la-culture-lorsquelle-est-ecoutee-avec-le-coeur\/","og_locale":"fr_FR","og_type":"article","og_title":"Jusqu'o\u00f9 peut aller la voix de la culture lorsqu'elle est \u00e9cout\u00e9e avec le c\u0153ur ? - MLNR","og_description":"Dans le cadre de \u00ab l&#8217;Ann\u00e9e Mihai Eminescu \u00bb, proclam\u00e9e par la Grande Loge nationale de Roumanie en 2025, \u00e0 l&#8217;occasion du 175e anniversaire de la naissance du po\u00e8te, le projet \u00ab Mus\u00e9e pour un jour \u2013 Mihai Eminescu \u00bb a propos\u00e9 une initiative culturelle \u00e0 la fois accessible et rigoureuse, d\u00e9di\u00e9e \u00e0 la r\u00e9cup\u00e9ration&hellip; Continue reading Jusqu&#8217;o\u00f9 peut aller la voix de la culture lorsqu&#8217;elle est \u00e9cout\u00e9e avec le c\u0153ur ?","og_url":"https:\/\/www.mlnr.ro\/fr\/activitati_sociale\/jusquou-peut-aller-la-voix-de-la-culture-lorsquelle-est-ecoutee-avec-le-coeur\/","og_site_name":"MLNR","og_image":[{"width":1024,"height":683,"url":"https:\/\/www.mlnr.ro\/wp-content\/uploads\/2026\/01\/cultura-1-1024x683.png","type":"image\/png"}],"twitter_card":"summary_large_image","twitter_misc":{"Dur\u00e9e de lecture estim\u00e9e":"1 minute"},"schema":{"@context":"https:\/\/schema.org","@graph":[{"@type":"WebPage","@id":"https:\/\/www.mlnr.ro\/fr\/activitati_sociale\/jusquou-peut-aller-la-voix-de-la-culture-lorsquelle-est-ecoutee-avec-le-coeur\/","url":"https:\/\/www.mlnr.ro\/fr\/activitati_sociale\/jusquou-peut-aller-la-voix-de-la-culture-lorsquelle-est-ecoutee-avec-le-coeur\/","name":"Jusqu'o\u00f9 peut aller la voix de la culture lorsqu'elle est \u00e9cout\u00e9e avec le c\u0153ur ? - MLNR","isPartOf":{"@id":"https:\/\/www.mlnr.ro\/fr\/#website"},"primaryImageOfPage":{"@id":"https:\/\/www.mlnr.ro\/fr\/activitati_sociale\/jusquou-peut-aller-la-voix-de-la-culture-lorsquelle-est-ecoutee-avec-le-coeur\/#primaryimage"},"image":{"@id":"https:\/\/www.mlnr.ro\/fr\/activitati_sociale\/jusquou-peut-aller-la-voix-de-la-culture-lorsquelle-est-ecoutee-avec-le-coeur\/#primaryimage"},"thumbnailUrl":"https:\/\/www.mlnr.ro\/wp-content\/uploads\/2026\/01\/cultura-1.png","datePublished":"2026-02-27T15:12:03+00:00","breadcrumb":{"@id":"https:\/\/www.mlnr.ro\/fr\/activitati_sociale\/jusquou-peut-aller-la-voix-de-la-culture-lorsquelle-est-ecoutee-avec-le-coeur\/#breadcrumb"},"inLanguage":"fr-FR","potentialAction":[{"@type":"ReadAction","target":["https:\/\/www.mlnr.ro\/fr\/activitati_sociale\/jusquou-peut-aller-la-voix-de-la-culture-lorsquelle-est-ecoutee-avec-le-coeur\/"]}]},{"@type":"ImageObject","inLanguage":"fr-FR","@id":"https:\/\/www.mlnr.ro\/fr\/activitati_sociale\/jusquou-peut-aller-la-voix-de-la-culture-lorsquelle-est-ecoutee-avec-le-coeur\/#primaryimage","url":"https:\/\/www.mlnr.ro\/wp-content\/uploads\/2026\/01\/cultura-1.png","contentUrl":"https:\/\/www.mlnr.ro\/wp-content\/uploads\/2026\/01\/cultura-1.png","width":2048,"height":1365},{"@type":"BreadcrumbList","@id":"https:\/\/www.mlnr.ro\/fr\/activitati_sociale\/jusquou-peut-aller-la-voix-de-la-culture-lorsquelle-est-ecoutee-avec-le-coeur\/#breadcrumb","itemListElement":[{"@type":"ListItem","position":1,"name":"Prima pagin\u0103","item":"https:\/\/www.mlnr.ro\/fr\/acasa\/"},{"@type":"ListItem","position":2,"name":"Jusqu&#8217;o\u00f9 peut aller la voix de la culture lorsqu&#8217;elle est \u00e9cout\u00e9e avec le c\u0153ur ?"}]},{"@type":"WebSite","@id":"https:\/\/www.mlnr.ro\/fr\/#website","url":"https:\/\/www.mlnr.ro\/fr\/","name":"MLNR","description":"","publisher":{"@id":"https:\/\/www.mlnr.ro\/fr\/#organization"},"potentialAction":[{"@type":"SearchAction","target":{"@type":"EntryPoint","urlTemplate":"https:\/\/www.mlnr.ro\/fr\/?s={search_term_string}"},"query-input":{"@type":"PropertyValueSpecification","valueRequired":true,"valueName":"search_term_string"}}],"inLanguage":"fr-FR"},{"@type":"Organization","@id":"https:\/\/www.mlnr.ro\/fr\/#organization","name":"MLNR","url":"https:\/\/www.mlnr.ro\/fr\/","logo":{"@type":"ImageObject","inLanguage":"fr-FR","@id":"https:\/\/www.mlnr.ro\/fr\/#\/schema\/logo\/image\/","url":"https:\/\/www.mlnr.ro\/wp-content\/uploads\/2025\/12\/prj-edited.png","contentUrl":"https:\/\/www.mlnr.ro\/wp-content\/uploads\/2025\/12\/prj-edited.png","width":300,"height":188,"caption":"MLNR"},"image":{"@id":"https:\/\/www.mlnr.ro\/fr\/#\/schema\/logo\/image\/"}}]}},"_links":{"self":[{"href":"https:\/\/www.mlnr.ro\/fr\/wp-json\/wp\/v2\/activitati_sociale\/4054","targetHints":{"allow":["GET"]}}],"collection":[{"href":"https:\/\/www.mlnr.ro\/fr\/wp-json\/wp\/v2\/activitati_sociale"}],"about":[{"href":"https:\/\/www.mlnr.ro\/fr\/wp-json\/wp\/v2\/types\/activitati_sociale"}],"version-history":[{"count":1,"href":"https:\/\/www.mlnr.ro\/fr\/wp-json\/wp\/v2\/activitati_sociale\/4054\/revisions"}],"predecessor-version":[{"id":4055,"href":"https:\/\/www.mlnr.ro\/fr\/wp-json\/wp\/v2\/activitati_sociale\/4054\/revisions\/4055"}],"wp:featuredmedia":[{"embeddable":true,"href":"https:\/\/www.mlnr.ro\/fr\/wp-json\/wp\/v2\/media\/1410"}],"wp:attachment":[{"href":"https:\/\/www.mlnr.ro\/fr\/wp-json\/wp\/v2\/media?parent=4054"}],"curies":[{"name":"wp","href":"https:\/\/api.w.org\/{rel}","templated":true}]}}