{"id":4790,"date":"2026-03-14T19:57:34","date_gmt":"2026-03-14T17:57:34","guid":{"rendered":"https:\/\/www.mlnr.ro\/activitati_sociale\/nadia-comaneci-mise-a-lhonneur-par-la-grande-loge-nationale-de-roumanie-50-ans-apres-son-premier-10\/"},"modified":"2026-03-16T17:14:05","modified_gmt":"2026-03-16T15:14:05","slug":"nadia-comaneci-mise-a-lhonneur-par-la-grande-loge-nationale-de-roumanie-50-ans-apres-son-premier-10","status":"publish","type":"activitati_sociale","link":"https:\/\/www.mlnr.ro\/fr\/activitati_sociale\/nadia-comaneci-mise-a-lhonneur-par-la-grande-loge-nationale-de-roumanie-50-ans-apres-son-premier-10\/","title":{"rendered":"Nadia Com\u0103neci, mise \u00e0 l&#8217;honneur par la Grande Loge nationale de Roumanie \u2013 50 ans apr\u00e8s son premier 10"},"content":{"rendered":"\n<figure class=\"wp-block-video\"><video controls=\"\" src=\"https:\/\/www.mlnr.ro\/wp-content\/uploads\/2026\/03\/Video1.mp4\"><\/video><\/figure>\n\n<p>Dans la soir\u00e9e du 12 mars 2026, le Mus\u00e9e national d&#8217;art de Roumanie a accueilli un \u00e9v\u00e9nement d\u00e9di\u00e9 \u00e0 l&#8217;excellence, organis\u00e9 par la Grande Loge nationale de Roumanie.<\/p>\n\n<p>Cet \u00e9v\u00e9nement rev\u00eatait une importance particuli\u00e8re : l&#8217;ann\u00e9e 2026 a \u00e9t\u00e9 proclam\u00e9e \u00ab Ann\u00e9e Nadia Com\u0103neci \u00bb par la Grande Loge nationale de Roumanie, marquant ainsi le 50e anniversaire du premier 10 de l&#8217;histoire de la gymnastique mondiale \u2013 une performance qui a chang\u00e9 \u00e0 jamais l&#8217;histoire du sport et fait conna\u00eetre le nom de la Roumanie dans le monde entier.<\/p>\n\n<p>L&#8217;invit\u00e9e d&#8217;honneur de la soir\u00e9e \u00e9tait Nadia Com\u0103neci, symbole de la perfection et l&#8217;une des personnalit\u00e9s les plus admir\u00e9es de Roumanie.<\/p>\n\n<p>En signe de reconnaissance pour sa contribution exceptionnelle au rayonnement de la Roumanie dans le monde, le Grand Ma\u00eetre de la Grande Loge nationale de Roumanie, C\u0103t\u0103lin Toh\u0103neanu, lui a d\u00e9cern\u00e9 l&#8217;Ordre ma\u00e7onnique au grade de Commandeur avec lauri.<\/p>\n\n<p>Au cours de cet \u00e9v\u00e9nement, une vid\u00e9o anniversaire consacr\u00e9e \u00e0 Nadia Com\u0103neci, r\u00e9alis\u00e9e par Dan Andronic, a \u00e9galement \u00e9t\u00e9 pr\u00e9sent\u00e9e. Elle a permis de rappeler au public les moments marquants d&#8217;une carri\u00e8re qui a inspir\u00e9 des g\u00e9n\u00e9rations enti\u00e8res.<\/p>\n\n<p>La soir\u00e9e a \u00e9t\u00e9 agr\u00e9ment\u00e9e de moments musicaux exceptionnels.<\/p>\n\n<p>Le jeune David Dumitrescu, \u00e2g\u00e9 de seulement 12 ans, a donn\u00e9 un r\u00e9cital de piano qui a impressionn\u00e9 le public par sa sensibilit\u00e9 et sa maturit\u00e9 artistique.<\/p>\n\n<p>Le violoniste R\u0103zvan Stoica, jouant sur un violon Stradivarius \u00ab ex Ernst \u00bb de 1729, accompagn\u00e9 de sa s\u0153ur Andreea Stoica au piano, a interpr\u00e9t\u00e9 sur sc\u00e8ne l\u2019une des \u0153uvres les plus \u00e9mouvantes du patrimoine musical roumain : la Ballade de Ciprian Porumbescu.<\/p>\n\n<p>La soir\u00e9e a \u00e9t\u00e9 anim\u00e9e par Dan Andronic et Alina Alexoi, et s&#8217;est termin\u00e9e dans une ambiance chaleureuse, avec une s\u00e9ance de d\u00e9dicaces et des photos en compagnie de Nadia Com\u0103neci.<\/p>\n\n<p>\u00c0 cette occasion, les invit\u00e9s ont re\u00e7u plus de 200 exemplaires de l&#8217;ouvrage \u00ab Evenimentul Istoric \u00bb, qui relate l&#8217;histoire m\u00e9connue de Nadia et porte sa signature, tandis que les \u00c9ditions de la Grande Loge nationale de Roumanie, en partenariat avec Romfilatelia et la Poste roumaine, ont r\u00e9alis\u00e9 une carte postale anniversaire en \u00e9dition limit\u00e9e \u00e0 500 exemplaires, offerte aux participants.<\/p>\n\n<p>Un \u00e9v\u00e9nement qui a su allier le respect de la performance, la culture et la reconnaissance envers un nom qui continue d&#8217;inspirer des g\u00e9n\u00e9rations enti\u00e8res : Nadia Com\u0103neci.<\/p>\n<div class=\"my-pswp-v4-gallery gallery-columns-3\"><div class=\"grid-sizer\"><\/div><figure class=\"my-pswp-v4-item grid-item\"><a href=\"https:\/\/www.mlnr.ro\/wp-content\/uploads\/2026\/03\/image1.jpeg\" data-size=\"1280x853\" data-title=\"image1\"><div class=\"background-image\" style=\"background-image: url(https:\/\/www.mlnr.ro\/wp-content\/uploads\/2026\/03\/image1-300x200.jpeg); background-size: cover; background-position: center; padding-top: 75%;\"><\/div><\/a><\/figure><figure class=\"my-pswp-v4-item grid-item\"><a href=\"https:\/\/www.mlnr.ro\/wp-content\/uploads\/2026\/03\/image2.jpeg\" data-size=\"1280x853\" data-title=\"image2\"><div class=\"background-image\" style=\"background-image: url(https:\/\/www.mlnr.ro\/wp-content\/uploads\/2026\/03\/image2-300x200.jpeg); background-size: cover; background-position: center; padding-top: 75%;\"><\/div><\/a><\/figure><figure class=\"my-pswp-v4-item grid-item\"><a href=\"https:\/\/www.mlnr.ro\/wp-content\/uploads\/2026\/03\/image3.jpeg\" data-size=\"1280x853\" data-title=\"image3\"><div class=\"background-image\" style=\"background-image: url(https:\/\/www.mlnr.ro\/wp-content\/uploads\/2026\/03\/image3-300x200.jpeg); background-size: cover; background-position: center; padding-top: 75%;\"><\/div><\/a><\/figure><figure class=\"my-pswp-v4-item grid-item\"><a href=\"https:\/\/www.mlnr.ro\/wp-content\/uploads\/2026\/03\/image4.jpeg\" data-size=\"1280x853\" data-title=\"image4\"><div class=\"background-image\" style=\"background-image: url(https:\/\/www.mlnr.ro\/wp-content\/uploads\/2026\/03\/image4-300x200.jpeg); background-size: cover; background-position: center; padding-top: 75%;\"><\/div><\/a><\/figure><figure class=\"my-pswp-v4-item grid-item\"><a href=\"https:\/\/www.mlnr.ro\/wp-content\/uploads\/2026\/03\/image5.jpeg\" data-size=\"1280x853\" data-title=\"image5\"><div class=\"background-image\" style=\"background-image: url(https:\/\/www.mlnr.ro\/wp-content\/uploads\/2026\/03\/image5-300x200.jpeg); background-size: cover; background-position: center; padding-top: 75%;\"><\/div><\/a><\/figure><figure class=\"my-pswp-v4-item grid-item\"><a href=\"https:\/\/www.mlnr.ro\/wp-content\/uploads\/2026\/03\/image6.jpeg\" data-size=\"1280x853\" data-title=\"image6\"><div class=\"background-image\" style=\"background-image: url(https:\/\/www.mlnr.ro\/wp-content\/uploads\/2026\/03\/image6-300x200.jpeg); background-size: cover; background-position: center; padding-top: 75%;\"><\/div><\/a><\/figure><figure class=\"my-pswp-v4-item grid-item\"><a href=\"https:\/\/www.mlnr.ro\/wp-content\/uploads\/2026\/03\/image7-scaled.jpeg\" data-size=\"1920x2560\" data-title=\"image7\"><div class=\"background-image\" style=\"background-image: url(https:\/\/www.mlnr.ro\/wp-content\/uploads\/2026\/03\/image7-225x300.jpeg); background-size: cover; background-position: center; padding-top: 75%;\"><\/div><\/a><\/figure><figure class=\"my-pswp-v4-item grid-item\"><a href=\"https:\/\/www.mlnr.ro\/wp-content\/uploads\/2026\/03\/image8-scaled.jpeg\" data-size=\"1920x2560\" data-title=\"image8\"><div class=\"background-image\" style=\"background-image: url(https:\/\/www.mlnr.ro\/wp-content\/uploads\/2026\/03\/image8-225x300.jpeg); background-size: cover; background-position: center; padding-top: 75%;\"><\/div><\/a><\/figure><\/div>","protected":false},"excerpt":{"rendered":"<p>Dans la soir\u00e9e du 12 mars 2026, le Mus\u00e9e national d&#8217;art de Roumanie a accueilli un \u00e9v\u00e9nement d\u00e9di\u00e9 \u00e0 l&#8217;excellence, organis\u00e9 par la Grande Loge nationale de Roumanie. Cet \u00e9v\u00e9nement rev\u00eatait une importance particuli\u00e8re : l&#8217;ann\u00e9e 2026 a \u00e9t\u00e9 proclam\u00e9e \u00ab Ann\u00e9e Nadia Com\u0103neci \u00bb par la Grande Loge nationale de Roumanie, marquant ainsi le&hellip; <a class=\"more-link\" href=\"https:\/\/www.mlnr.ro\/fr\/activitati_sociale\/nadia-comaneci-mise-a-lhonneur-par-la-grande-loge-nationale-de-roumanie-50-ans-apres-son-premier-10\/\">Continue reading <span class=\"screen-reader-text\">Nadia Com\u0103neci, mise \u00e0 l&#8217;honneur par la Grande Loge nationale de Roumanie \u2013 50 ans apr\u00e8s son premier 10<\/span><\/a><\/p>\n","protected":false},"featured_media":4820,"template":"","class_list":["post-4790","activitati_sociale","type-activitati_sociale","status-publish","has-post-thumbnail","hentry","entry"],"acf":[],"yoast_head":"<!-- This site is optimized with the Yoast SEO plugin v27.0 - https:\/\/yoast.com\/product\/yoast-seo-wordpress\/ -->\n<title>Nadia Com\u0103neci, mise \u00e0 l&#039;honneur par la Grande Loge nationale de Roumanie \u2013 50 ans apr\u00e8s son premier 10 - MLNR<\/title>\n<meta name=\"robots\" content=\"index, follow, max-snippet:-1, max-image-preview:large, max-video-preview:-1\" \/>\n<link rel=\"canonical\" href=\"https:\/\/www.mlnr.ro\/fr\/activitati_sociale\/nadia-comaneci-mise-a-lhonneur-par-la-grande-loge-nationale-de-roumanie-50-ans-apres-son-premier-10\/\" \/>\n<meta property=\"og:locale\" content=\"fr_FR\" \/>\n<meta property=\"og:type\" content=\"article\" \/>\n<meta property=\"og:title\" content=\"Nadia Com\u0103neci, mise \u00e0 l&#039;honneur par la Grande Loge nationale de Roumanie \u2013 50 ans apr\u00e8s son premier 10 - MLNR\" \/>\n<meta property=\"og:description\" content=\"Dans la soir\u00e9e du 12 mars 2026, le Mus\u00e9e national d&#8217;art de Roumanie a accueilli un \u00e9v\u00e9nement d\u00e9di\u00e9 \u00e0 l&#8217;excellence, organis\u00e9 par la Grande Loge nationale de Roumanie. Cet \u00e9v\u00e9nement rev\u00eatait une importance particuli\u00e8re : l&#8217;ann\u00e9e 2026 a \u00e9t\u00e9 proclam\u00e9e \u00ab Ann\u00e9e Nadia Com\u0103neci \u00bb par la Grande Loge nationale de Roumanie, marquant ainsi le&hellip; Continue reading Nadia Com\u0103neci, mise \u00e0 l&#8217;honneur par la Grande Loge nationale de Roumanie \u2013 50 ans apr\u00e8s son premier 10\" \/>\n<meta property=\"og:url\" content=\"https:\/\/www.mlnr.ro\/fr\/activitati_sociale\/nadia-comaneci-mise-a-lhonneur-par-la-grande-loge-nationale-de-roumanie-50-ans-apres-son-premier-10\/\" \/>\n<meta property=\"og:site_name\" content=\"MLNR\" \/>\n<meta property=\"article:modified_time\" content=\"2026-03-16T15:14:05+00:00\" \/>\n<meta property=\"og:image\" content=\"https:\/\/www.mlnr.ro\/wp-content\/uploads\/2026\/03\/image1.jpeg\" \/>\n\t<meta property=\"og:image:width\" content=\"1280\" \/>\n\t<meta property=\"og:image:height\" content=\"853\" \/>\n\t<meta property=\"og:image:type\" content=\"image\/jpeg\" \/>\n<meta name=\"twitter:card\" content=\"summary_large_image\" \/>\n<meta name=\"twitter:label1\" content=\"Dur\u00e9e de lecture estim\u00e9e\" \/>\n\t<meta name=\"twitter:data1\" content=\"2 minutes\" \/>\n<script type=\"application\/ld+json\" class=\"yoast-schema-graph\">{\"@context\":\"https:\/\/schema.org\",\"@graph\":[{\"@type\":\"WebPage\",\"@id\":\"https:\/\/www.mlnr.ro\/fr\/activitati_sociale\/nadia-comaneci-mise-a-lhonneur-par-la-grande-loge-nationale-de-roumanie-50-ans-apres-son-premier-10\/\",\"url\":\"https:\/\/www.mlnr.ro\/fr\/activitati_sociale\/nadia-comaneci-mise-a-lhonneur-par-la-grande-loge-nationale-de-roumanie-50-ans-apres-son-premier-10\/\",\"name\":\"Nadia Com\u0103neci, mise \u00e0 l'honneur par la Grande Loge nationale de Roumanie \u2013 50 ans apr\u00e8s son premier 10 - MLNR\",\"isPartOf\":{\"@id\":\"https:\/\/www.mlnr.ro\/fr\/#website\"},\"primaryImageOfPage\":{\"@id\":\"https:\/\/www.mlnr.ro\/fr\/activitati_sociale\/nadia-comaneci-mise-a-lhonneur-par-la-grande-loge-nationale-de-roumanie-50-ans-apres-son-premier-10\/#primaryimage\"},\"image\":{\"@id\":\"https:\/\/www.mlnr.ro\/fr\/activitati_sociale\/nadia-comaneci-mise-a-lhonneur-par-la-grande-loge-nationale-de-roumanie-50-ans-apres-son-premier-10\/#primaryimage\"},\"thumbnailUrl\":\"https:\/\/www.mlnr.ro\/wp-content\/uploads\/2026\/03\/image1.jpeg\",\"datePublished\":\"2026-03-14T17:57:34+00:00\",\"dateModified\":\"2026-03-16T15:14:05+00:00\",\"breadcrumb\":{\"@id\":\"https:\/\/www.mlnr.ro\/fr\/activitati_sociale\/nadia-comaneci-mise-a-lhonneur-par-la-grande-loge-nationale-de-roumanie-50-ans-apres-son-premier-10\/#breadcrumb\"},\"inLanguage\":\"fr-FR\",\"potentialAction\":[{\"@type\":\"ReadAction\",\"target\":[\"https:\/\/www.mlnr.ro\/fr\/activitati_sociale\/nadia-comaneci-mise-a-lhonneur-par-la-grande-loge-nationale-de-roumanie-50-ans-apres-son-premier-10\/\"]}]},{\"@type\":\"ImageObject\",\"inLanguage\":\"fr-FR\",\"@id\":\"https:\/\/www.mlnr.ro\/fr\/activitati_sociale\/nadia-comaneci-mise-a-lhonneur-par-la-grande-loge-nationale-de-roumanie-50-ans-apres-son-premier-10\/#primaryimage\",\"url\":\"https:\/\/www.mlnr.ro\/wp-content\/uploads\/2026\/03\/image1.jpeg\",\"contentUrl\":\"https:\/\/www.mlnr.ro\/wp-content\/uploads\/2026\/03\/image1.jpeg\",\"width\":1280,\"height\":853},{\"@type\":\"BreadcrumbList\",\"@id\":\"https:\/\/www.mlnr.ro\/fr\/activitati_sociale\/nadia-comaneci-mise-a-lhonneur-par-la-grande-loge-nationale-de-roumanie-50-ans-apres-son-premier-10\/#breadcrumb\",\"itemListElement\":[{\"@type\":\"ListItem\",\"position\":1,\"name\":\"Prima pagin\u0103\",\"item\":\"https:\/\/www.mlnr.ro\/fr\/acasa\/\"},{\"@type\":\"ListItem\",\"position\":2,\"name\":\"Nadia Com\u0103neci, mise \u00e0 l&#8217;honneur par la Grande Loge nationale de Roumanie \u2013 50 ans apr\u00e8s son premier 10\"}]},{\"@type\":\"WebSite\",\"@id\":\"https:\/\/www.mlnr.ro\/fr\/#website\",\"url\":\"https:\/\/www.mlnr.ro\/fr\/\",\"name\":\"MLNR\",\"description\":\"\",\"publisher\":{\"@id\":\"https:\/\/www.mlnr.ro\/fr\/#organization\"},\"potentialAction\":[{\"@type\":\"SearchAction\",\"target\":{\"@type\":\"EntryPoint\",\"urlTemplate\":\"https:\/\/www.mlnr.ro\/fr\/?s={search_term_string}\"},\"query-input\":{\"@type\":\"PropertyValueSpecification\",\"valueRequired\":true,\"valueName\":\"search_term_string\"}}],\"inLanguage\":\"fr-FR\"},{\"@type\":\"Organization\",\"@id\":\"https:\/\/www.mlnr.ro\/fr\/#organization\",\"name\":\"MLNR\",\"url\":\"https:\/\/www.mlnr.ro\/fr\/\",\"logo\":{\"@type\":\"ImageObject\",\"inLanguage\":\"fr-FR\",\"@id\":\"https:\/\/www.mlnr.ro\/fr\/#\/schema\/logo\/image\/\",\"url\":\"https:\/\/www.mlnr.ro\/wp-content\/uploads\/2025\/12\/prj-edited.png\",\"contentUrl\":\"https:\/\/www.mlnr.ro\/wp-content\/uploads\/2025\/12\/prj-edited.png\",\"width\":300,\"height\":188,\"caption\":\"MLNR\"},\"image\":{\"@id\":\"https:\/\/www.mlnr.ro\/fr\/#\/schema\/logo\/image\/\"}}]}<\/script>\n<!-- \/ Yoast SEO plugin. -->","yoast_head_json":{"title":"Nadia Com\u0103neci, mise \u00e0 l'honneur par la Grande Loge nationale de Roumanie \u2013 50 ans apr\u00e8s son premier 10 - MLNR","robots":{"index":"index","follow":"follow","max-snippet":"max-snippet:-1","max-image-preview":"max-image-preview:large","max-video-preview":"max-video-preview:-1"},"canonical":"https:\/\/www.mlnr.ro\/fr\/activitati_sociale\/nadia-comaneci-mise-a-lhonneur-par-la-grande-loge-nationale-de-roumanie-50-ans-apres-son-premier-10\/","og_locale":"fr_FR","og_type":"article","og_title":"Nadia Com\u0103neci, mise \u00e0 l'honneur par la Grande Loge nationale de Roumanie \u2013 50 ans apr\u00e8s son premier 10 - MLNR","og_description":"Dans la soir\u00e9e du 12 mars 2026, le Mus\u00e9e national d&#8217;art de Roumanie a accueilli un \u00e9v\u00e9nement d\u00e9di\u00e9 \u00e0 l&#8217;excellence, organis\u00e9 par la Grande Loge nationale de Roumanie. Cet \u00e9v\u00e9nement rev\u00eatait une importance particuli\u00e8re : l&#8217;ann\u00e9e 2026 a \u00e9t\u00e9 proclam\u00e9e \u00ab Ann\u00e9e Nadia Com\u0103neci \u00bb par la Grande Loge nationale de Roumanie, marquant ainsi le&hellip; Continue reading Nadia Com\u0103neci, mise \u00e0 l&#8217;honneur par la Grande Loge nationale de Roumanie \u2013 50 ans apr\u00e8s son premier 10","og_url":"https:\/\/www.mlnr.ro\/fr\/activitati_sociale\/nadia-comaneci-mise-a-lhonneur-par-la-grande-loge-nationale-de-roumanie-50-ans-apres-son-premier-10\/","og_site_name":"MLNR","article_modified_time":"2026-03-16T15:14:05+00:00","og_image":[{"width":1280,"height":853,"url":"https:\/\/www.mlnr.ro\/wp-content\/uploads\/2026\/03\/image1.jpeg","type":"image\/jpeg"}],"twitter_card":"summary_large_image","twitter_misc":{"Dur\u00e9e de lecture estim\u00e9e":"2 minutes"},"schema":{"@context":"https:\/\/schema.org","@graph":[{"@type":"WebPage","@id":"https:\/\/www.mlnr.ro\/fr\/activitati_sociale\/nadia-comaneci-mise-a-lhonneur-par-la-grande-loge-nationale-de-roumanie-50-ans-apres-son-premier-10\/","url":"https:\/\/www.mlnr.ro\/fr\/activitati_sociale\/nadia-comaneci-mise-a-lhonneur-par-la-grande-loge-nationale-de-roumanie-50-ans-apres-son-premier-10\/","name":"Nadia Com\u0103neci, mise \u00e0 l'honneur par la Grande Loge nationale de Roumanie \u2013 50 ans apr\u00e8s son premier 10 - MLNR","isPartOf":{"@id":"https:\/\/www.mlnr.ro\/fr\/#website"},"primaryImageOfPage":{"@id":"https:\/\/www.mlnr.ro\/fr\/activitati_sociale\/nadia-comaneci-mise-a-lhonneur-par-la-grande-loge-nationale-de-roumanie-50-ans-apres-son-premier-10\/#primaryimage"},"image":{"@id":"https:\/\/www.mlnr.ro\/fr\/activitati_sociale\/nadia-comaneci-mise-a-lhonneur-par-la-grande-loge-nationale-de-roumanie-50-ans-apres-son-premier-10\/#primaryimage"},"thumbnailUrl":"https:\/\/www.mlnr.ro\/wp-content\/uploads\/2026\/03\/image1.jpeg","datePublished":"2026-03-14T17:57:34+00:00","dateModified":"2026-03-16T15:14:05+00:00","breadcrumb":{"@id":"https:\/\/www.mlnr.ro\/fr\/activitati_sociale\/nadia-comaneci-mise-a-lhonneur-par-la-grande-loge-nationale-de-roumanie-50-ans-apres-son-premier-10\/#breadcrumb"},"inLanguage":"fr-FR","potentialAction":[{"@type":"ReadAction","target":["https:\/\/www.mlnr.ro\/fr\/activitati_sociale\/nadia-comaneci-mise-a-lhonneur-par-la-grande-loge-nationale-de-roumanie-50-ans-apres-son-premier-10\/"]}]},{"@type":"ImageObject","inLanguage":"fr-FR","@id":"https:\/\/www.mlnr.ro\/fr\/activitati_sociale\/nadia-comaneci-mise-a-lhonneur-par-la-grande-loge-nationale-de-roumanie-50-ans-apres-son-premier-10\/#primaryimage","url":"https:\/\/www.mlnr.ro\/wp-content\/uploads\/2026\/03\/image1.jpeg","contentUrl":"https:\/\/www.mlnr.ro\/wp-content\/uploads\/2026\/03\/image1.jpeg","width":1280,"height":853},{"@type":"BreadcrumbList","@id":"https:\/\/www.mlnr.ro\/fr\/activitati_sociale\/nadia-comaneci-mise-a-lhonneur-par-la-grande-loge-nationale-de-roumanie-50-ans-apres-son-premier-10\/#breadcrumb","itemListElement":[{"@type":"ListItem","position":1,"name":"Prima pagin\u0103","item":"https:\/\/www.mlnr.ro\/fr\/acasa\/"},{"@type":"ListItem","position":2,"name":"Nadia Com\u0103neci, mise \u00e0 l&#8217;honneur par la Grande Loge nationale de Roumanie \u2013 50 ans apr\u00e8s son premier 10"}]},{"@type":"WebSite","@id":"https:\/\/www.mlnr.ro\/fr\/#website","url":"https:\/\/www.mlnr.ro\/fr\/","name":"MLNR","description":"","publisher":{"@id":"https:\/\/www.mlnr.ro\/fr\/#organization"},"potentialAction":[{"@type":"SearchAction","target":{"@type":"EntryPoint","urlTemplate":"https:\/\/www.mlnr.ro\/fr\/?s={search_term_string}"},"query-input":{"@type":"PropertyValueSpecification","valueRequired":true,"valueName":"search_term_string"}}],"inLanguage":"fr-FR"},{"@type":"Organization","@id":"https:\/\/www.mlnr.ro\/fr\/#organization","name":"MLNR","url":"https:\/\/www.mlnr.ro\/fr\/","logo":{"@type":"ImageObject","inLanguage":"fr-FR","@id":"https:\/\/www.mlnr.ro\/fr\/#\/schema\/logo\/image\/","url":"https:\/\/www.mlnr.ro\/wp-content\/uploads\/2025\/12\/prj-edited.png","contentUrl":"https:\/\/www.mlnr.ro\/wp-content\/uploads\/2025\/12\/prj-edited.png","width":300,"height":188,"caption":"MLNR"},"image":{"@id":"https:\/\/www.mlnr.ro\/fr\/#\/schema\/logo\/image\/"}}]}},"_links":{"self":[{"href":"https:\/\/www.mlnr.ro\/fr\/wp-json\/wp\/v2\/activitati_sociale\/4790","targetHints":{"allow":["GET"]}}],"collection":[{"href":"https:\/\/www.mlnr.ro\/fr\/wp-json\/wp\/v2\/activitati_sociale"}],"about":[{"href":"https:\/\/www.mlnr.ro\/fr\/wp-json\/wp\/v2\/types\/activitati_sociale"}],"version-history":[{"count":2,"href":"https:\/\/www.mlnr.ro\/fr\/wp-json\/wp\/v2\/activitati_sociale\/4790\/revisions"}],"predecessor-version":[{"id":4817,"href":"https:\/\/www.mlnr.ro\/fr\/wp-json\/wp\/v2\/activitati_sociale\/4790\/revisions\/4817"}],"wp:featuredmedia":[{"embeddable":true,"href":"https:\/\/www.mlnr.ro\/fr\/wp-json\/wp\/v2\/media\/4820"}],"wp:attachment":[{"href":"https:\/\/www.mlnr.ro\/fr\/wp-json\/wp\/v2\/media?parent=4790"}],"curies":[{"name":"wp","href":"https:\/\/api.w.org\/{rel}","templated":true}]}}