{"id":4016,"date":"2026-02-27T15:48:40","date_gmt":"2026-02-27T13:48:40","guid":{"rendered":"https:\/\/www.mlnr.ro\/gala-premiilor\/la-12e-edition-du-gala-des-prix-mlnr\/"},"modified":"2026-04-24T09:00:58","modified_gmt":"2026-04-24T06:00:58","slug":"la-12e-edition-du-gala-des-prix-mlnr","status":"publish","type":"gala_premiilor","link":"https:\/\/www.mlnr.ro\/fr\/gala-premiilor\/la-12e-edition-du-gala-des-prix-mlnr\/","title":{"rendered":"La 12e \u00e9dition du Gala des Prix de la GLNR"},"content":{"rendered":"\n<p><strong>Ath\u00e9n\u00e9e roumain<\/strong><\/p>\n\n<p><strong>Une c\u00e9l\u00e9bration de l&#8217;excellence roumaine \u00e0 l&#8217;Ath\u00e9n\u00e9e roumain<\/strong><\/p>\n\n<p>La douzi\u00e8me \u00e9dition du Gala des Prix de la Grande Loge Nationale de Roumanie (GLNR) a \u00e9t\u00e9 une c\u00e9l\u00e9bration de l&#8217;excellence roumaine et une r\u00e9affirmation de notre engagement envers les valeurs authentiques qui d\u00e9finissent le progr\u00e8s d&#8217;une soci\u00e9t\u00e9 fond\u00e9e sur le m\u00e9rite, l&#8217;\u00e9ducation et l&#8217;esprit cr\u00e9atif. Organis\u00e9 dans le cadre somptueux de l&#8217;Ath\u00e9n\u00e9e roumain, l&#8217;\u00e9v\u00e9nement a r\u00e9uni les \u00e9lites du monde universitaire, culturel et institutionnel, dans un moment de reconnaissance et de r\u00e9v\u00e9rence envers ceux qui fa\u00e7onnent avec patience et vision l&#8217;avenir de la Roumanie. <\/p>\n\n<p>Parmi les invit\u00e9s de marque figuraient des membres de l&#8217;Acad\u00e9mie roumaine, des ministres de la Culture et de l&#8217;\u00c9ducation, les recteurs des douze universit\u00e9s partenaires et d&#8217;autres personnalit\u00e9s \u00e9minentes de la vie publique roumaine.<\/p>\n\n<p>Lors de l&#8217;ouverture de la c\u00e9r\u00e9monie, l&#8217;acad\u00e9micien Ioan-Aurel Pop, pr\u00e9sident de l&#8217;Acad\u00e9mie roumaine, a prononc\u00e9 un discours vibrant, plaidant pour la culture et la c\u00e9l\u00e9bration des valeurs authentiques dans l&#8217;espace roumain :<br\/>\u00ab L&#8217;Acad\u00e9mie roumaine est une institution unique. Elle promeut, honore et r\u00e9compense l&#8217;excellence scientifique, la cr\u00e9ation culturelle et artistique au plus haut niveau. Elle est la plus haute instance de reconnaissance de la recherche en Roumanie. C&#8217;est pourquoi nous nous sommes associ\u00e9s avec joie \u00e0 cette initiative, aux c\u00f4t\u00e9s de la Grande Loge nationale de Roumanie, du minist\u00e8re de l&#8217;\u00c9ducation et du minist\u00e8re de la Culture, afin de d\u00e9cerner ces prix qui mettent en lumi\u00e8re la valeur p\u00e9renne de notre soci\u00e9t\u00e9, cette valeur qui traverse les d\u00e9cennies et les si\u00e8cles. \u00bb    <\/p>\n\n<p>Le Grand Ma\u00eetre de la GLNR, C\u0103t\u0103lin Toh\u0103neanu, a ensuite pris la parole pour souligner le r\u00f4le de cet \u00e9v\u00e9nement dans le soutien aux \u00e9lites roumaines :<br\/>\u00ab Ce gala n&#8217;est pas seulement un acte de reconnaissance. Il est l&#8217;expression d&#8217;une conviction profonde : que les v\u00e9ritables \u00e9lites de Roumanie m\u00e9ritent d&#8217;\u00eatre visibles, soutenues et promues, car elles repr\u00e9sentent la direction, la verticalit\u00e9 et la substance d&#8217;un projet national coh\u00e9rent et durable. \u00bb <\/p>\n\n<p><strong>Prix et laur\u00e9ats<\/strong><\/p>\n\n<p>Dans un cadre solennel, accompagn\u00e9 musicalement par l&#8217;Orchestre de l&#8217;Op\u00e9ra national de Bucarest, dirig\u00e9 par le maestro Daniel Jinga, et par le Ch\u0153ur de l&#8217;Op\u00e9ra national, aux c\u00f4t\u00e9s du t\u00e9nor Teodor Ilinc\u0103i et de la mezzo-soprano Adelina Maria Cociobanu, sept prix ont \u00e9t\u00e9 d\u00e9cern\u00e9s, chacun portant le nom d&#8217;une grande personnalit\u00e9 qui a fa\u00e7onn\u00e9 le destin de notre nation :<\/p>\n\n<p>Prix Grigore Moisil pour les sciences exactes :<br\/>Dr Lucian Beznea \u2013 pour ses contributions essentielles \u00e0 la th\u00e9orie des probabilit\u00e9s et \u00e0 l&#8217;analyse fonctionnelle.<\/p>\n\n<p>Prix Henri Coand\u0103 pour les sciences appliqu\u00e9es :<br\/>Prof. dr. ing. Drago\u0219 Axinte \u2013 pour ses contributions innovantes dans le domaine du g\u00e9nie m\u00e9canique et de la robotique appliqu\u00e9e.<\/p>\n\n<p>Prix Carol Davila pour la m\u00e9decine :<br\/>Professeure Simona Olimpia Dima \u2013 pour son travail remarquable dans le domaine de la recherche g\u00e9nomique.<\/p>\n\n<p>Prix Eugeniu Carada pour l&#8217;\u00e9conomie :<br\/>Professeur universitaire, docteur en \u00e9conomie, ing\u00e9nieur Ionu\u021b Purica \u2013 pour son ouvrage consacr\u00e9 au changement climatique et \u00e0 la durabilit\u00e9. <\/p>\n\n<p>Prix Spiru Haret pour l&#8217;\u00e9ducation, l&#8217;environnement et les technologies de l&#8217;information :<br\/>Professeur Romi\u021b\u0103 Iucu \u2013 pour ses r\u00e9formes dans l&#8217;enseignement sup\u00e9rieur et la num\u00e9risation de l&#8217;\u00e9ducation.<\/p>\n\n<p>Prix Constantin Br\u00e2ncu\u0219i pour l&#8217;art et la culture :<br\/>Cristian M\u0103celaru \u2013 chef d&#8217;orchestre international et ambassadeur culturel de la Roumanie.<\/p>\n\n<p>Prix Nicolae Titulescu pour la diplomatie et les sciences politiques :<br\/>C\u0103t\u0103lin Predoiu \u2013 pour son succ\u00e8s diplomatique concernant l&#8217;adh\u00e9sion de la Roumanie \u00e0 l&#8217;espace Schengen.<\/p>\n\n<p>Chaque laur\u00e9at a re\u00e7u un prix de 10 000 euros, symbole de la reconnaissance de leur contribution exceptionnelle \u00e0 la construction d&#8217;une Roumanie moderne et respect\u00e9e.<\/p>\n\n<p>Ce gala n&#8217;aurait pas \u00e9t\u00e9 possible sans le soutien inconditionnel des membres de la GLNR et de ses partenaires m\u00e9diatiques et institutionnels. Une mention sp\u00e9ciale revient \u00e0 Ma\u00eetre Remus Borza, initiateur et \u00e2me de ce projet, pour sa vision, sa pers\u00e9v\u00e9rance et son d\u00e9vouement sans r\u00e9serve. <\/p>\n\n<p>La Roumanie dispose de ressources intellectuelles, morales et cr\u00e9atives remarquables. Il est de notre devoir collectif de les reconna\u00eetre, de les honorer et de les soutenir \u2013 avec respect, patience et confiance. Le gala de la GLNR est la preuve que cela est non seulement possible, mais aussi profond\u00e9ment n\u00e9cessaire.  <\/p>\n","protected":false},"excerpt":{"rendered":"<p>Ath\u00e9n\u00e9e roumain Une c\u00e9l\u00e9bration de l&#8217;excellence roumaine \u00e0 l&#8217;Ath\u00e9n\u00e9e roumain La douzi\u00e8me \u00e9dition du Gala des Prix de la Grande Loge Nationale de Roumanie (GLNR) a \u00e9t\u00e9 une c\u00e9l\u00e9bration de l&#8217;excellence roumaine et une r\u00e9affirmation de notre engagement envers les valeurs authentiques qui d\u00e9finissent le progr\u00e8s d&#8217;une soci\u00e9t\u00e9 fond\u00e9e sur le m\u00e9rite, l&#8217;\u00e9ducation et l&#8217;esprit&hellip; <a class=\"more-link\" href=\"https:\/\/www.mlnr.ro\/fr\/gala-premiilor\/la-12e-edition-du-gala-des-prix-mlnr\/\">Continue reading <span class=\"screen-reader-text\">La 12e \u00e9dition du Gala des Prix de la GLNR<\/span><\/a><\/p>\n","protected":false},"featured_media":1999,"template":"","class_list":["post-4016","gala_premiilor","type-gala_premiilor","status-publish","has-post-thumbnail","hentry","entry"],"acf":[],"yoast_head":"<!-- This site is optimized with the Yoast SEO plugin v27.0 - https:\/\/yoast.com\/product\/yoast-seo-wordpress\/ -->\n<title>La 12e \u00e9dition du Gala des Prix de la GLNR - MLNR<\/title>\n<meta name=\"robots\" content=\"index, follow, max-snippet:-1, max-image-preview:large, max-video-preview:-1\" \/>\n<link rel=\"canonical\" href=\"https:\/\/www.mlnr.ro\/fr\/gala-premiilor\/la-12e-edition-du-gala-des-prix-mlnr\/\" \/>\n<meta property=\"og:locale\" content=\"fr_FR\" \/>\n<meta property=\"og:type\" content=\"article\" \/>\n<meta property=\"og:title\" content=\"La 12e \u00e9dition du Gala des Prix de la GLNR - MLNR\" \/>\n<meta property=\"og:description\" content=\"Ath\u00e9n\u00e9e roumain Une c\u00e9l\u00e9bration de l&#8217;excellence roumaine \u00e0 l&#8217;Ath\u00e9n\u00e9e roumain La douzi\u00e8me \u00e9dition du Gala des Prix de la Grande Loge Nationale de Roumanie (GLNR) a \u00e9t\u00e9 une c\u00e9l\u00e9bration de l&#8217;excellence roumaine et une r\u00e9affirmation de notre engagement envers les valeurs authentiques qui d\u00e9finissent le progr\u00e8s d&#8217;une soci\u00e9t\u00e9 fond\u00e9e sur le m\u00e9rite, l&#8217;\u00e9ducation et l&#8217;esprit&hellip; Continue reading La 12e \u00e9dition du Gala des Prix de la GLNR\" \/>\n<meta property=\"og:url\" content=\"https:\/\/www.mlnr.ro\/fr\/gala-premiilor\/la-12e-edition-du-gala-des-prix-mlnr\/\" \/>\n<meta property=\"og:site_name\" content=\"MLNR\" \/>\n<meta property=\"article:modified_time\" content=\"2026-04-24T06:00:58+00:00\" \/>\n<meta property=\"og:image\" content=\"https:\/\/www.mlnr.ro\/wp-content\/uploads\/2024\/09\/ateneul.jpg\" \/>\n\t<meta property=\"og:image:width\" content=\"1920\" \/>\n\t<meta property=\"og:image:height\" content=\"1008\" \/>\n\t<meta property=\"og:image:type\" content=\"image\/jpeg\" \/>\n<meta name=\"twitter:card\" content=\"summary_large_image\" \/>\n<meta name=\"twitter:label1\" content=\"Dur\u00e9e de lecture estim\u00e9e\" \/>\n\t<meta name=\"twitter:data1\" content=\"4 minutes\" \/>\n<script type=\"application\/ld+json\" class=\"yoast-schema-graph\">{\"@context\":\"https:\/\/schema.org\",\"@graph\":[{\"@type\":\"WebPage\",\"@id\":\"https:\/\/www.mlnr.ro\/fr\/gala-premiilor\/la-12e-edition-du-gala-des-prix-mlnr\/\",\"url\":\"https:\/\/www.mlnr.ro\/fr\/gala-premiilor\/la-12e-edition-du-gala-des-prix-mlnr\/\",\"name\":\"La 12e \u00e9dition du Gala des Prix de la GLNR - MLNR\",\"isPartOf\":{\"@id\":\"https:\/\/www.mlnr.ro\/fr\/#website\"},\"primaryImageOfPage\":{\"@id\":\"https:\/\/www.mlnr.ro\/fr\/gala-premiilor\/la-12e-edition-du-gala-des-prix-mlnr\/#primaryimage\"},\"image\":{\"@id\":\"https:\/\/www.mlnr.ro\/fr\/gala-premiilor\/la-12e-edition-du-gala-des-prix-mlnr\/#primaryimage\"},\"thumbnailUrl\":\"https:\/\/www.mlnr.ro\/wp-content\/uploads\/2024\/09\/ateneul.jpg\",\"datePublished\":\"2026-02-27T13:48:40+00:00\",\"dateModified\":\"2026-04-24T06:00:58+00:00\",\"breadcrumb\":{\"@id\":\"https:\/\/www.mlnr.ro\/fr\/gala-premiilor\/la-12e-edition-du-gala-des-prix-mlnr\/#breadcrumb\"},\"inLanguage\":\"fr-FR\",\"potentialAction\":[{\"@type\":\"ReadAction\",\"target\":[\"https:\/\/www.mlnr.ro\/fr\/gala-premiilor\/la-12e-edition-du-gala-des-prix-mlnr\/\"]}]},{\"@type\":\"ImageObject\",\"inLanguage\":\"fr-FR\",\"@id\":\"https:\/\/www.mlnr.ro\/fr\/gala-premiilor\/la-12e-edition-du-gala-des-prix-mlnr\/#primaryimage\",\"url\":\"https:\/\/www.mlnr.ro\/wp-content\/uploads\/2024\/09\/ateneul.jpg\",\"contentUrl\":\"https:\/\/www.mlnr.ro\/wp-content\/uploads\/2024\/09\/ateneul.jpg\",\"width\":1920,\"height\":1008},{\"@type\":\"BreadcrumbList\",\"@id\":\"https:\/\/www.mlnr.ro\/fr\/gala-premiilor\/la-12e-edition-du-gala-des-prix-mlnr\/#breadcrumb\",\"itemListElement\":[{\"@type\":\"ListItem\",\"position\":1,\"name\":\"Prima pagin\u0103\",\"item\":\"https:\/\/www.mlnr.ro\/fr\/acasa\/\"},{\"@type\":\"ListItem\",\"position\":2,\"name\":\"La 12e \u00e9dition du Gala des Prix de la GLNR\"}]},{\"@type\":\"WebSite\",\"@id\":\"https:\/\/www.mlnr.ro\/fr\/#website\",\"url\":\"https:\/\/www.mlnr.ro\/fr\/\",\"name\":\"MLNR\",\"description\":\"\",\"publisher\":{\"@id\":\"https:\/\/www.mlnr.ro\/fr\/#organization\"},\"potentialAction\":[{\"@type\":\"SearchAction\",\"target\":{\"@type\":\"EntryPoint\",\"urlTemplate\":\"https:\/\/www.mlnr.ro\/fr\/?s={search_term_string}\"},\"query-input\":{\"@type\":\"PropertyValueSpecification\",\"valueRequired\":true,\"valueName\":\"search_term_string\"}}],\"inLanguage\":\"fr-FR\"},{\"@type\":\"Organization\",\"@id\":\"https:\/\/www.mlnr.ro\/fr\/#organization\",\"name\":\"MLNR\",\"url\":\"https:\/\/www.mlnr.ro\/fr\/\",\"logo\":{\"@type\":\"ImageObject\",\"inLanguage\":\"fr-FR\",\"@id\":\"https:\/\/www.mlnr.ro\/fr\/#\/schema\/logo\/image\/\",\"url\":\"https:\/\/www.mlnr.ro\/wp-content\/uploads\/2025\/12\/prj-edited.png\",\"contentUrl\":\"https:\/\/www.mlnr.ro\/wp-content\/uploads\/2025\/12\/prj-edited.png\",\"width\":300,\"height\":188,\"caption\":\"MLNR\"},\"image\":{\"@id\":\"https:\/\/www.mlnr.ro\/fr\/#\/schema\/logo\/image\/\"}}]}<\/script>\n<!-- \/ Yoast SEO plugin. -->","yoast_head_json":{"title":"La 12e \u00e9dition du Gala des Prix de la GLNR - MLNR","robots":{"index":"index","follow":"follow","max-snippet":"max-snippet:-1","max-image-preview":"max-image-preview:large","max-video-preview":"max-video-preview:-1"},"canonical":"https:\/\/www.mlnr.ro\/fr\/gala-premiilor\/la-12e-edition-du-gala-des-prix-mlnr\/","og_locale":"fr_FR","og_type":"article","og_title":"La 12e \u00e9dition du Gala des Prix de la GLNR - MLNR","og_description":"Ath\u00e9n\u00e9e roumain Une c\u00e9l\u00e9bration de l&#8217;excellence roumaine \u00e0 l&#8217;Ath\u00e9n\u00e9e roumain La douzi\u00e8me \u00e9dition du Gala des Prix de la Grande Loge Nationale de Roumanie (GLNR) a \u00e9t\u00e9 une c\u00e9l\u00e9bration de l&#8217;excellence roumaine et une r\u00e9affirmation de notre engagement envers les valeurs authentiques qui d\u00e9finissent le progr\u00e8s d&#8217;une soci\u00e9t\u00e9 fond\u00e9e sur le m\u00e9rite, l&#8217;\u00e9ducation et l&#8217;esprit&hellip; Continue reading La 12e \u00e9dition du Gala des Prix de la GLNR","og_url":"https:\/\/www.mlnr.ro\/fr\/gala-premiilor\/la-12e-edition-du-gala-des-prix-mlnr\/","og_site_name":"MLNR","article_modified_time":"2026-04-24T06:00:58+00:00","og_image":[{"width":1920,"height":1008,"url":"https:\/\/www.mlnr.ro\/wp-content\/uploads\/2024\/09\/ateneul.jpg","type":"image\/jpeg"}],"twitter_card":"summary_large_image","twitter_misc":{"Dur\u00e9e de lecture estim\u00e9e":"4 minutes"},"schema":{"@context":"https:\/\/schema.org","@graph":[{"@type":"WebPage","@id":"https:\/\/www.mlnr.ro\/fr\/gala-premiilor\/la-12e-edition-du-gala-des-prix-mlnr\/","url":"https:\/\/www.mlnr.ro\/fr\/gala-premiilor\/la-12e-edition-du-gala-des-prix-mlnr\/","name":"La 12e \u00e9dition du Gala des Prix de la GLNR - MLNR","isPartOf":{"@id":"https:\/\/www.mlnr.ro\/fr\/#website"},"primaryImageOfPage":{"@id":"https:\/\/www.mlnr.ro\/fr\/gala-premiilor\/la-12e-edition-du-gala-des-prix-mlnr\/#primaryimage"},"image":{"@id":"https:\/\/www.mlnr.ro\/fr\/gala-premiilor\/la-12e-edition-du-gala-des-prix-mlnr\/#primaryimage"},"thumbnailUrl":"https:\/\/www.mlnr.ro\/wp-content\/uploads\/2024\/09\/ateneul.jpg","datePublished":"2026-02-27T13:48:40+00:00","dateModified":"2026-04-24T06:00:58+00:00","breadcrumb":{"@id":"https:\/\/www.mlnr.ro\/fr\/gala-premiilor\/la-12e-edition-du-gala-des-prix-mlnr\/#breadcrumb"},"inLanguage":"fr-FR","potentialAction":[{"@type":"ReadAction","target":["https:\/\/www.mlnr.ro\/fr\/gala-premiilor\/la-12e-edition-du-gala-des-prix-mlnr\/"]}]},{"@type":"ImageObject","inLanguage":"fr-FR","@id":"https:\/\/www.mlnr.ro\/fr\/gala-premiilor\/la-12e-edition-du-gala-des-prix-mlnr\/#primaryimage","url":"https:\/\/www.mlnr.ro\/wp-content\/uploads\/2024\/09\/ateneul.jpg","contentUrl":"https:\/\/www.mlnr.ro\/wp-content\/uploads\/2024\/09\/ateneul.jpg","width":1920,"height":1008},{"@type":"BreadcrumbList","@id":"https:\/\/www.mlnr.ro\/fr\/gala-premiilor\/la-12e-edition-du-gala-des-prix-mlnr\/#breadcrumb","itemListElement":[{"@type":"ListItem","position":1,"name":"Prima pagin\u0103","item":"https:\/\/www.mlnr.ro\/fr\/acasa\/"},{"@type":"ListItem","position":2,"name":"La 12e \u00e9dition du Gala des Prix de la GLNR"}]},{"@type":"WebSite","@id":"https:\/\/www.mlnr.ro\/fr\/#website","url":"https:\/\/www.mlnr.ro\/fr\/","name":"MLNR","description":"","publisher":{"@id":"https:\/\/www.mlnr.ro\/fr\/#organization"},"potentialAction":[{"@type":"SearchAction","target":{"@type":"EntryPoint","urlTemplate":"https:\/\/www.mlnr.ro\/fr\/?s={search_term_string}"},"query-input":{"@type":"PropertyValueSpecification","valueRequired":true,"valueName":"search_term_string"}}],"inLanguage":"fr-FR"},{"@type":"Organization","@id":"https:\/\/www.mlnr.ro\/fr\/#organization","name":"MLNR","url":"https:\/\/www.mlnr.ro\/fr\/","logo":{"@type":"ImageObject","inLanguage":"fr-FR","@id":"https:\/\/www.mlnr.ro\/fr\/#\/schema\/logo\/image\/","url":"https:\/\/www.mlnr.ro\/wp-content\/uploads\/2025\/12\/prj-edited.png","contentUrl":"https:\/\/www.mlnr.ro\/wp-content\/uploads\/2025\/12\/prj-edited.png","width":300,"height":188,"caption":"MLNR"},"image":{"@id":"https:\/\/www.mlnr.ro\/fr\/#\/schema\/logo\/image\/"}}]}},"_links":{"self":[{"href":"https:\/\/www.mlnr.ro\/fr\/wp-json\/wp\/v2\/gala_premiilor\/4016","targetHints":{"allow":["GET"]}}],"collection":[{"href":"https:\/\/www.mlnr.ro\/fr\/wp-json\/wp\/v2\/gala_premiilor"}],"about":[{"href":"https:\/\/www.mlnr.ro\/fr\/wp-json\/wp\/v2\/types\/gala_premiilor"}],"version-history":[{"count":4,"href":"https:\/\/www.mlnr.ro\/fr\/wp-json\/wp\/v2\/gala_premiilor\/4016\/revisions"}],"predecessor-version":[{"id":5059,"href":"https:\/\/www.mlnr.ro\/fr\/wp-json\/wp\/v2\/gala_premiilor\/4016\/revisions\/5059"}],"wp:featuredmedia":[{"embeddable":true,"href":"https:\/\/www.mlnr.ro\/fr\/wp-json\/wp\/v2\/media\/1999"}],"wp:attachment":[{"href":"https:\/\/www.mlnr.ro\/fr\/wp-json\/wp\/v2\/media?parent=4016"}],"curies":[{"name":"wp","href":"https:\/\/api.w.org\/{rel}","templated":true}]}}