{"id":4173,"date":"2026-02-27T20:14:26","date_gmt":"2026-02-27T18:14:26","guid":{"rendered":"https:\/\/www.mlnr.ro\/gala-premiilor\/premiere-edition-du-gala-des-prix-mlnr\/"},"modified":"2026-04-24T09:45:14","modified_gmt":"2026-04-24T06:45:14","slug":"premiere-edition-du-gala-des-prix-mlnr","status":"publish","type":"gala_premiilor","link":"https:\/\/www.mlnr.ro\/fr\/gala-premiilor\/premiere-edition-du-gala-des-prix-mlnr\/","title":{"rendered":"Premi\u00e8re \u00e9dition du Gala des Prix de la GLNR"},"content":{"rendered":"\n<p><strong>Bien que la Grande Loge ait r\u00e9cemment lanc\u00e9 diverses actions ayant un impact sur la soci\u00e9t\u00e9 civile, la c\u00e9r\u00e9monie de remise des prix de la Grande Loge nationale de Roumanie a r\u00e9ussi \u00e0 attirer l&#8217;attention par la mani\u00e8re dont cet \u00e9v\u00e9nement prestigieux s&#8217;est d\u00e9roul\u00e9.<\/strong><\/p>\n\n<h2 class=\"wp-block-heading\">Les laur\u00e9ats<\/h2>\n\n<ul class=\"wp-block-list\">\n<li><strong>Le prix \u00ab Grigore Moisil \u00bb pour les sciences exactes<\/strong> a \u00e9t\u00e9 d\u00e9cern\u00e9 \u00e0 M. Gheorghe P\u0103un, membre correspondant de l&#8217;Acad\u00e9mie roumaine.<\/li>\n\n\n\n<li><strong>Le prix \u00ab Henri Coand\u0103 \u00bb pour les sciences appliqu\u00e9es<\/strong> a \u00e9t\u00e9 d\u00e9cern\u00e9 au professeur Petre Teodorescu, membre de l&#8217;Acad\u00e9mie des sciences techniques et professeur \u00e0 l&#8217;universit\u00e9 de Bucarest.<\/li>\n\n\n\n<li>Le prix \u00ab Carol Davila \u00bb pour la m\u00e9decine a \u00e9t\u00e9 d\u00e9cern\u00e9 au professeur Dafin Fior Mure\u015fanu.<\/li>\n\n\n\n<li><strong>Le prix \u00ab Eugeniu Carada \u00bb pour l&#8217;\u00e9conomie <\/strong>a \u00e9t\u00e9 d\u00e9cern\u00e9 au professeur Bogdan Murgescu, de la Facult\u00e9 d&#8217;histoire de l&#8217;Universit\u00e9 de Bucarest.<\/li>\n\n\n\n<li><strong>Le prix \u00ab Nicolae Titulescu \u00bb pour la diplomatie\/les sciences politiques<\/strong> a \u00e9t\u00e9 d\u00e9cern\u00e9 \u00e0 M. Marius Lazurc\u0103, ambassadeur de Roumanie \u00e0 Chi\u015fin\u0103u.<\/li>\n\n\n\n<li><strong>Le prix \u00ab Spiru Haret \u00bb pour l&#8217;\u00e9ducation\/l&#8217;environnement\/le social<\/strong> a \u00e9t\u00e9 d\u00e9cern\u00e9 au professeur Marian Vasile, de l&#8217;Institut de recherche sur la qualit\u00e9 de vie de l&#8217;Acad\u00e9mie roumaine. <\/li>\n\n\n\n<li><strong>Le prix \u00ab Constantin Br\u00e2ncu\u015fi \u00bb pour l&#8217;art et la culture <\/strong>a \u00e9t\u00e9 d\u00e9cern\u00e9 au critique de Ia\u015fi, M. Valentin Ciuc\u0103.  <\/li>\n<\/ul>\n","protected":false},"excerpt":{"rendered":"<p>Bien que la Grande Loge ait r\u00e9cemment lanc\u00e9 diverses actions ayant un impact sur la soci\u00e9t\u00e9 civile, la c\u00e9r\u00e9monie de remise des prix de la Grande Loge nationale de Roumanie a r\u00e9ussi \u00e0 attirer l&#8217;attention par la mani\u00e8re dont cet \u00e9v\u00e9nement prestigieux s&#8217;est d\u00e9roul\u00e9. Les laur\u00e9ats<\/p>\n","protected":false},"featured_media":1999,"template":"","class_list":["post-4173","gala_premiilor","type-gala_premiilor","status-publish","has-post-thumbnail","hentry","entry"],"acf":[],"yoast_head":"<!-- This site is optimized with the Yoast SEO plugin v27.0 - https:\/\/yoast.com\/product\/yoast-seo-wordpress\/ -->\n<title>Premi\u00e8re \u00e9dition du Gala des Prix de la GLNR - MLNR<\/title>\n<meta name=\"robots\" content=\"index, follow, max-snippet:-1, max-image-preview:large, max-video-preview:-1\" \/>\n<link rel=\"canonical\" href=\"https:\/\/www.mlnr.ro\/fr\/gala-premiilor\/premiere-edition-du-gala-des-prix-mlnr\/\" \/>\n<meta property=\"og:locale\" content=\"fr_FR\" \/>\n<meta property=\"og:type\" content=\"article\" \/>\n<meta property=\"og:title\" content=\"Premi\u00e8re \u00e9dition du Gala des Prix de la GLNR - MLNR\" \/>\n<meta property=\"og:description\" content=\"Bien que la Grande Loge ait r\u00e9cemment lanc\u00e9 diverses actions ayant un impact sur la soci\u00e9t\u00e9 civile, la c\u00e9r\u00e9monie de remise des prix de la Grande Loge nationale de Roumanie a r\u00e9ussi \u00e0 attirer l&#8217;attention par la mani\u00e8re dont cet \u00e9v\u00e9nement prestigieux s&#8217;est d\u00e9roul\u00e9. Les laur\u00e9ats\" \/>\n<meta property=\"og:url\" content=\"https:\/\/www.mlnr.ro\/fr\/gala-premiilor\/premiere-edition-du-gala-des-prix-mlnr\/\" \/>\n<meta property=\"og:site_name\" content=\"MLNR\" \/>\n<meta property=\"article:modified_time\" content=\"2026-04-24T06:45:14+00:00\" \/>\n<meta property=\"og:image\" content=\"https:\/\/www.mlnr.ro\/wp-content\/uploads\/2024\/09\/ateneul.jpg\" \/>\n\t<meta property=\"og:image:width\" content=\"1920\" \/>\n\t<meta property=\"og:image:height\" content=\"1008\" \/>\n\t<meta property=\"og:image:type\" content=\"image\/jpeg\" \/>\n<meta name=\"twitter:card\" content=\"summary_large_image\" \/>\n<meta name=\"twitter:label1\" content=\"Dur\u00e9e de lecture estim\u00e9e\" \/>\n\t<meta name=\"twitter:data1\" content=\"1 minute\" \/>\n<script type=\"application\/ld+json\" class=\"yoast-schema-graph\">{\"@context\":\"https:\/\/schema.org\",\"@graph\":[{\"@type\":\"WebPage\",\"@id\":\"https:\/\/www.mlnr.ro\/fr\/gala-premiilor\/premiere-edition-du-gala-des-prix-mlnr\/\",\"url\":\"https:\/\/www.mlnr.ro\/fr\/gala-premiilor\/premiere-edition-du-gala-des-prix-mlnr\/\",\"name\":\"Premi\u00e8re \u00e9dition du Gala des Prix de la GLNR - MLNR\",\"isPartOf\":{\"@id\":\"https:\/\/www.mlnr.ro\/fr\/#website\"},\"primaryImageOfPage\":{\"@id\":\"https:\/\/www.mlnr.ro\/fr\/gala-premiilor\/premiere-edition-du-gala-des-prix-mlnr\/#primaryimage\"},\"image\":{\"@id\":\"https:\/\/www.mlnr.ro\/fr\/gala-premiilor\/premiere-edition-du-gala-des-prix-mlnr\/#primaryimage\"},\"thumbnailUrl\":\"https:\/\/www.mlnr.ro\/wp-content\/uploads\/2024\/09\/ateneul.jpg\",\"datePublished\":\"2026-02-27T18:14:26+00:00\",\"dateModified\":\"2026-04-24T06:45:14+00:00\",\"breadcrumb\":{\"@id\":\"https:\/\/www.mlnr.ro\/fr\/gala-premiilor\/premiere-edition-du-gala-des-prix-mlnr\/#breadcrumb\"},\"inLanguage\":\"fr-FR\",\"potentialAction\":[{\"@type\":\"ReadAction\",\"target\":[\"https:\/\/www.mlnr.ro\/fr\/gala-premiilor\/premiere-edition-du-gala-des-prix-mlnr\/\"]}]},{\"@type\":\"ImageObject\",\"inLanguage\":\"fr-FR\",\"@id\":\"https:\/\/www.mlnr.ro\/fr\/gala-premiilor\/premiere-edition-du-gala-des-prix-mlnr\/#primaryimage\",\"url\":\"https:\/\/www.mlnr.ro\/wp-content\/uploads\/2024\/09\/ateneul.jpg\",\"contentUrl\":\"https:\/\/www.mlnr.ro\/wp-content\/uploads\/2024\/09\/ateneul.jpg\",\"width\":1920,\"height\":1008},{\"@type\":\"BreadcrumbList\",\"@id\":\"https:\/\/www.mlnr.ro\/fr\/gala-premiilor\/premiere-edition-du-gala-des-prix-mlnr\/#breadcrumb\",\"itemListElement\":[{\"@type\":\"ListItem\",\"position\":1,\"name\":\"Prima pagin\u0103\",\"item\":\"https:\/\/www.mlnr.ro\/fr\/acasa\/\"},{\"@type\":\"ListItem\",\"position\":2,\"name\":\"Premi\u00e8re \u00e9dition du Gala des Prix de la GLNR\"}]},{\"@type\":\"WebSite\",\"@id\":\"https:\/\/www.mlnr.ro\/fr\/#website\",\"url\":\"https:\/\/www.mlnr.ro\/fr\/\",\"name\":\"MLNR\",\"description\":\"\",\"publisher\":{\"@id\":\"https:\/\/www.mlnr.ro\/fr\/#organization\"},\"potentialAction\":[{\"@type\":\"SearchAction\",\"target\":{\"@type\":\"EntryPoint\",\"urlTemplate\":\"https:\/\/www.mlnr.ro\/fr\/?s={search_term_string}\"},\"query-input\":{\"@type\":\"PropertyValueSpecification\",\"valueRequired\":true,\"valueName\":\"search_term_string\"}}],\"inLanguage\":\"fr-FR\"},{\"@type\":\"Organization\",\"@id\":\"https:\/\/www.mlnr.ro\/fr\/#organization\",\"name\":\"MLNR\",\"url\":\"https:\/\/www.mlnr.ro\/fr\/\",\"logo\":{\"@type\":\"ImageObject\",\"inLanguage\":\"fr-FR\",\"@id\":\"https:\/\/www.mlnr.ro\/fr\/#\/schema\/logo\/image\/\",\"url\":\"https:\/\/www.mlnr.ro\/wp-content\/uploads\/2025\/12\/prj-edited.png\",\"contentUrl\":\"https:\/\/www.mlnr.ro\/wp-content\/uploads\/2025\/12\/prj-edited.png\",\"width\":300,\"height\":188,\"caption\":\"MLNR\"},\"image\":{\"@id\":\"https:\/\/www.mlnr.ro\/fr\/#\/schema\/logo\/image\/\"}}]}<\/script>\n<!-- \/ Yoast SEO plugin. -->","yoast_head_json":{"title":"Premi\u00e8re \u00e9dition du Gala des Prix de la GLNR - MLNR","robots":{"index":"index","follow":"follow","max-snippet":"max-snippet:-1","max-image-preview":"max-image-preview:large","max-video-preview":"max-video-preview:-1"},"canonical":"https:\/\/www.mlnr.ro\/fr\/gala-premiilor\/premiere-edition-du-gala-des-prix-mlnr\/","og_locale":"fr_FR","og_type":"article","og_title":"Premi\u00e8re \u00e9dition du Gala des Prix de la GLNR - MLNR","og_description":"Bien que la Grande Loge ait r\u00e9cemment lanc\u00e9 diverses actions ayant un impact sur la soci\u00e9t\u00e9 civile, la c\u00e9r\u00e9monie de remise des prix de la Grande Loge nationale de Roumanie a r\u00e9ussi \u00e0 attirer l&#8217;attention par la mani\u00e8re dont cet \u00e9v\u00e9nement prestigieux s&#8217;est d\u00e9roul\u00e9. Les laur\u00e9ats","og_url":"https:\/\/www.mlnr.ro\/fr\/gala-premiilor\/premiere-edition-du-gala-des-prix-mlnr\/","og_site_name":"MLNR","article_modified_time":"2026-04-24T06:45:14+00:00","og_image":[{"width":1920,"height":1008,"url":"https:\/\/www.mlnr.ro\/wp-content\/uploads\/2024\/09\/ateneul.jpg","type":"image\/jpeg"}],"twitter_card":"summary_large_image","twitter_misc":{"Dur\u00e9e de lecture estim\u00e9e":"1 minute"},"schema":{"@context":"https:\/\/schema.org","@graph":[{"@type":"WebPage","@id":"https:\/\/www.mlnr.ro\/fr\/gala-premiilor\/premiere-edition-du-gala-des-prix-mlnr\/","url":"https:\/\/www.mlnr.ro\/fr\/gala-premiilor\/premiere-edition-du-gala-des-prix-mlnr\/","name":"Premi\u00e8re \u00e9dition du Gala des Prix de la GLNR - MLNR","isPartOf":{"@id":"https:\/\/www.mlnr.ro\/fr\/#website"},"primaryImageOfPage":{"@id":"https:\/\/www.mlnr.ro\/fr\/gala-premiilor\/premiere-edition-du-gala-des-prix-mlnr\/#primaryimage"},"image":{"@id":"https:\/\/www.mlnr.ro\/fr\/gala-premiilor\/premiere-edition-du-gala-des-prix-mlnr\/#primaryimage"},"thumbnailUrl":"https:\/\/www.mlnr.ro\/wp-content\/uploads\/2024\/09\/ateneul.jpg","datePublished":"2026-02-27T18:14:26+00:00","dateModified":"2026-04-24T06:45:14+00:00","breadcrumb":{"@id":"https:\/\/www.mlnr.ro\/fr\/gala-premiilor\/premiere-edition-du-gala-des-prix-mlnr\/#breadcrumb"},"inLanguage":"fr-FR","potentialAction":[{"@type":"ReadAction","target":["https:\/\/www.mlnr.ro\/fr\/gala-premiilor\/premiere-edition-du-gala-des-prix-mlnr\/"]}]},{"@type":"ImageObject","inLanguage":"fr-FR","@id":"https:\/\/www.mlnr.ro\/fr\/gala-premiilor\/premiere-edition-du-gala-des-prix-mlnr\/#primaryimage","url":"https:\/\/www.mlnr.ro\/wp-content\/uploads\/2024\/09\/ateneul.jpg","contentUrl":"https:\/\/www.mlnr.ro\/wp-content\/uploads\/2024\/09\/ateneul.jpg","width":1920,"height":1008},{"@type":"BreadcrumbList","@id":"https:\/\/www.mlnr.ro\/fr\/gala-premiilor\/premiere-edition-du-gala-des-prix-mlnr\/#breadcrumb","itemListElement":[{"@type":"ListItem","position":1,"name":"Prima pagin\u0103","item":"https:\/\/www.mlnr.ro\/fr\/acasa\/"},{"@type":"ListItem","position":2,"name":"Premi\u00e8re \u00e9dition du Gala des Prix de la GLNR"}]},{"@type":"WebSite","@id":"https:\/\/www.mlnr.ro\/fr\/#website","url":"https:\/\/www.mlnr.ro\/fr\/","name":"MLNR","description":"","publisher":{"@id":"https:\/\/www.mlnr.ro\/fr\/#organization"},"potentialAction":[{"@type":"SearchAction","target":{"@type":"EntryPoint","urlTemplate":"https:\/\/www.mlnr.ro\/fr\/?s={search_term_string}"},"query-input":{"@type":"PropertyValueSpecification","valueRequired":true,"valueName":"search_term_string"}}],"inLanguage":"fr-FR"},{"@type":"Organization","@id":"https:\/\/www.mlnr.ro\/fr\/#organization","name":"MLNR","url":"https:\/\/www.mlnr.ro\/fr\/","logo":{"@type":"ImageObject","inLanguage":"fr-FR","@id":"https:\/\/www.mlnr.ro\/fr\/#\/schema\/logo\/image\/","url":"https:\/\/www.mlnr.ro\/wp-content\/uploads\/2025\/12\/prj-edited.png","contentUrl":"https:\/\/www.mlnr.ro\/wp-content\/uploads\/2025\/12\/prj-edited.png","width":300,"height":188,"caption":"MLNR"},"image":{"@id":"https:\/\/www.mlnr.ro\/fr\/#\/schema\/logo\/image\/"}}]}},"_links":{"self":[{"href":"https:\/\/www.mlnr.ro\/fr\/wp-json\/wp\/v2\/gala_premiilor\/4173","targetHints":{"allow":["GET"]}}],"collection":[{"href":"https:\/\/www.mlnr.ro\/fr\/wp-json\/wp\/v2\/gala_premiilor"}],"about":[{"href":"https:\/\/www.mlnr.ro\/fr\/wp-json\/wp\/v2\/types\/gala_premiilor"}],"version-history":[{"count":3,"href":"https:\/\/www.mlnr.ro\/fr\/wp-json\/wp\/v2\/gala_premiilor\/4173\/revisions"}],"predecessor-version":[{"id":5104,"href":"https:\/\/www.mlnr.ro\/fr\/wp-json\/wp\/v2\/gala_premiilor\/4173\/revisions\/5104"}],"wp:featuredmedia":[{"embeddable":true,"href":"https:\/\/www.mlnr.ro\/fr\/wp-json\/wp\/v2\/media\/1999"}],"wp:attachment":[{"href":"https:\/\/www.mlnr.ro\/fr\/wp-json\/wp\/v2\/media?parent=4173"}],"curies":[{"name":"wp","href":"https:\/\/api.w.org\/{rel}","templated":true}]}}