{"id":4181,"date":"2026-02-27T20:24:42","date_gmt":"2026-02-27T18:24:42","guid":{"rendered":"https:\/\/www.mlnr.ro\/gala-premiilor\/la-deuxieme-edition-du-gala-des-prix-mlnr\/"},"modified":"2026-04-24T09:46:11","modified_gmt":"2026-04-24T06:46:11","slug":"la-deuxieme-edition-du-gala-des-prix-mlnr","status":"publish","type":"gala_premiilor","link":"https:\/\/www.mlnr.ro\/fr\/gala-premiilor\/la-deuxieme-edition-du-gala-des-prix-mlnr\/","title":{"rendered":"La deuxi\u00e8me \u00e9dition du Gala des Prix de la GLNR"},"content":{"rendered":"\n<p><strong>L&#8217;\u00e9v\u00e9nement s&#8217;est d\u00e9roul\u00e9 \u00e0 l&#8217;Ath\u00e9n\u00e9e roumain, en partenariat avec l&#8217;Acad\u00e9mie roumaine et avec le soutien de 12 universit\u00e9s roumaines.<\/strong><\/p>\n\n<h2 class=\"wp-block-heading\">Les laur\u00e9ats<\/h2>\n\n<p><strong>Le prix \u00ab Grigore Moisil \u00bb pour les sciences exactes<\/strong> a \u00e9t\u00e9 d\u00e9cern\u00e9 \u00e0 l&#8217;acad\u00e9micien Ioan Iovitz POPESCU pour son ouvrage \u00ab Lambda \u2013 Structura textelor \u00bb (Lambda \u2013 La structure des textes) publi\u00e9 dans la s\u00e9rie \u00ab Studies in Quantitative Linguistics \u00bb 10-2011 RAM-Verlag, Ludenscheid, Allemagne.<\/p>\n\n<p><strong>Le prix \u00ab Henri Coand\u0103 \u00bb pour les sciences appliqu\u00e9es<\/strong> a \u00e9t\u00e9 d\u00e9cern\u00e9 au professeur Boris PLAHTEANU, docteur en ing\u00e9nierie, pour son ouvrage \u00ab Nicola Tesla \u2013 Le g\u00e9nie de la lumi\u00e8re et de l&#8217;\u00e9nergie, l&#8217;int\u00e9grale des inventions \u00bb. <\/p>\n\n<p><strong>Le prix \u00ab Carol Davila \u00bb pour la m\u00e9decine <\/strong>a \u00e9t\u00e9 d\u00e9cern\u00e9 \u00e0 l&#8217;acad\u00e9micien, professeur et docteur Lauren\u0163iu Mircea POPESCU, pour son ouvrage \u00ab Recherche scientifique fondamentale sur les t\u00e9locytes \u00bb. <\/p>\n\n<p><strong>Le prix \u00ab Constantin Br\u00e2ncu\u015fi \u00bb pour l&#8217;art et la culture<\/strong> a \u00e9t\u00e9 d\u00e9cern\u00e9 au ma\u00eetre Sorin ILFOVEANU pour son exposition personnelle \u00ab Dessins 2008-2011 \u00bb.<\/p>\n\n<p>Le prix \u00ab Nicolae Titulescu \u00bb pour la diplomatie et les sciences politiques a \u00e9t\u00e9 d\u00e9cern\u00e9 \u00e0 M. Mihai BOTOROG pour son projet intitul\u00e9 \u00ab Coordination de l&#8217;op\u00e9ration d&#8217;\u00e9vacuation en toute s\u00e9curit\u00e9 des civils roumains de Libye, f\u00e9vrier 2011 \u00bb.<\/p>\n\n<p><strong>Le prix \u00ab Eugeniu Carada \u00bb pour l&#8217;\u00e9conomie<\/strong> a \u00e9t\u00e9 d\u00e9cern\u00e9 au docteur Cristian P\u0102UNESCU et \u00e0 l&#8217;historien Marian \u015eTEFAN pour leur ouvrage \u00ab Le tr\u00e9sor de la Banque nationale de Roumanie \u00e0 Moscou \u00bb.<\/p>\n","protected":false},"excerpt":{"rendered":"<p>L&#8217;\u00e9v\u00e9nement s&#8217;est d\u00e9roul\u00e9 \u00e0 l&#8217;Ath\u00e9n\u00e9e roumain, en partenariat avec l&#8217;Acad\u00e9mie roumaine et avec le soutien de 12 universit\u00e9s roumaines. Les laur\u00e9ats Le prix \u00ab Grigore Moisil \u00bb pour les sciences exactes a \u00e9t\u00e9 d\u00e9cern\u00e9 \u00e0 l&#8217;acad\u00e9micien Ioan Iovitz POPESCU pour son ouvrage \u00ab Lambda \u2013 Structura textelor \u00bb (Lambda \u2013 La structure des textes) publi\u00e9&hellip; <a class=\"more-link\" href=\"https:\/\/www.mlnr.ro\/fr\/gala-premiilor\/la-deuxieme-edition-du-gala-des-prix-mlnr\/\">Continue reading <span class=\"screen-reader-text\">La deuxi\u00e8me \u00e9dition du Gala des Prix de la GLNR<\/span><\/a><\/p>\n","protected":false},"featured_media":1999,"template":"","class_list":["post-4181","gala_premiilor","type-gala_premiilor","status-publish","has-post-thumbnail","hentry","entry"],"acf":[],"yoast_head":"<!-- This site is optimized with the Yoast SEO plugin v27.0 - https:\/\/yoast.com\/product\/yoast-seo-wordpress\/ -->\n<title>La deuxi\u00e8me \u00e9dition du Gala des Prix de la GLNR - MLNR<\/title>\n<meta name=\"robots\" content=\"index, follow, max-snippet:-1, max-image-preview:large, max-video-preview:-1\" \/>\n<link rel=\"canonical\" href=\"https:\/\/www.mlnr.ro\/fr\/gala-premiilor\/la-deuxieme-edition-du-gala-des-prix-mlnr\/\" \/>\n<meta property=\"og:locale\" content=\"fr_FR\" \/>\n<meta property=\"og:type\" content=\"article\" \/>\n<meta property=\"og:title\" content=\"La deuxi\u00e8me \u00e9dition du Gala des Prix de la GLNR - MLNR\" \/>\n<meta property=\"og:description\" content=\"L&#8217;\u00e9v\u00e9nement s&#8217;est d\u00e9roul\u00e9 \u00e0 l&#8217;Ath\u00e9n\u00e9e roumain, en partenariat avec l&#8217;Acad\u00e9mie roumaine et avec le soutien de 12 universit\u00e9s roumaines. Les laur\u00e9ats Le prix \u00ab Grigore Moisil \u00bb pour les sciences exactes a \u00e9t\u00e9 d\u00e9cern\u00e9 \u00e0 l&#8217;acad\u00e9micien Ioan Iovitz POPESCU pour son ouvrage \u00ab Lambda \u2013 Structura textelor \u00bb (Lambda \u2013 La structure des textes) publi\u00e9&hellip; Continue reading La deuxi\u00e8me \u00e9dition du Gala des Prix de la GLNR\" \/>\n<meta property=\"og:url\" content=\"https:\/\/www.mlnr.ro\/fr\/gala-premiilor\/la-deuxieme-edition-du-gala-des-prix-mlnr\/\" \/>\n<meta property=\"og:site_name\" content=\"MLNR\" \/>\n<meta property=\"article:modified_time\" content=\"2026-04-24T06:46:11+00:00\" \/>\n<meta property=\"og:image\" content=\"https:\/\/www.mlnr.ro\/wp-content\/uploads\/2024\/09\/ateneul.jpg\" \/>\n\t<meta property=\"og:image:width\" content=\"1920\" \/>\n\t<meta property=\"og:image:height\" content=\"1008\" \/>\n\t<meta property=\"og:image:type\" content=\"image\/jpeg\" \/>\n<meta name=\"twitter:card\" content=\"summary_large_image\" \/>\n<meta name=\"twitter:label1\" content=\"Dur\u00e9e de lecture estim\u00e9e\" \/>\n\t<meta name=\"twitter:data1\" content=\"1 minute\" \/>\n<script type=\"application\/ld+json\" class=\"yoast-schema-graph\">{\"@context\":\"https:\/\/schema.org\",\"@graph\":[{\"@type\":\"WebPage\",\"@id\":\"https:\/\/www.mlnr.ro\/fr\/gala-premiilor\/la-deuxieme-edition-du-gala-des-prix-mlnr\/\",\"url\":\"https:\/\/www.mlnr.ro\/fr\/gala-premiilor\/la-deuxieme-edition-du-gala-des-prix-mlnr\/\",\"name\":\"La deuxi\u00e8me \u00e9dition du Gala des Prix de la GLNR - MLNR\",\"isPartOf\":{\"@id\":\"https:\/\/www.mlnr.ro\/fr\/#website\"},\"primaryImageOfPage\":{\"@id\":\"https:\/\/www.mlnr.ro\/fr\/gala-premiilor\/la-deuxieme-edition-du-gala-des-prix-mlnr\/#primaryimage\"},\"image\":{\"@id\":\"https:\/\/www.mlnr.ro\/fr\/gala-premiilor\/la-deuxieme-edition-du-gala-des-prix-mlnr\/#primaryimage\"},\"thumbnailUrl\":\"https:\/\/www.mlnr.ro\/wp-content\/uploads\/2024\/09\/ateneul.jpg\",\"datePublished\":\"2026-02-27T18:24:42+00:00\",\"dateModified\":\"2026-04-24T06:46:11+00:00\",\"breadcrumb\":{\"@id\":\"https:\/\/www.mlnr.ro\/fr\/gala-premiilor\/la-deuxieme-edition-du-gala-des-prix-mlnr\/#breadcrumb\"},\"inLanguage\":\"fr-FR\",\"potentialAction\":[{\"@type\":\"ReadAction\",\"target\":[\"https:\/\/www.mlnr.ro\/fr\/gala-premiilor\/la-deuxieme-edition-du-gala-des-prix-mlnr\/\"]}]},{\"@type\":\"ImageObject\",\"inLanguage\":\"fr-FR\",\"@id\":\"https:\/\/www.mlnr.ro\/fr\/gala-premiilor\/la-deuxieme-edition-du-gala-des-prix-mlnr\/#primaryimage\",\"url\":\"https:\/\/www.mlnr.ro\/wp-content\/uploads\/2024\/09\/ateneul.jpg\",\"contentUrl\":\"https:\/\/www.mlnr.ro\/wp-content\/uploads\/2024\/09\/ateneul.jpg\",\"width\":1920,\"height\":1008},{\"@type\":\"BreadcrumbList\",\"@id\":\"https:\/\/www.mlnr.ro\/fr\/gala-premiilor\/la-deuxieme-edition-du-gala-des-prix-mlnr\/#breadcrumb\",\"itemListElement\":[{\"@type\":\"ListItem\",\"position\":1,\"name\":\"Prima pagin\u0103\",\"item\":\"https:\/\/www.mlnr.ro\/fr\/acasa\/\"},{\"@type\":\"ListItem\",\"position\":2,\"name\":\"La deuxi\u00e8me \u00e9dition du Gala des Prix de la GLNR\"}]},{\"@type\":\"WebSite\",\"@id\":\"https:\/\/www.mlnr.ro\/fr\/#website\",\"url\":\"https:\/\/www.mlnr.ro\/fr\/\",\"name\":\"MLNR\",\"description\":\"\",\"publisher\":{\"@id\":\"https:\/\/www.mlnr.ro\/fr\/#organization\"},\"potentialAction\":[{\"@type\":\"SearchAction\",\"target\":{\"@type\":\"EntryPoint\",\"urlTemplate\":\"https:\/\/www.mlnr.ro\/fr\/?s={search_term_string}\"},\"query-input\":{\"@type\":\"PropertyValueSpecification\",\"valueRequired\":true,\"valueName\":\"search_term_string\"}}],\"inLanguage\":\"fr-FR\"},{\"@type\":\"Organization\",\"@id\":\"https:\/\/www.mlnr.ro\/fr\/#organization\",\"name\":\"MLNR\",\"url\":\"https:\/\/www.mlnr.ro\/fr\/\",\"logo\":{\"@type\":\"ImageObject\",\"inLanguage\":\"fr-FR\",\"@id\":\"https:\/\/www.mlnr.ro\/fr\/#\/schema\/logo\/image\/\",\"url\":\"https:\/\/www.mlnr.ro\/wp-content\/uploads\/2025\/12\/prj-edited.png\",\"contentUrl\":\"https:\/\/www.mlnr.ro\/wp-content\/uploads\/2025\/12\/prj-edited.png\",\"width\":300,\"height\":188,\"caption\":\"MLNR\"},\"image\":{\"@id\":\"https:\/\/www.mlnr.ro\/fr\/#\/schema\/logo\/image\/\"}}]}<\/script>\n<!-- \/ Yoast SEO plugin. -->","yoast_head_json":{"title":"La deuxi\u00e8me \u00e9dition du Gala des Prix de la GLNR - MLNR","robots":{"index":"index","follow":"follow","max-snippet":"max-snippet:-1","max-image-preview":"max-image-preview:large","max-video-preview":"max-video-preview:-1"},"canonical":"https:\/\/www.mlnr.ro\/fr\/gala-premiilor\/la-deuxieme-edition-du-gala-des-prix-mlnr\/","og_locale":"fr_FR","og_type":"article","og_title":"La deuxi\u00e8me \u00e9dition du Gala des Prix de la GLNR - MLNR","og_description":"L&#8217;\u00e9v\u00e9nement s&#8217;est d\u00e9roul\u00e9 \u00e0 l&#8217;Ath\u00e9n\u00e9e roumain, en partenariat avec l&#8217;Acad\u00e9mie roumaine et avec le soutien de 12 universit\u00e9s roumaines. Les laur\u00e9ats Le prix \u00ab Grigore Moisil \u00bb pour les sciences exactes a \u00e9t\u00e9 d\u00e9cern\u00e9 \u00e0 l&#8217;acad\u00e9micien Ioan Iovitz POPESCU pour son ouvrage \u00ab Lambda \u2013 Structura textelor \u00bb (Lambda \u2013 La structure des textes) publi\u00e9&hellip; Continue reading La deuxi\u00e8me \u00e9dition du Gala des Prix de la GLNR","og_url":"https:\/\/www.mlnr.ro\/fr\/gala-premiilor\/la-deuxieme-edition-du-gala-des-prix-mlnr\/","og_site_name":"MLNR","article_modified_time":"2026-04-24T06:46:11+00:00","og_image":[{"width":1920,"height":1008,"url":"https:\/\/www.mlnr.ro\/wp-content\/uploads\/2024\/09\/ateneul.jpg","type":"image\/jpeg"}],"twitter_card":"summary_large_image","twitter_misc":{"Dur\u00e9e de lecture estim\u00e9e":"1 minute"},"schema":{"@context":"https:\/\/schema.org","@graph":[{"@type":"WebPage","@id":"https:\/\/www.mlnr.ro\/fr\/gala-premiilor\/la-deuxieme-edition-du-gala-des-prix-mlnr\/","url":"https:\/\/www.mlnr.ro\/fr\/gala-premiilor\/la-deuxieme-edition-du-gala-des-prix-mlnr\/","name":"La deuxi\u00e8me \u00e9dition du Gala des Prix de la GLNR - MLNR","isPartOf":{"@id":"https:\/\/www.mlnr.ro\/fr\/#website"},"primaryImageOfPage":{"@id":"https:\/\/www.mlnr.ro\/fr\/gala-premiilor\/la-deuxieme-edition-du-gala-des-prix-mlnr\/#primaryimage"},"image":{"@id":"https:\/\/www.mlnr.ro\/fr\/gala-premiilor\/la-deuxieme-edition-du-gala-des-prix-mlnr\/#primaryimage"},"thumbnailUrl":"https:\/\/www.mlnr.ro\/wp-content\/uploads\/2024\/09\/ateneul.jpg","datePublished":"2026-02-27T18:24:42+00:00","dateModified":"2026-04-24T06:46:11+00:00","breadcrumb":{"@id":"https:\/\/www.mlnr.ro\/fr\/gala-premiilor\/la-deuxieme-edition-du-gala-des-prix-mlnr\/#breadcrumb"},"inLanguage":"fr-FR","potentialAction":[{"@type":"ReadAction","target":["https:\/\/www.mlnr.ro\/fr\/gala-premiilor\/la-deuxieme-edition-du-gala-des-prix-mlnr\/"]}]},{"@type":"ImageObject","inLanguage":"fr-FR","@id":"https:\/\/www.mlnr.ro\/fr\/gala-premiilor\/la-deuxieme-edition-du-gala-des-prix-mlnr\/#primaryimage","url":"https:\/\/www.mlnr.ro\/wp-content\/uploads\/2024\/09\/ateneul.jpg","contentUrl":"https:\/\/www.mlnr.ro\/wp-content\/uploads\/2024\/09\/ateneul.jpg","width":1920,"height":1008},{"@type":"BreadcrumbList","@id":"https:\/\/www.mlnr.ro\/fr\/gala-premiilor\/la-deuxieme-edition-du-gala-des-prix-mlnr\/#breadcrumb","itemListElement":[{"@type":"ListItem","position":1,"name":"Prima pagin\u0103","item":"https:\/\/www.mlnr.ro\/fr\/acasa\/"},{"@type":"ListItem","position":2,"name":"La deuxi\u00e8me \u00e9dition du Gala des Prix de la GLNR"}]},{"@type":"WebSite","@id":"https:\/\/www.mlnr.ro\/fr\/#website","url":"https:\/\/www.mlnr.ro\/fr\/","name":"MLNR","description":"","publisher":{"@id":"https:\/\/www.mlnr.ro\/fr\/#organization"},"potentialAction":[{"@type":"SearchAction","target":{"@type":"EntryPoint","urlTemplate":"https:\/\/www.mlnr.ro\/fr\/?s={search_term_string}"},"query-input":{"@type":"PropertyValueSpecification","valueRequired":true,"valueName":"search_term_string"}}],"inLanguage":"fr-FR"},{"@type":"Organization","@id":"https:\/\/www.mlnr.ro\/fr\/#organization","name":"MLNR","url":"https:\/\/www.mlnr.ro\/fr\/","logo":{"@type":"ImageObject","inLanguage":"fr-FR","@id":"https:\/\/www.mlnr.ro\/fr\/#\/schema\/logo\/image\/","url":"https:\/\/www.mlnr.ro\/wp-content\/uploads\/2025\/12\/prj-edited.png","contentUrl":"https:\/\/www.mlnr.ro\/wp-content\/uploads\/2025\/12\/prj-edited.png","width":300,"height":188,"caption":"MLNR"},"image":{"@id":"https:\/\/www.mlnr.ro\/fr\/#\/schema\/logo\/image\/"}}]}},"_links":{"self":[{"href":"https:\/\/www.mlnr.ro\/fr\/wp-json\/wp\/v2\/gala_premiilor\/4181","targetHints":{"allow":["GET"]}}],"collection":[{"href":"https:\/\/www.mlnr.ro\/fr\/wp-json\/wp\/v2\/gala_premiilor"}],"about":[{"href":"https:\/\/www.mlnr.ro\/fr\/wp-json\/wp\/v2\/types\/gala_premiilor"}],"version-history":[{"count":5,"href":"https:\/\/www.mlnr.ro\/fr\/wp-json\/wp\/v2\/gala_premiilor\/4181\/revisions"}],"predecessor-version":[{"id":5108,"href":"https:\/\/www.mlnr.ro\/fr\/wp-json\/wp\/v2\/gala_premiilor\/4181\/revisions\/5108"}],"wp:featuredmedia":[{"embeddable":true,"href":"https:\/\/www.mlnr.ro\/fr\/wp-json\/wp\/v2\/media\/1999"}],"wp:attachment":[{"href":"https:\/\/www.mlnr.ro\/fr\/wp-json\/wp\/v2\/media?parent=4181"}],"curies":[{"name":"wp","href":"https:\/\/api.w.org\/{rel}","templated":true}]}}