{"id":4189,"date":"2026-02-27T20:31:35","date_gmt":"2026-02-27T18:31:35","guid":{"rendered":"https:\/\/www.mlnr.ro\/gala-premiilor\/la-troisieme-edition-du-gala-des-prix-mlnr\/"},"modified":"2026-04-24T09:46:58","modified_gmt":"2026-04-24T06:46:58","slug":"la-troisieme-edition-du-gala-des-prix-mlnr","status":"publish","type":"gala_premiilor","link":"https:\/\/www.mlnr.ro\/fr\/gala-premiilor\/la-troisieme-edition-du-gala-des-prix-mlnr\/","title":{"rendered":"La troisi\u00e8me \u00e9dition du Gala des Prix de la GLNR"},"content":{"rendered":"\n<p><strong>I. Le prix GRIGORE MOISIL pour les sciences exactes<\/strong> a \u00e9t\u00e9 d\u00e9cern\u00e9 \u00e0 \u0218tefan Papadima, de l&#8217;Institut de math\u00e9matiques de l&#8217;Acad\u00e9mie roumaine, pour son ensemble d&#8217;ouvrages sur la topologie et la g\u00e9om\u00e9trie alg\u00e9brique publi\u00e9s en Roumanie et \u00e0 l&#8217;\u00e9tranger en 2012.<\/p>\n\n<p><strong>II. Le prix HENRI COAND\u0102 pour les sciences appliqu\u00e9es<\/strong> a \u00e9t\u00e9 d\u00e9cern\u00e9 \u00e0 Maria Petrescu, de l&#8217;Universit\u00e9 polytechnique de Bucarest, pour son ouvrage intitul\u00e9 Trait\u00e9 de science et d&#8217;ing\u00e9nierie des mat\u00e9riaux m\u00e9talliques, 5 volumes, 2006-2012. Pour la premi\u00e8re fois depuis la cr\u00e9ation du Gala des prix de la Grande Loge, le prix a \u00e9t\u00e9 d\u00e9cern\u00e9 \u00e0 une femme. <\/p>\n\n<p><strong>III. Le prix CAROL DAVILA pour la m\u00e9decine<\/strong> a \u00e9t\u00e9 d\u00e9cern\u00e9 \u00e0 M. Jianu Drago\u0219-C\u0103t\u0103lin, professeur agr\u00e9g\u00e9 \u00e0 l&#8217;Universit\u00e9 de m\u00e9decine et de pharmacie \u00ab Victor Babe\u0219 \u00bb de Timi\u0219oara. Il est l&#8217;auteur d&#8217;une monographie dans le domaine de la neuro-ophtalmologie, intitul\u00e9e : \u00ab \u00c9chographie Doppler couleur. Interf\u00e9rences ophtalmo-neurologiques \u00bb. Il est connu pour sa contribution \u00e0 la d\u00e9finition des neuropathies optiques isch\u00e9miques ant\u00e9rieures, ayant r\u00e9ussi \u00e0 caract\u00e9riser les formes art\u00e9rielles des formes non art\u00e9rielles. Il est auteur et collaborateur de l&#8217;\u00ab American Journal of Neuroprotection and Neuroregeneration \u00bb.    <\/p>\n\n<p><strong>IV. Le prix NICOLAE TITULESCU pour la diplomatie et les sciences politiques<\/strong> a \u00e9t\u00e9 d\u00e9cern\u00e9 \u00e0 Mihnea Motoc, ambassadeur de Roumanie aupr\u00e8s de l&#8217;Union europ\u00e9enne.<\/p>\n\n<p><strong>V. Le prix EUGENIU CARADA pour l&#8217;\u00e9conomie<\/strong> a \u00e9t\u00e9 d\u00e9cern\u00e9 \u00e0 Lucian Croitoru pour son ouvrage Politica monetar\u0103; ipostaze neconven\u021bionale \u2013 Atacul speculativ; Criza din zona euro, \u0219omajul; Infla\u021bia (Politique mon\u00e9taire ; situations non conventionnelles \u2013 Attaque sp\u00e9culative ; Crise dans la zone euro, ch\u00f4mage ; Inflation), publi\u00e9 aux \u00e9ditions Curtea Veche, Bucarest, 2012.<\/p>\n\n<p><strong>VI. Le prix SPIRU HARET pour l&#8217;\u00e9ducation, l&#8217;environnement et les technologies de l&#8217;information<\/strong> a \u00e9t\u00e9 d\u00e9cern\u00e9 \u00e0 Horia Pop, de l&#8217;universit\u00e9 Babe\u015f-Bolyai de Cluj-Napoca, pour son ensemble de travaux consacr\u00e9s \u00e0 l&#8217;intelligence artificielle.<\/p>\n\n<p><strong>VII. Le prix CONSTANTIN BR\u00c2NCU\u0218I pour l&#8217;art et la culture<\/strong> a \u00e9t\u00e9 d\u00e9cern\u00e9 \u00e0 George Virgil Stoenescu pour son recueil de po\u00e8mes Roata Norocului (La roue de la fortune), publi\u00e9 aux \u00e9ditions Univers Enciclopedic Gold en 2012.<\/p>\n","protected":false},"excerpt":{"rendered":"<p>I. Le prix GRIGORE MOISIL pour les sciences exactes a \u00e9t\u00e9 d\u00e9cern\u00e9 \u00e0 \u0218tefan Papadima, de l&#8217;Institut de math\u00e9matiques de l&#8217;Acad\u00e9mie roumaine, pour son ensemble d&#8217;ouvrages sur la topologie et la g\u00e9om\u00e9trie alg\u00e9brique publi\u00e9s en Roumanie et \u00e0 l&#8217;\u00e9tranger en 2012. II. Le prix HENRI COAND\u0102 pour les sciences appliqu\u00e9es a \u00e9t\u00e9 d\u00e9cern\u00e9 \u00e0 Maria&hellip; <a class=\"more-link\" href=\"https:\/\/www.mlnr.ro\/fr\/gala-premiilor\/la-troisieme-edition-du-gala-des-prix-mlnr\/\">Continue reading <span class=\"screen-reader-text\">La troisi\u00e8me \u00e9dition du Gala des Prix de la GLNR<\/span><\/a><\/p>\n","protected":false},"featured_media":1999,"template":"","class_list":["post-4189","gala_premiilor","type-gala_premiilor","status-publish","has-post-thumbnail","hentry","entry"],"acf":[],"yoast_head":"<!-- This site is optimized with the Yoast SEO plugin v27.0 - https:\/\/yoast.com\/product\/yoast-seo-wordpress\/ -->\n<title>La troisi\u00e8me \u00e9dition du Gala des Prix de la GLNR - MLNR<\/title>\n<meta name=\"robots\" content=\"index, follow, max-snippet:-1, max-image-preview:large, max-video-preview:-1\" \/>\n<link rel=\"canonical\" href=\"https:\/\/www.mlnr.ro\/fr\/gala-premiilor\/la-troisieme-edition-du-gala-des-prix-mlnr\/\" \/>\n<meta property=\"og:locale\" content=\"fr_FR\" \/>\n<meta property=\"og:type\" content=\"article\" \/>\n<meta property=\"og:title\" content=\"La troisi\u00e8me \u00e9dition du Gala des Prix de la GLNR - MLNR\" \/>\n<meta property=\"og:description\" content=\"I. Le prix GRIGORE MOISIL pour les sciences exactes a \u00e9t\u00e9 d\u00e9cern\u00e9 \u00e0 \u0218tefan Papadima, de l&#8217;Institut de math\u00e9matiques de l&#8217;Acad\u00e9mie roumaine, pour son ensemble d&#8217;ouvrages sur la topologie et la g\u00e9om\u00e9trie alg\u00e9brique publi\u00e9s en Roumanie et \u00e0 l&#8217;\u00e9tranger en 2012. II. Le prix HENRI COAND\u0102 pour les sciences appliqu\u00e9es a \u00e9t\u00e9 d\u00e9cern\u00e9 \u00e0 Maria&hellip; Continue reading La troisi\u00e8me \u00e9dition du Gala des Prix de la GLNR\" \/>\n<meta property=\"og:url\" content=\"https:\/\/www.mlnr.ro\/fr\/gala-premiilor\/la-troisieme-edition-du-gala-des-prix-mlnr\/\" \/>\n<meta property=\"og:site_name\" content=\"MLNR\" \/>\n<meta property=\"article:modified_time\" content=\"2026-04-24T06:46:58+00:00\" \/>\n<meta property=\"og:image\" content=\"https:\/\/www.mlnr.ro\/wp-content\/uploads\/2024\/09\/ateneul.jpg\" \/>\n\t<meta property=\"og:image:width\" content=\"1920\" \/>\n\t<meta property=\"og:image:height\" content=\"1008\" \/>\n\t<meta property=\"og:image:type\" content=\"image\/jpeg\" \/>\n<meta name=\"twitter:card\" content=\"summary_large_image\" \/>\n<meta name=\"twitter:label1\" content=\"Dur\u00e9e de lecture estim\u00e9e\" \/>\n\t<meta name=\"twitter:data1\" content=\"2 minutes\" \/>\n<script type=\"application\/ld+json\" class=\"yoast-schema-graph\">{\"@context\":\"https:\/\/schema.org\",\"@graph\":[{\"@type\":\"WebPage\",\"@id\":\"https:\/\/www.mlnr.ro\/fr\/gala-premiilor\/la-troisieme-edition-du-gala-des-prix-mlnr\/\",\"url\":\"https:\/\/www.mlnr.ro\/fr\/gala-premiilor\/la-troisieme-edition-du-gala-des-prix-mlnr\/\",\"name\":\"La troisi\u00e8me \u00e9dition du Gala des Prix de la GLNR - MLNR\",\"isPartOf\":{\"@id\":\"https:\/\/www.mlnr.ro\/fr\/#website\"},\"primaryImageOfPage\":{\"@id\":\"https:\/\/www.mlnr.ro\/fr\/gala-premiilor\/la-troisieme-edition-du-gala-des-prix-mlnr\/#primaryimage\"},\"image\":{\"@id\":\"https:\/\/www.mlnr.ro\/fr\/gala-premiilor\/la-troisieme-edition-du-gala-des-prix-mlnr\/#primaryimage\"},\"thumbnailUrl\":\"https:\/\/www.mlnr.ro\/wp-content\/uploads\/2024\/09\/ateneul.jpg\",\"datePublished\":\"2026-02-27T18:31:35+00:00\",\"dateModified\":\"2026-04-24T06:46:58+00:00\",\"breadcrumb\":{\"@id\":\"https:\/\/www.mlnr.ro\/fr\/gala-premiilor\/la-troisieme-edition-du-gala-des-prix-mlnr\/#breadcrumb\"},\"inLanguage\":\"fr-FR\",\"potentialAction\":[{\"@type\":\"ReadAction\",\"target\":[\"https:\/\/www.mlnr.ro\/fr\/gala-premiilor\/la-troisieme-edition-du-gala-des-prix-mlnr\/\"]}]},{\"@type\":\"ImageObject\",\"inLanguage\":\"fr-FR\",\"@id\":\"https:\/\/www.mlnr.ro\/fr\/gala-premiilor\/la-troisieme-edition-du-gala-des-prix-mlnr\/#primaryimage\",\"url\":\"https:\/\/www.mlnr.ro\/wp-content\/uploads\/2024\/09\/ateneul.jpg\",\"contentUrl\":\"https:\/\/www.mlnr.ro\/wp-content\/uploads\/2024\/09\/ateneul.jpg\",\"width\":1920,\"height\":1008},{\"@type\":\"BreadcrumbList\",\"@id\":\"https:\/\/www.mlnr.ro\/fr\/gala-premiilor\/la-troisieme-edition-du-gala-des-prix-mlnr\/#breadcrumb\",\"itemListElement\":[{\"@type\":\"ListItem\",\"position\":1,\"name\":\"Prima pagin\u0103\",\"item\":\"https:\/\/www.mlnr.ro\/fr\/acasa\/\"},{\"@type\":\"ListItem\",\"position\":2,\"name\":\"La troisi\u00e8me \u00e9dition du Gala des Prix de la GLNR\"}]},{\"@type\":\"WebSite\",\"@id\":\"https:\/\/www.mlnr.ro\/fr\/#website\",\"url\":\"https:\/\/www.mlnr.ro\/fr\/\",\"name\":\"MLNR\",\"description\":\"\",\"publisher\":{\"@id\":\"https:\/\/www.mlnr.ro\/fr\/#organization\"},\"potentialAction\":[{\"@type\":\"SearchAction\",\"target\":{\"@type\":\"EntryPoint\",\"urlTemplate\":\"https:\/\/www.mlnr.ro\/fr\/?s={search_term_string}\"},\"query-input\":{\"@type\":\"PropertyValueSpecification\",\"valueRequired\":true,\"valueName\":\"search_term_string\"}}],\"inLanguage\":\"fr-FR\"},{\"@type\":\"Organization\",\"@id\":\"https:\/\/www.mlnr.ro\/fr\/#organization\",\"name\":\"MLNR\",\"url\":\"https:\/\/www.mlnr.ro\/fr\/\",\"logo\":{\"@type\":\"ImageObject\",\"inLanguage\":\"fr-FR\",\"@id\":\"https:\/\/www.mlnr.ro\/fr\/#\/schema\/logo\/image\/\",\"url\":\"https:\/\/www.mlnr.ro\/wp-content\/uploads\/2025\/12\/prj-edited.png\",\"contentUrl\":\"https:\/\/www.mlnr.ro\/wp-content\/uploads\/2025\/12\/prj-edited.png\",\"width\":300,\"height\":188,\"caption\":\"MLNR\"},\"image\":{\"@id\":\"https:\/\/www.mlnr.ro\/fr\/#\/schema\/logo\/image\/\"}}]}<\/script>\n<!-- \/ Yoast SEO plugin. -->","yoast_head_json":{"title":"La troisi\u00e8me \u00e9dition du Gala des Prix de la GLNR - MLNR","robots":{"index":"index","follow":"follow","max-snippet":"max-snippet:-1","max-image-preview":"max-image-preview:large","max-video-preview":"max-video-preview:-1"},"canonical":"https:\/\/www.mlnr.ro\/fr\/gala-premiilor\/la-troisieme-edition-du-gala-des-prix-mlnr\/","og_locale":"fr_FR","og_type":"article","og_title":"La troisi\u00e8me \u00e9dition du Gala des Prix de la GLNR - MLNR","og_description":"I. Le prix GRIGORE MOISIL pour les sciences exactes a \u00e9t\u00e9 d\u00e9cern\u00e9 \u00e0 \u0218tefan Papadima, de l&#8217;Institut de math\u00e9matiques de l&#8217;Acad\u00e9mie roumaine, pour son ensemble d&#8217;ouvrages sur la topologie et la g\u00e9om\u00e9trie alg\u00e9brique publi\u00e9s en Roumanie et \u00e0 l&#8217;\u00e9tranger en 2012. II. Le prix HENRI COAND\u0102 pour les sciences appliqu\u00e9es a \u00e9t\u00e9 d\u00e9cern\u00e9 \u00e0 Maria&hellip; Continue reading La troisi\u00e8me \u00e9dition du Gala des Prix de la GLNR","og_url":"https:\/\/www.mlnr.ro\/fr\/gala-premiilor\/la-troisieme-edition-du-gala-des-prix-mlnr\/","og_site_name":"MLNR","article_modified_time":"2026-04-24T06:46:58+00:00","og_image":[{"width":1920,"height":1008,"url":"https:\/\/www.mlnr.ro\/wp-content\/uploads\/2024\/09\/ateneul.jpg","type":"image\/jpeg"}],"twitter_card":"summary_large_image","twitter_misc":{"Dur\u00e9e de lecture estim\u00e9e":"2 minutes"},"schema":{"@context":"https:\/\/schema.org","@graph":[{"@type":"WebPage","@id":"https:\/\/www.mlnr.ro\/fr\/gala-premiilor\/la-troisieme-edition-du-gala-des-prix-mlnr\/","url":"https:\/\/www.mlnr.ro\/fr\/gala-premiilor\/la-troisieme-edition-du-gala-des-prix-mlnr\/","name":"La troisi\u00e8me \u00e9dition du Gala des Prix de la GLNR - MLNR","isPartOf":{"@id":"https:\/\/www.mlnr.ro\/fr\/#website"},"primaryImageOfPage":{"@id":"https:\/\/www.mlnr.ro\/fr\/gala-premiilor\/la-troisieme-edition-du-gala-des-prix-mlnr\/#primaryimage"},"image":{"@id":"https:\/\/www.mlnr.ro\/fr\/gala-premiilor\/la-troisieme-edition-du-gala-des-prix-mlnr\/#primaryimage"},"thumbnailUrl":"https:\/\/www.mlnr.ro\/wp-content\/uploads\/2024\/09\/ateneul.jpg","datePublished":"2026-02-27T18:31:35+00:00","dateModified":"2026-04-24T06:46:58+00:00","breadcrumb":{"@id":"https:\/\/www.mlnr.ro\/fr\/gala-premiilor\/la-troisieme-edition-du-gala-des-prix-mlnr\/#breadcrumb"},"inLanguage":"fr-FR","potentialAction":[{"@type":"ReadAction","target":["https:\/\/www.mlnr.ro\/fr\/gala-premiilor\/la-troisieme-edition-du-gala-des-prix-mlnr\/"]}]},{"@type":"ImageObject","inLanguage":"fr-FR","@id":"https:\/\/www.mlnr.ro\/fr\/gala-premiilor\/la-troisieme-edition-du-gala-des-prix-mlnr\/#primaryimage","url":"https:\/\/www.mlnr.ro\/wp-content\/uploads\/2024\/09\/ateneul.jpg","contentUrl":"https:\/\/www.mlnr.ro\/wp-content\/uploads\/2024\/09\/ateneul.jpg","width":1920,"height":1008},{"@type":"BreadcrumbList","@id":"https:\/\/www.mlnr.ro\/fr\/gala-premiilor\/la-troisieme-edition-du-gala-des-prix-mlnr\/#breadcrumb","itemListElement":[{"@type":"ListItem","position":1,"name":"Prima pagin\u0103","item":"https:\/\/www.mlnr.ro\/fr\/acasa\/"},{"@type":"ListItem","position":2,"name":"La troisi\u00e8me \u00e9dition du Gala des Prix de la GLNR"}]},{"@type":"WebSite","@id":"https:\/\/www.mlnr.ro\/fr\/#website","url":"https:\/\/www.mlnr.ro\/fr\/","name":"MLNR","description":"","publisher":{"@id":"https:\/\/www.mlnr.ro\/fr\/#organization"},"potentialAction":[{"@type":"SearchAction","target":{"@type":"EntryPoint","urlTemplate":"https:\/\/www.mlnr.ro\/fr\/?s={search_term_string}"},"query-input":{"@type":"PropertyValueSpecification","valueRequired":true,"valueName":"search_term_string"}}],"inLanguage":"fr-FR"},{"@type":"Organization","@id":"https:\/\/www.mlnr.ro\/fr\/#organization","name":"MLNR","url":"https:\/\/www.mlnr.ro\/fr\/","logo":{"@type":"ImageObject","inLanguage":"fr-FR","@id":"https:\/\/www.mlnr.ro\/fr\/#\/schema\/logo\/image\/","url":"https:\/\/www.mlnr.ro\/wp-content\/uploads\/2025\/12\/prj-edited.png","contentUrl":"https:\/\/www.mlnr.ro\/wp-content\/uploads\/2025\/12\/prj-edited.png","width":300,"height":188,"caption":"MLNR"},"image":{"@id":"https:\/\/www.mlnr.ro\/fr\/#\/schema\/logo\/image\/"}}]}},"_links":{"self":[{"href":"https:\/\/www.mlnr.ro\/fr\/wp-json\/wp\/v2\/gala_premiilor\/4189","targetHints":{"allow":["GET"]}}],"collection":[{"href":"https:\/\/www.mlnr.ro\/fr\/wp-json\/wp\/v2\/gala_premiilor"}],"about":[{"href":"https:\/\/www.mlnr.ro\/fr\/wp-json\/wp\/v2\/types\/gala_premiilor"}],"version-history":[{"count":9,"href":"https:\/\/www.mlnr.ro\/fr\/wp-json\/wp\/v2\/gala_premiilor\/4189\/revisions"}],"predecessor-version":[{"id":5112,"href":"https:\/\/www.mlnr.ro\/fr\/wp-json\/wp\/v2\/gala_premiilor\/4189\/revisions\/5112"}],"wp:featuredmedia":[{"embeddable":true,"href":"https:\/\/www.mlnr.ro\/fr\/wp-json\/wp\/v2\/media\/1999"}],"wp:attachment":[{"href":"https:\/\/www.mlnr.ro\/fr\/wp-json\/wp\/v2\/media?parent=4189"}],"curies":[{"name":"wp","href":"https:\/\/api.w.org\/{rel}","templated":true}]}}