{"id":4793,"date":"2026-03-14T19:59:03","date_gmt":"2026-03-14T17:59:03","guid":{"rendered":"https:\/\/www.mlnr.ro\/activitati_sociale\/nadia-comaneci-celebrata-dalla-gran-loggia-nazionale-di-romania-50-anni-dal-primo-10\/"},"modified":"2026-03-16T17:14:06","modified_gmt":"2026-03-16T15:14:06","slug":"nadia-comaneci-celebrata-dalla-gran-loggia-nazionale-di-romania-50-anni-dal-primo-10","status":"publish","type":"activitati_sociale","link":"https:\/\/www.mlnr.ro\/it\/activitati_sociale\/nadia-comaneci-celebrata-dalla-gran-loggia-nazionale-di-romania-50-anni-dal-primo-10\/","title":{"rendered":"Nadia Com\u0103neci, celebrata dalla Gran Loggia Nazionale di Romania \u2013 50 anni dal primo 10"},"content":{"rendered":"\n<figure class=\"wp-block-video\"><video controls=\"\" src=\"https:\/\/www.mlnr.ro\/wp-content\/uploads\/2026\/03\/Video1.mp4\"><\/video><\/figure>\n\n<p>La sera del 12 marzo 2026, il Museo Nazionale d&#8217;Arte della Romania ha ospitato un evento dedicato all&#8217;eccellenza, organizzato dalla Gran Loggia Nazionale della Romania.<\/p>\n\n<p>L&#8217;evento ha rivestito un significato particolare: il 2026 \u00e8 stato proclamato dalla Gran Loggia Nazionale di Romania \u00abAnno di Nadia Com\u0103neci\u00bb, in occasione del 50\u00b0 anniversario del primo 10 nella storia della ginnastica mondiale \u2013 l&#8217;impresa che ha cambiato per sempre la storia di questo sport e ha fatto s\u00ec che il nome della Romania risuonasse in tutto il mondo.<\/p>\n\n<p>L&#8217;ospite d&#8217;onore della serata \u00e8 stata Nadia Com\u0103neci, simbolo di perfezione e una delle personalit\u00e0 pi\u00f9 ammirate della Romania.<\/p>\n\n<p>In segno di riconoscimento per il suo straordinario contributo al prestigio della Romania nel mondo, il Gran Maestro della Gran Loggia Nazionale di Romania, C\u0103t\u0103lin Toh\u0103neanu, gli ha conferito l&#8217;Ordine Massonico al grado di Commendatore con Alloro.<\/p>\n\n<p>Nel corso dell&#8217;evento \u00e8 stato presentato anche un video celebrativo dedicato a Nadia Com\u0103neci, realizzato da Dan Andronic, che ha riportato alla ribalta i momenti salienti di una carriera che ha ispirato intere generazioni.<\/p>\n\n<p>La serata \u00e8 stata allietata da momenti musicali eccezionali.<\/p>\n\n<p>Il giovane David Dumitrescu, di soli 12 anni, ha offerto un recital al pianoforte che ha colpito il pubblico per la sua sensibilit\u00e0 e maturit\u00e0 artistica.<\/p>\n\n<p>Il violinista R\u0103zvan Stoica, suonando un violino Stradivari \u00abex Ernst\u00bb del 1729, insieme alla sorella Andreea Stoica al pianoforte, ha portato in scena una delle composizioni pi\u00f9 emozionanti del patrimonio musicale rumeno: la Ballata di Ciprian Porumbescu.<\/p>\n\n<p>L&#8217;evento \u00e8 stato condotto da Dan Andronic e Alina Alexoi, e la serata si \u00e8 conclusa in un&#8217;atmosfera calorosa, con autografi e foto insieme a Nadia Com\u0103neci.<\/p>\n\n<p>In questa occasione, agli ospiti sono state consegnate oltre 200 copie del libro *Evenimentul Istoric* (L&#8217;evento storico), che raccontano la storia inedita di Nadia, autografate da lei stessa, mentre la Casa Editrice della Gran Loggia Nazionale di Romania, in collaborazione con Romfilatelia e Po\u0219ta Rom\u00e2n\u0103, ha realizzato una cartolina commemorativa in edizione limitata di 500 esemplari, offerta ai partecipanti.<\/p>\n\n<p>Un evento che ha unito il rispetto per l&#8217;eccellenza, la cultura e la gratitudine verso un nome che continua a ispirare intere generazioni: Nadia Com\u0103neci.<\/p>\n<div class=\"my-pswp-v4-gallery gallery-columns-3\"><div class=\"grid-sizer\"><\/div><figure class=\"my-pswp-v4-item grid-item\"><a href=\"https:\/\/www.mlnr.ro\/wp-content\/uploads\/2026\/03\/image1.jpeg\" data-size=\"1280x853\" data-title=\"image1\"><div class=\"background-image\" style=\"background-image: url(https:\/\/www.mlnr.ro\/wp-content\/uploads\/2026\/03\/image1-300x200.jpeg); background-size: cover; background-position: center; padding-top: 75%;\"><\/div><\/a><\/figure><figure class=\"my-pswp-v4-item grid-item\"><a href=\"https:\/\/www.mlnr.ro\/wp-content\/uploads\/2026\/03\/image2.jpeg\" data-size=\"1280x853\" data-title=\"image2\"><div class=\"background-image\" style=\"background-image: url(https:\/\/www.mlnr.ro\/wp-content\/uploads\/2026\/03\/image2-300x200.jpeg); background-size: cover; background-position: center; padding-top: 75%;\"><\/div><\/a><\/figure><figure class=\"my-pswp-v4-item grid-item\"><a href=\"https:\/\/www.mlnr.ro\/wp-content\/uploads\/2026\/03\/image3.jpeg\" data-size=\"1280x853\" data-title=\"image3\"><div class=\"background-image\" style=\"background-image: url(https:\/\/www.mlnr.ro\/wp-content\/uploads\/2026\/03\/image3-300x200.jpeg); background-size: cover; background-position: center; padding-top: 75%;\"><\/div><\/a><\/figure><figure class=\"my-pswp-v4-item grid-item\"><a href=\"https:\/\/www.mlnr.ro\/wp-content\/uploads\/2026\/03\/image4.jpeg\" data-size=\"1280x853\" data-title=\"image4\"><div class=\"background-image\" style=\"background-image: url(https:\/\/www.mlnr.ro\/wp-content\/uploads\/2026\/03\/image4-300x200.jpeg); background-size: cover; background-position: center; padding-top: 75%;\"><\/div><\/a><\/figure><figure class=\"my-pswp-v4-item grid-item\"><a href=\"https:\/\/www.mlnr.ro\/wp-content\/uploads\/2026\/03\/image5.jpeg\" data-size=\"1280x853\" data-title=\"image5\"><div class=\"background-image\" style=\"background-image: url(https:\/\/www.mlnr.ro\/wp-content\/uploads\/2026\/03\/image5-300x200.jpeg); background-size: cover; background-position: center; padding-top: 75%;\"><\/div><\/a><\/figure><figure class=\"my-pswp-v4-item grid-item\"><a href=\"https:\/\/www.mlnr.ro\/wp-content\/uploads\/2026\/03\/image6.jpeg\" data-size=\"1280x853\" data-title=\"image6\"><div class=\"background-image\" style=\"background-image: url(https:\/\/www.mlnr.ro\/wp-content\/uploads\/2026\/03\/image6-300x200.jpeg); background-size: cover; background-position: center; padding-top: 75%;\"><\/div><\/a><\/figure><figure class=\"my-pswp-v4-item grid-item\"><a href=\"https:\/\/www.mlnr.ro\/wp-content\/uploads\/2026\/03\/image7-scaled.jpeg\" data-size=\"1920x2560\" data-title=\"image7\"><div class=\"background-image\" style=\"background-image: url(https:\/\/www.mlnr.ro\/wp-content\/uploads\/2026\/03\/image7-225x300.jpeg); background-size: cover; background-position: center; padding-top: 75%;\"><\/div><\/a><\/figure><figure class=\"my-pswp-v4-item grid-item\"><a href=\"https:\/\/www.mlnr.ro\/wp-content\/uploads\/2026\/03\/image8-scaled.jpeg\" data-size=\"1920x2560\" data-title=\"image8\"><div class=\"background-image\" style=\"background-image: url(https:\/\/www.mlnr.ro\/wp-content\/uploads\/2026\/03\/image8-225x300.jpeg); background-size: cover; background-position: center; padding-top: 75%;\"><\/div><\/a><\/figure><\/div>","protected":false},"excerpt":{"rendered":"<p>La sera del 12 marzo 2026, il Museo Nazionale d&#8217;Arte della Romania ha ospitato un evento dedicato all&#8217;eccellenza, organizzato dalla Gran Loggia Nazionale della Romania. L&#8217;evento ha rivestito un significato particolare: il 2026 \u00e8 stato proclamato dalla Gran Loggia Nazionale di Romania \u00abAnno di Nadia Com\u0103neci\u00bb, in occasione del 50\u00b0 anniversario del primo 10 nella&hellip; <a class=\"more-link\" href=\"https:\/\/www.mlnr.ro\/it\/activitati_sociale\/nadia-comaneci-celebrata-dalla-gran-loggia-nazionale-di-romania-50-anni-dal-primo-10\/\">Continue reading <span class=\"screen-reader-text\">Nadia Com\u0103neci, celebrata dalla Gran Loggia Nazionale di Romania \u2013 50 anni dal primo 10<\/span><\/a><\/p>\n","protected":false},"featured_media":4821,"template":"","class_list":["post-4793","activitati_sociale","type-activitati_sociale","status-publish","has-post-thumbnail","hentry","entry"],"acf":[],"yoast_head":"<!-- This site is optimized with the Yoast SEO plugin v27.0 - https:\/\/yoast.com\/product\/yoast-seo-wordpress\/ -->\n<title>Nadia Com\u0103neci, celebrata dalla Gran Loggia Nazionale di Romania \u2013 50 anni dal primo 10 - MLNR<\/title>\n<meta name=\"robots\" content=\"index, follow, max-snippet:-1, max-image-preview:large, max-video-preview:-1\" \/>\n<link rel=\"canonical\" href=\"https:\/\/www.mlnr.ro\/it\/activitati_sociale\/nadia-comaneci-celebrata-dalla-gran-loggia-nazionale-di-romania-50-anni-dal-primo-10\/\" \/>\n<meta property=\"og:locale\" content=\"it_IT\" \/>\n<meta property=\"og:type\" content=\"article\" \/>\n<meta property=\"og:title\" content=\"Nadia Com\u0103neci, celebrata dalla Gran Loggia Nazionale di Romania \u2013 50 anni dal primo 10 - MLNR\" \/>\n<meta property=\"og:description\" content=\"La sera del 12 marzo 2026, il Museo Nazionale d&#8217;Arte della Romania ha ospitato un evento dedicato all&#8217;eccellenza, organizzato dalla Gran Loggia Nazionale della Romania. L&#8217;evento ha rivestito un significato particolare: il 2026 \u00e8 stato proclamato dalla Gran Loggia Nazionale di Romania \u00abAnno di Nadia Com\u0103neci\u00bb, in occasione del 50\u00b0 anniversario del primo 10 nella&hellip; Continue reading Nadia Com\u0103neci, celebrata dalla Gran Loggia Nazionale di Romania \u2013 50 anni dal primo 10\" \/>\n<meta property=\"og:url\" content=\"https:\/\/www.mlnr.ro\/it\/activitati_sociale\/nadia-comaneci-celebrata-dalla-gran-loggia-nazionale-di-romania-50-anni-dal-primo-10\/\" \/>\n<meta property=\"og:site_name\" content=\"MLNR\" \/>\n<meta property=\"article:modified_time\" content=\"2026-03-16T15:14:06+00:00\" \/>\n<meta property=\"og:image\" content=\"https:\/\/www.mlnr.ro\/wp-content\/uploads\/2026\/03\/image1.jpeg\" \/>\n\t<meta property=\"og:image:width\" content=\"1280\" \/>\n\t<meta property=\"og:image:height\" content=\"853\" \/>\n\t<meta property=\"og:image:type\" content=\"image\/jpeg\" \/>\n<meta name=\"twitter:card\" content=\"summary_large_image\" \/>\n<meta name=\"twitter:label1\" content=\"Tempo di lettura stimato\" \/>\n\t<meta name=\"twitter:data1\" content=\"2 minutes\" \/>\n<script type=\"application\/ld+json\" class=\"yoast-schema-graph\">{\"@context\":\"https:\/\/schema.org\",\"@graph\":[{\"@type\":\"WebPage\",\"@id\":\"https:\/\/www.mlnr.ro\/it\/activitati_sociale\/nadia-comaneci-celebrata-dalla-gran-loggia-nazionale-di-romania-50-anni-dal-primo-10\/\",\"url\":\"https:\/\/www.mlnr.ro\/it\/activitati_sociale\/nadia-comaneci-celebrata-dalla-gran-loggia-nazionale-di-romania-50-anni-dal-primo-10\/\",\"name\":\"Nadia Com\u0103neci, celebrata dalla Gran Loggia Nazionale di Romania \u2013 50 anni dal primo 10 - MLNR\",\"isPartOf\":{\"@id\":\"https:\/\/www.mlnr.ro\/it\/#website\"},\"primaryImageOfPage\":{\"@id\":\"https:\/\/www.mlnr.ro\/it\/activitati_sociale\/nadia-comaneci-celebrata-dalla-gran-loggia-nazionale-di-romania-50-anni-dal-primo-10\/#primaryimage\"},\"image\":{\"@id\":\"https:\/\/www.mlnr.ro\/it\/activitati_sociale\/nadia-comaneci-celebrata-dalla-gran-loggia-nazionale-di-romania-50-anni-dal-primo-10\/#primaryimage\"},\"thumbnailUrl\":\"https:\/\/www.mlnr.ro\/wp-content\/uploads\/2026\/03\/image1.jpeg\",\"datePublished\":\"2026-03-14T17:59:03+00:00\",\"dateModified\":\"2026-03-16T15:14:06+00:00\",\"breadcrumb\":{\"@id\":\"https:\/\/www.mlnr.ro\/it\/activitati_sociale\/nadia-comaneci-celebrata-dalla-gran-loggia-nazionale-di-romania-50-anni-dal-primo-10\/#breadcrumb\"},\"inLanguage\":\"it-IT\",\"potentialAction\":[{\"@type\":\"ReadAction\",\"target\":[\"https:\/\/www.mlnr.ro\/it\/activitati_sociale\/nadia-comaneci-celebrata-dalla-gran-loggia-nazionale-di-romania-50-anni-dal-primo-10\/\"]}]},{\"@type\":\"ImageObject\",\"inLanguage\":\"it-IT\",\"@id\":\"https:\/\/www.mlnr.ro\/it\/activitati_sociale\/nadia-comaneci-celebrata-dalla-gran-loggia-nazionale-di-romania-50-anni-dal-primo-10\/#primaryimage\",\"url\":\"https:\/\/www.mlnr.ro\/wp-content\/uploads\/2026\/03\/image1.jpeg\",\"contentUrl\":\"https:\/\/www.mlnr.ro\/wp-content\/uploads\/2026\/03\/image1.jpeg\",\"width\":1280,\"height\":853},{\"@type\":\"BreadcrumbList\",\"@id\":\"https:\/\/www.mlnr.ro\/it\/activitati_sociale\/nadia-comaneci-celebrata-dalla-gran-loggia-nazionale-di-romania-50-anni-dal-primo-10\/#breadcrumb\",\"itemListElement\":[{\"@type\":\"ListItem\",\"position\":1,\"name\":\"Prima pagin\u0103\",\"item\":\"https:\/\/www.mlnr.ro\/it\/acasa\/\"},{\"@type\":\"ListItem\",\"position\":2,\"name\":\"Nadia Com\u0103neci, celebrata dalla Gran Loggia Nazionale di Romania \u2013 50 anni dal primo 10\"}]},{\"@type\":\"WebSite\",\"@id\":\"https:\/\/www.mlnr.ro\/it\/#website\",\"url\":\"https:\/\/www.mlnr.ro\/it\/\",\"name\":\"MLNR\",\"description\":\"\",\"publisher\":{\"@id\":\"https:\/\/www.mlnr.ro\/it\/#organization\"},\"potentialAction\":[{\"@type\":\"SearchAction\",\"target\":{\"@type\":\"EntryPoint\",\"urlTemplate\":\"https:\/\/www.mlnr.ro\/it\/?s={search_term_string}\"},\"query-input\":{\"@type\":\"PropertyValueSpecification\",\"valueRequired\":true,\"valueName\":\"search_term_string\"}}],\"inLanguage\":\"it-IT\"},{\"@type\":\"Organization\",\"@id\":\"https:\/\/www.mlnr.ro\/it\/#organization\",\"name\":\"MLNR\",\"url\":\"https:\/\/www.mlnr.ro\/it\/\",\"logo\":{\"@type\":\"ImageObject\",\"inLanguage\":\"it-IT\",\"@id\":\"https:\/\/www.mlnr.ro\/it\/#\/schema\/logo\/image\/\",\"url\":\"https:\/\/www.mlnr.ro\/wp-content\/uploads\/2025\/12\/prj-edited.png\",\"contentUrl\":\"https:\/\/www.mlnr.ro\/wp-content\/uploads\/2025\/12\/prj-edited.png\",\"width\":300,\"height\":188,\"caption\":\"MLNR\"},\"image\":{\"@id\":\"https:\/\/www.mlnr.ro\/it\/#\/schema\/logo\/image\/\"}}]}<\/script>\n<!-- \/ Yoast SEO plugin. -->","yoast_head_json":{"title":"Nadia Com\u0103neci, celebrata dalla Gran Loggia Nazionale di Romania \u2013 50 anni dal primo 10 - MLNR","robots":{"index":"index","follow":"follow","max-snippet":"max-snippet:-1","max-image-preview":"max-image-preview:large","max-video-preview":"max-video-preview:-1"},"canonical":"https:\/\/www.mlnr.ro\/it\/activitati_sociale\/nadia-comaneci-celebrata-dalla-gran-loggia-nazionale-di-romania-50-anni-dal-primo-10\/","og_locale":"it_IT","og_type":"article","og_title":"Nadia Com\u0103neci, celebrata dalla Gran Loggia Nazionale di Romania \u2013 50 anni dal primo 10 - MLNR","og_description":"La sera del 12 marzo 2026, il Museo Nazionale d&#8217;Arte della Romania ha ospitato un evento dedicato all&#8217;eccellenza, organizzato dalla Gran Loggia Nazionale della Romania. L&#8217;evento ha rivestito un significato particolare: il 2026 \u00e8 stato proclamato dalla Gran Loggia Nazionale di Romania \u00abAnno di Nadia Com\u0103neci\u00bb, in occasione del 50\u00b0 anniversario del primo 10 nella&hellip; Continue reading Nadia Com\u0103neci, celebrata dalla Gran Loggia Nazionale di Romania \u2013 50 anni dal primo 10","og_url":"https:\/\/www.mlnr.ro\/it\/activitati_sociale\/nadia-comaneci-celebrata-dalla-gran-loggia-nazionale-di-romania-50-anni-dal-primo-10\/","og_site_name":"MLNR","article_modified_time":"2026-03-16T15:14:06+00:00","og_image":[{"width":1280,"height":853,"url":"https:\/\/www.mlnr.ro\/wp-content\/uploads\/2026\/03\/image1.jpeg","type":"image\/jpeg"}],"twitter_card":"summary_large_image","twitter_misc":{"Tempo di lettura stimato":"2 minutes"},"schema":{"@context":"https:\/\/schema.org","@graph":[{"@type":"WebPage","@id":"https:\/\/www.mlnr.ro\/it\/activitati_sociale\/nadia-comaneci-celebrata-dalla-gran-loggia-nazionale-di-romania-50-anni-dal-primo-10\/","url":"https:\/\/www.mlnr.ro\/it\/activitati_sociale\/nadia-comaneci-celebrata-dalla-gran-loggia-nazionale-di-romania-50-anni-dal-primo-10\/","name":"Nadia Com\u0103neci, celebrata dalla Gran Loggia Nazionale di Romania \u2013 50 anni dal primo 10 - MLNR","isPartOf":{"@id":"https:\/\/www.mlnr.ro\/it\/#website"},"primaryImageOfPage":{"@id":"https:\/\/www.mlnr.ro\/it\/activitati_sociale\/nadia-comaneci-celebrata-dalla-gran-loggia-nazionale-di-romania-50-anni-dal-primo-10\/#primaryimage"},"image":{"@id":"https:\/\/www.mlnr.ro\/it\/activitati_sociale\/nadia-comaneci-celebrata-dalla-gran-loggia-nazionale-di-romania-50-anni-dal-primo-10\/#primaryimage"},"thumbnailUrl":"https:\/\/www.mlnr.ro\/wp-content\/uploads\/2026\/03\/image1.jpeg","datePublished":"2026-03-14T17:59:03+00:00","dateModified":"2026-03-16T15:14:06+00:00","breadcrumb":{"@id":"https:\/\/www.mlnr.ro\/it\/activitati_sociale\/nadia-comaneci-celebrata-dalla-gran-loggia-nazionale-di-romania-50-anni-dal-primo-10\/#breadcrumb"},"inLanguage":"it-IT","potentialAction":[{"@type":"ReadAction","target":["https:\/\/www.mlnr.ro\/it\/activitati_sociale\/nadia-comaneci-celebrata-dalla-gran-loggia-nazionale-di-romania-50-anni-dal-primo-10\/"]}]},{"@type":"ImageObject","inLanguage":"it-IT","@id":"https:\/\/www.mlnr.ro\/it\/activitati_sociale\/nadia-comaneci-celebrata-dalla-gran-loggia-nazionale-di-romania-50-anni-dal-primo-10\/#primaryimage","url":"https:\/\/www.mlnr.ro\/wp-content\/uploads\/2026\/03\/image1.jpeg","contentUrl":"https:\/\/www.mlnr.ro\/wp-content\/uploads\/2026\/03\/image1.jpeg","width":1280,"height":853},{"@type":"BreadcrumbList","@id":"https:\/\/www.mlnr.ro\/it\/activitati_sociale\/nadia-comaneci-celebrata-dalla-gran-loggia-nazionale-di-romania-50-anni-dal-primo-10\/#breadcrumb","itemListElement":[{"@type":"ListItem","position":1,"name":"Prima pagin\u0103","item":"https:\/\/www.mlnr.ro\/it\/acasa\/"},{"@type":"ListItem","position":2,"name":"Nadia Com\u0103neci, celebrata dalla Gran Loggia Nazionale di Romania \u2013 50 anni dal primo 10"}]},{"@type":"WebSite","@id":"https:\/\/www.mlnr.ro\/it\/#website","url":"https:\/\/www.mlnr.ro\/it\/","name":"MLNR","description":"","publisher":{"@id":"https:\/\/www.mlnr.ro\/it\/#organization"},"potentialAction":[{"@type":"SearchAction","target":{"@type":"EntryPoint","urlTemplate":"https:\/\/www.mlnr.ro\/it\/?s={search_term_string}"},"query-input":{"@type":"PropertyValueSpecification","valueRequired":true,"valueName":"search_term_string"}}],"inLanguage":"it-IT"},{"@type":"Organization","@id":"https:\/\/www.mlnr.ro\/it\/#organization","name":"MLNR","url":"https:\/\/www.mlnr.ro\/it\/","logo":{"@type":"ImageObject","inLanguage":"it-IT","@id":"https:\/\/www.mlnr.ro\/it\/#\/schema\/logo\/image\/","url":"https:\/\/www.mlnr.ro\/wp-content\/uploads\/2025\/12\/prj-edited.png","contentUrl":"https:\/\/www.mlnr.ro\/wp-content\/uploads\/2025\/12\/prj-edited.png","width":300,"height":188,"caption":"MLNR"},"image":{"@id":"https:\/\/www.mlnr.ro\/it\/#\/schema\/logo\/image\/"}}]}},"_links":{"self":[{"href":"https:\/\/www.mlnr.ro\/it\/wp-json\/wp\/v2\/activitati_sociale\/4793","targetHints":{"allow":["GET"]}}],"collection":[{"href":"https:\/\/www.mlnr.ro\/it\/wp-json\/wp\/v2\/activitati_sociale"}],"about":[{"href":"https:\/\/www.mlnr.ro\/it\/wp-json\/wp\/v2\/types\/activitati_sociale"}],"version-history":[{"count":2,"href":"https:\/\/www.mlnr.ro\/it\/wp-json\/wp\/v2\/activitati_sociale\/4793\/revisions"}],"predecessor-version":[{"id":4818,"href":"https:\/\/www.mlnr.ro\/it\/wp-json\/wp\/v2\/activitati_sociale\/4793\/revisions\/4818"}],"wp:featuredmedia":[{"embeddable":true,"href":"https:\/\/www.mlnr.ro\/it\/wp-json\/wp\/v2\/media\/4821"}],"wp:attachment":[{"href":"https:\/\/www.mlnr.ro\/it\/wp-json\/wp\/v2\/media?parent=4793"}],"curies":[{"name":"wp","href":"https:\/\/api.w.org\/{rel}","templated":true}]}}