{"id":4018,"date":"2026-02-27T15:51:07","date_gmt":"2026-02-27T13:51:07","guid":{"rendered":"https:\/\/www.mlnr.ro\/gala-premiilor\/la-dodicesima-edizione-dei-premi-mlnr\/"},"modified":"2026-04-24T10:03:21","modified_gmt":"2026-04-24T07:03:21","slug":"la-dodicesima-edizione-dei-premi-mlnr","status":"publish","type":"gala_premiilor","link":"https:\/\/www.mlnr.ro\/it\/gala-premiilor\/la-dodicesima-edizione-dei-premi-mlnr\/","title":{"rendered":"La dodicesima edizione dei Premi della GLNR"},"content":{"rendered":"\n<p><strong>Il Teatro Nazionale Rumeno<\/strong><\/p>\n\n<p><strong>Una celebrazione dell&#8217;eccellenza rumena all&#8217;Ateneo Rumeno<\/strong><\/p>\n\n<p>La dodicesima edizione dei Premi della Grande Loggia Nazionale Rumena (GLNR) \u00e8 stata una celebrazione dell&#8217;eccellenza rumena e una riaffermazione del nostro impegno nei confronti dei valori autentici che definiscono il progresso di una societ\u00e0 basata sul merito, l&#8217;istruzione e lo spirito creativo. Ospitato nella fastosa cornice dell&#8217;Ateneo Rumeno, l&#8217;evento ha riunito le \u00e9lite del mondo accademico, culturale e istituzionale, in un momento di riconoscimento e riverenza verso coloro che plasmano con pazienza e lungimiranza il futuro della Romania. <\/p>\n\n<p>Tra gli ospiti illustri figuravano membri dell&#8217;Accademia Romena, ministri della Cultura e dell&#8217;Istruzione, rettori delle dodici universit\u00e0 partner e altre personalit\u00e0 di spicco della vita pubblica rumena.<\/p>\n\n<p>All&#8217;apertura della serata, l&#8217;accademico Ioan-Aurel Pop, presidente dell&#8217;Accademia Romena, ha tenuto un discorso appassionato, chiedendo di coltivare e celebrare il valore autentico nello spazio rumeno:<br\/>&#8220;L&#8217;Accademia Romena \u00e8 un&#8217;istituzione unica. Promuove, onora e celebra l&#8217;eccellenza scientifica, la creazione culturale e artistica al pi\u00f9 alto livello. \u00c8 la pi\u00f9 alta istituzione di riconoscimento della ricerca in Romania. Per questo motivo, abbiamo aderito con gioia a questa iniziativa, insieme alla Grande Loggia Nazionale di Romania, al Ministero dell&#8217;Istruzione e al Ministero della Cultura, per assegnare questi premi che mettono in luce il valore intramontabile della nostra societ\u00e0, quel valore che attraversa i decenni e i secoli&#8221;.    <\/p>\n\n<p>\u00c8 seguito il messaggio del Gran Maestro della GLNR, C\u0103t\u0103lin Toh\u0103neanu, che ha sottolineato il ruolo di questo evento nel sostenere le \u00e9lite rumene:<br\/>\u201cQuesto Gala non \u00e8 solo un atto di riconoscimento. \u00c8 l&#8217;espressione di una profonda convinzione: che le autentiche \u00e9lite della Romania meritano di essere visibili, sostenute e promosse, perch\u00e9 rappresentano la direzione, la verticalit\u00e0 e la sostanza di un progetto nazionale coerente e sostenibile\u201d. <\/p>\n\n<p><strong>Premi e vincitori<\/strong><\/p>\n\n<p>In un contesto solenne, accompagnato musicalmente dall&#8217;Orchestra dell&#8217;Opera Nazionale di Bucarest, diretta dal maestro Daniel Jinga, e dal Coro dell&#8217;Opera Nazionale, insieme al tenore Teodor Ilinc\u0103i e al mezzosoprano Adelina Maria Cociobanu, sono stati assegnati sette premi, ciascuno dei quali porta il nome di una grande personalit\u00e0 che ha plasmato il destino della nostra nazione:<\/p>\n\n<p>Premio Grigore Moisil per le scienze esatte:<br\/>Dr. Lucian Beznea \u2013 per i suoi contributi fondamentali alla teoria delle probabilit\u00e0 e all&#8217;analisi funzionale.<\/p>\n\n<p>Premio Henri Coand\u0103 per le scienze applicate:<br\/>Prof. dr. ing. Drago\u0219 Axinte \u2013 per i contributi innovativi nel campo dell&#8217;ingegneria meccanica e della robotica applicata.<\/p>\n\n<p>Premio Carol Davila per la medicina:<br\/>Prof.ssa Simona Olimpia Dima \u2013 per la sua straordinaria attivit\u00e0 nella ricerca genomica.<\/p>\n\n<p>Premio Eugeniu Carada per l&#8217;economia:<br\/>Prof. univ. dr. ec. ing. Ionu\u021b Purica \u2013 per il suo lavoro dedicato ai cambiamenti climatici e alla sostenibilit\u00e0. <\/p>\n\n<p>Premio Spiru Haret per l&#8217;istruzione, l&#8217;ambiente e l&#8217;IT:<br\/>Prof. Romi\u021b\u0103 Iucu \u2013 per le riforme nell&#8217;istruzione superiore e la digitalizzazione dell&#8217;istruzione.<\/p>\n\n<p>Premio Constantin Br\u00e2ncu\u0219i per l&#8217;arte e la cultura:<br\/>Cristian M\u0103celaru \u2013 direttore d&#8217;orchestra internazionale e ambasciatore culturale della Romania.<\/p>\n\n<p>Premio Nicolae Titulescu per la diplomazia e le scienze politiche:<br\/>C\u0103t\u0103lin Predoiu \u2013 per il successo diplomatico ottenuto con l&#8217;adesione della Romania allo spazio Schengen.<\/p>\n\n<p>Ogni vincitore ha ricevuto un premio di 10.000 euro, come riconoscimento del loro eccezionale contributo alla costruzione di una Romania moderna e rispettata.<\/p>\n\n<p>Questo Gala non sarebbe stato possibile senza il sostegno incondizionato dei membri della GLNR e dei partner mediatici e istituzionali. Un ringraziamento speciale va all&#8217;avvocato Remus Borza, ideatore e anima di questo progetto, per la sua visione, perseveranza e dedizione senza riserve. <\/p>\n\n<p>La Romania dispone di risorse intellettuali, morali e creative straordinarie. \u00c8 nostro dovere collettivo riconoscerle, onorarle e sostenerle con rispetto, pazienza e fiducia. Il gala della GLNR \u00e8 la prova che ci\u00f2 non solo \u00e8 possibile, ma anche profondamente necessario.  <\/p>\n","protected":false},"excerpt":{"rendered":"<p>Il Teatro Nazionale Rumeno Una celebrazione dell&#8217;eccellenza rumena all&#8217;Ateneo Rumeno La dodicesima edizione dei Premi della Grande Loggia Nazionale Rumena (GLNR) \u00e8 stata una celebrazione dell&#8217;eccellenza rumena e una riaffermazione del nostro impegno nei confronti dei valori autentici che definiscono il progresso di una societ\u00e0 basata sul merito, l&#8217;istruzione e lo spirito creativo. Ospitato nella&hellip; <a class=\"more-link\" href=\"https:\/\/www.mlnr.ro\/it\/gala-premiilor\/la-dodicesima-edizione-dei-premi-mlnr\/\">Continue reading <span class=\"screen-reader-text\">La dodicesima edizione dei Premi della GLNR<\/span><\/a><\/p>\n","protected":false},"featured_media":2002,"template":"","class_list":["post-4018","gala_premiilor","type-gala_premiilor","status-publish","has-post-thumbnail","hentry","entry"],"acf":[],"yoast_head":"<!-- This site is optimized with the Yoast SEO plugin v27.0 - https:\/\/yoast.com\/product\/yoast-seo-wordpress\/ -->\n<title>La dodicesima edizione dei Premi della GLNR - MLNR<\/title>\n<meta name=\"robots\" content=\"index, follow, max-snippet:-1, max-image-preview:large, max-video-preview:-1\" \/>\n<link rel=\"canonical\" href=\"https:\/\/www.mlnr.ro\/it\/gala-premiilor\/la-dodicesima-edizione-dei-premi-mlnr\/\" \/>\n<meta property=\"og:locale\" content=\"it_IT\" \/>\n<meta property=\"og:type\" content=\"article\" \/>\n<meta property=\"og:title\" content=\"La dodicesima edizione dei Premi della GLNR - MLNR\" \/>\n<meta property=\"og:description\" content=\"Il Teatro Nazionale Rumeno Una celebrazione dell&#8217;eccellenza rumena all&#8217;Ateneo Rumeno La dodicesima edizione dei Premi della Grande Loggia Nazionale Rumena (GLNR) \u00e8 stata una celebrazione dell&#8217;eccellenza rumena e una riaffermazione del nostro impegno nei confronti dei valori autentici che definiscono il progresso di una societ\u00e0 basata sul merito, l&#8217;istruzione e lo spirito creativo. Ospitato nella&hellip; Continue reading La dodicesima edizione dei Premi della GLNR\" \/>\n<meta property=\"og:url\" content=\"https:\/\/www.mlnr.ro\/it\/gala-premiilor\/la-dodicesima-edizione-dei-premi-mlnr\/\" \/>\n<meta property=\"og:site_name\" content=\"MLNR\" \/>\n<meta property=\"article:modified_time\" content=\"2026-04-24T07:03:21+00:00\" \/>\n<meta property=\"og:image\" content=\"https:\/\/www.mlnr.ro\/wp-content\/uploads\/2024\/09\/ateneul.jpg\" \/>\n\t<meta property=\"og:image:width\" content=\"1920\" \/>\n\t<meta property=\"og:image:height\" content=\"1008\" \/>\n\t<meta property=\"og:image:type\" content=\"image\/jpeg\" \/>\n<meta name=\"twitter:card\" content=\"summary_large_image\" \/>\n<meta name=\"twitter:label1\" content=\"Tempo di lettura stimato\" \/>\n\t<meta name=\"twitter:data1\" content=\"3 minutes\" \/>\n<script type=\"application\/ld+json\" class=\"yoast-schema-graph\">{\"@context\":\"https:\/\/schema.org\",\"@graph\":[{\"@type\":\"WebPage\",\"@id\":\"https:\/\/www.mlnr.ro\/it\/gala-premiilor\/la-dodicesima-edizione-dei-premi-mlnr\/\",\"url\":\"https:\/\/www.mlnr.ro\/it\/gala-premiilor\/la-dodicesima-edizione-dei-premi-mlnr\/\",\"name\":\"La dodicesima edizione dei Premi della GLNR - MLNR\",\"isPartOf\":{\"@id\":\"https:\/\/www.mlnr.ro\/it\/#website\"},\"primaryImageOfPage\":{\"@id\":\"https:\/\/www.mlnr.ro\/it\/gala-premiilor\/la-dodicesima-edizione-dei-premi-mlnr\/#primaryimage\"},\"image\":{\"@id\":\"https:\/\/www.mlnr.ro\/it\/gala-premiilor\/la-dodicesima-edizione-dei-premi-mlnr\/#primaryimage\"},\"thumbnailUrl\":\"https:\/\/www.mlnr.ro\/wp-content\/uploads\/2024\/09\/ateneul.jpg\",\"datePublished\":\"2026-02-27T13:51:07+00:00\",\"dateModified\":\"2026-04-24T07:03:21+00:00\",\"breadcrumb\":{\"@id\":\"https:\/\/www.mlnr.ro\/it\/gala-premiilor\/la-dodicesima-edizione-dei-premi-mlnr\/#breadcrumb\"},\"inLanguage\":\"it-IT\",\"potentialAction\":[{\"@type\":\"ReadAction\",\"target\":[\"https:\/\/www.mlnr.ro\/it\/gala-premiilor\/la-dodicesima-edizione-dei-premi-mlnr\/\"]}]},{\"@type\":\"ImageObject\",\"inLanguage\":\"it-IT\",\"@id\":\"https:\/\/www.mlnr.ro\/it\/gala-premiilor\/la-dodicesima-edizione-dei-premi-mlnr\/#primaryimage\",\"url\":\"https:\/\/www.mlnr.ro\/wp-content\/uploads\/2024\/09\/ateneul.jpg\",\"contentUrl\":\"https:\/\/www.mlnr.ro\/wp-content\/uploads\/2024\/09\/ateneul.jpg\",\"width\":1920,\"height\":1008},{\"@type\":\"BreadcrumbList\",\"@id\":\"https:\/\/www.mlnr.ro\/it\/gala-premiilor\/la-dodicesima-edizione-dei-premi-mlnr\/#breadcrumb\",\"itemListElement\":[{\"@type\":\"ListItem\",\"position\":1,\"name\":\"Prima pagin\u0103\",\"item\":\"https:\/\/www.mlnr.ro\/it\/acasa\/\"},{\"@type\":\"ListItem\",\"position\":2,\"name\":\"La dodicesima edizione dei Premi della GLNR\"}]},{\"@type\":\"WebSite\",\"@id\":\"https:\/\/www.mlnr.ro\/it\/#website\",\"url\":\"https:\/\/www.mlnr.ro\/it\/\",\"name\":\"MLNR\",\"description\":\"\",\"publisher\":{\"@id\":\"https:\/\/www.mlnr.ro\/it\/#organization\"},\"potentialAction\":[{\"@type\":\"SearchAction\",\"target\":{\"@type\":\"EntryPoint\",\"urlTemplate\":\"https:\/\/www.mlnr.ro\/it\/?s={search_term_string}\"},\"query-input\":{\"@type\":\"PropertyValueSpecification\",\"valueRequired\":true,\"valueName\":\"search_term_string\"}}],\"inLanguage\":\"it-IT\"},{\"@type\":\"Organization\",\"@id\":\"https:\/\/www.mlnr.ro\/it\/#organization\",\"name\":\"MLNR\",\"url\":\"https:\/\/www.mlnr.ro\/it\/\",\"logo\":{\"@type\":\"ImageObject\",\"inLanguage\":\"it-IT\",\"@id\":\"https:\/\/www.mlnr.ro\/it\/#\/schema\/logo\/image\/\",\"url\":\"https:\/\/www.mlnr.ro\/wp-content\/uploads\/2025\/12\/prj-edited.png\",\"contentUrl\":\"https:\/\/www.mlnr.ro\/wp-content\/uploads\/2025\/12\/prj-edited.png\",\"width\":300,\"height\":188,\"caption\":\"MLNR\"},\"image\":{\"@id\":\"https:\/\/www.mlnr.ro\/it\/#\/schema\/logo\/image\/\"}}]}<\/script>\n<!-- \/ Yoast SEO plugin. -->","yoast_head_json":{"title":"La dodicesima edizione dei Premi della GLNR - MLNR","robots":{"index":"index","follow":"follow","max-snippet":"max-snippet:-1","max-image-preview":"max-image-preview:large","max-video-preview":"max-video-preview:-1"},"canonical":"https:\/\/www.mlnr.ro\/it\/gala-premiilor\/la-dodicesima-edizione-dei-premi-mlnr\/","og_locale":"it_IT","og_type":"article","og_title":"La dodicesima edizione dei Premi della GLNR - MLNR","og_description":"Il Teatro Nazionale Rumeno Una celebrazione dell&#8217;eccellenza rumena all&#8217;Ateneo Rumeno La dodicesima edizione dei Premi della Grande Loggia Nazionale Rumena (GLNR) \u00e8 stata una celebrazione dell&#8217;eccellenza rumena e una riaffermazione del nostro impegno nei confronti dei valori autentici che definiscono il progresso di una societ\u00e0 basata sul merito, l&#8217;istruzione e lo spirito creativo. Ospitato nella&hellip; Continue reading La dodicesima edizione dei Premi della GLNR","og_url":"https:\/\/www.mlnr.ro\/it\/gala-premiilor\/la-dodicesima-edizione-dei-premi-mlnr\/","og_site_name":"MLNR","article_modified_time":"2026-04-24T07:03:21+00:00","og_image":[{"width":1920,"height":1008,"url":"https:\/\/www.mlnr.ro\/wp-content\/uploads\/2024\/09\/ateneul.jpg","type":"image\/jpeg"}],"twitter_card":"summary_large_image","twitter_misc":{"Tempo di lettura stimato":"3 minutes"},"schema":{"@context":"https:\/\/schema.org","@graph":[{"@type":"WebPage","@id":"https:\/\/www.mlnr.ro\/it\/gala-premiilor\/la-dodicesima-edizione-dei-premi-mlnr\/","url":"https:\/\/www.mlnr.ro\/it\/gala-premiilor\/la-dodicesima-edizione-dei-premi-mlnr\/","name":"La dodicesima edizione dei Premi della GLNR - MLNR","isPartOf":{"@id":"https:\/\/www.mlnr.ro\/it\/#website"},"primaryImageOfPage":{"@id":"https:\/\/www.mlnr.ro\/it\/gala-premiilor\/la-dodicesima-edizione-dei-premi-mlnr\/#primaryimage"},"image":{"@id":"https:\/\/www.mlnr.ro\/it\/gala-premiilor\/la-dodicesima-edizione-dei-premi-mlnr\/#primaryimage"},"thumbnailUrl":"https:\/\/www.mlnr.ro\/wp-content\/uploads\/2024\/09\/ateneul.jpg","datePublished":"2026-02-27T13:51:07+00:00","dateModified":"2026-04-24T07:03:21+00:00","breadcrumb":{"@id":"https:\/\/www.mlnr.ro\/it\/gala-premiilor\/la-dodicesima-edizione-dei-premi-mlnr\/#breadcrumb"},"inLanguage":"it-IT","potentialAction":[{"@type":"ReadAction","target":["https:\/\/www.mlnr.ro\/it\/gala-premiilor\/la-dodicesima-edizione-dei-premi-mlnr\/"]}]},{"@type":"ImageObject","inLanguage":"it-IT","@id":"https:\/\/www.mlnr.ro\/it\/gala-premiilor\/la-dodicesima-edizione-dei-premi-mlnr\/#primaryimage","url":"https:\/\/www.mlnr.ro\/wp-content\/uploads\/2024\/09\/ateneul.jpg","contentUrl":"https:\/\/www.mlnr.ro\/wp-content\/uploads\/2024\/09\/ateneul.jpg","width":1920,"height":1008},{"@type":"BreadcrumbList","@id":"https:\/\/www.mlnr.ro\/it\/gala-premiilor\/la-dodicesima-edizione-dei-premi-mlnr\/#breadcrumb","itemListElement":[{"@type":"ListItem","position":1,"name":"Prima pagin\u0103","item":"https:\/\/www.mlnr.ro\/it\/acasa\/"},{"@type":"ListItem","position":2,"name":"La dodicesima edizione dei Premi della GLNR"}]},{"@type":"WebSite","@id":"https:\/\/www.mlnr.ro\/it\/#website","url":"https:\/\/www.mlnr.ro\/it\/","name":"MLNR","description":"","publisher":{"@id":"https:\/\/www.mlnr.ro\/it\/#organization"},"potentialAction":[{"@type":"SearchAction","target":{"@type":"EntryPoint","urlTemplate":"https:\/\/www.mlnr.ro\/it\/?s={search_term_string}"},"query-input":{"@type":"PropertyValueSpecification","valueRequired":true,"valueName":"search_term_string"}}],"inLanguage":"it-IT"},{"@type":"Organization","@id":"https:\/\/www.mlnr.ro\/it\/#organization","name":"MLNR","url":"https:\/\/www.mlnr.ro\/it\/","logo":{"@type":"ImageObject","inLanguage":"it-IT","@id":"https:\/\/www.mlnr.ro\/it\/#\/schema\/logo\/image\/","url":"https:\/\/www.mlnr.ro\/wp-content\/uploads\/2025\/12\/prj-edited.png","contentUrl":"https:\/\/www.mlnr.ro\/wp-content\/uploads\/2025\/12\/prj-edited.png","width":300,"height":188,"caption":"MLNR"},"image":{"@id":"https:\/\/www.mlnr.ro\/it\/#\/schema\/logo\/image\/"}}]}},"_links":{"self":[{"href":"https:\/\/www.mlnr.ro\/it\/wp-json\/wp\/v2\/gala_premiilor\/4018","targetHints":{"allow":["GET"]}}],"collection":[{"href":"https:\/\/www.mlnr.ro\/it\/wp-json\/wp\/v2\/gala_premiilor"}],"about":[{"href":"https:\/\/www.mlnr.ro\/it\/wp-json\/wp\/v2\/types\/gala_premiilor"}],"version-history":[{"count":3,"href":"https:\/\/www.mlnr.ro\/it\/wp-json\/wp\/v2\/gala_premiilor\/4018\/revisions"}],"predecessor-version":[{"id":5155,"href":"https:\/\/www.mlnr.ro\/it\/wp-json\/wp\/v2\/gala_premiilor\/4018\/revisions\/5155"}],"wp:featuredmedia":[{"embeddable":true,"href":"https:\/\/www.mlnr.ro\/it\/wp-json\/wp\/v2\/media\/2002"}],"wp:attachment":[{"href":"https:\/\/www.mlnr.ro\/it\/wp-json\/wp\/v2\/media?parent=4018"}],"curies":[{"name":"wp","href":"https:\/\/api.w.org\/{rel}","templated":true}]}}