{"id":4191,"date":"2026-02-27T20:33:34","date_gmt":"2026-02-27T18:33:34","guid":{"rendered":"https:\/\/www.mlnr.ro\/gala-premiilor\/terza-edizione-dei-premi-mlnr\/"},"modified":"2026-04-24T10:37:53","modified_gmt":"2026-04-24T07:37:53","slug":"terza-edizione-dei-premi-mlnr","status":"publish","type":"gala_premiilor","link":"https:\/\/www.mlnr.ro\/it\/gala-premiilor\/terza-edizione-dei-premi-mlnr\/","title":{"rendered":"Terza edizione dei Premi della GLNR"},"content":{"rendered":"\n<p><strong>I. Il premio GRIGORE MOISIL per le scienze esatte<\/strong> \u00e8 stato assegnato a \u0218tefan Papadima, dell&#8217;Istituto di Matematica dell&#8217;Accademia Rumena, per la serie di lavori di topologia e geometria algebrica pubblicati in Romania e all&#8217;estero nel 2012.<\/p>\n\n<p><strong>II. Il premio HENRI COAND\u0102 per le scienze applicate<\/strong> \u00e8 stato assegnato a Maria Petrescu, dell&#8217;Universit\u00e0 Politecnica di Bucarest, per l&#8217;opera Trattato di scienza e ingegneria dei materiali metallici, 5 volumi, 2006-2012. Per la prima volta dall&#8217;inizio del Gala dei Premi della Grande Loggia, il premio \u00e8 stato assegnato a una donna. <\/p>\n\n<p><strong>III. Il premio CAROL DAVILA per la medicina<\/strong> \u00e8 stato assegnato al Prof. Dr. Jianu Drago\u0219-C\u0103t\u0103lin, dell&#8217;Universit\u00e0 di Medicina e Farmacia \u201cVictor Babe\u0219\u201d di Timi\u0219oara. \u00c8 autore di una monografia nel campo della neuro-oftalmologia, intitolata: \u201cEcografia Doppler color. Interferenze oftalmico-neurologiche\u201d. \u00c8 noto per il suo contributo alla definizione delle neuropatie ottiche ischemiche anteriori, riuscendo a caratterizzare le forme arteritiche da quelle non arteritiche. \u00c8 autore e collaboratore dell&#8217;American Journal of Neuroprotection and Neuroregeneration.    <\/p>\n\n<p><strong>IV. Il Premio NICOLAE TITULESCU per la Diplomazia e le Scienze Politiche<\/strong> \u00e8 stato assegnato a Mihnea Motoc, ambasciatore della Romania presso l&#8217;Unione Europea.<\/p>\n\n<p><strong>V. Il premio EUGENIU CARADA per l&#8217;economia<\/strong> \u00e8 stato assegnato a Lucian Croitoru per l&#8217;opera Politica monetaria; ipotesi non convenzionali \u2013 L&#8217;attacco speculativo; La crisi nell&#8217;area dell&#8217;euro, la disoccupazione; L&#8217;inflazione, Editore Curtea Veche, Bucarest, 2012.<\/p>\n\n<p><strong>VI. Il premio SPIRU HARET per l&#8217;istruzione, l&#8217;ambiente e l&#8217;informatica<\/strong> \u00e8 stato assegnato a Horia Pop, dell&#8217;Universit\u00e0 Babe\u015f-Bolyai di Cluj-Napoca, per una serie di lavori sull&#8217;intelligenza artificiale.<\/p>\n\n<p><strong>VII. Il premio CONSTANTIN BR\u00c2NCU\u0218I per l&#8217;arte e la cultura<\/strong> \u00e8 stato assegnato a George Virgil Stoenescu per la raccolta di poesie Roata Norocului, Editura Univers Enciclopedic Gold, 2012.<\/p>\n","protected":false},"excerpt":{"rendered":"<p>I. Il premio GRIGORE MOISIL per le scienze esatte \u00e8 stato assegnato a \u0218tefan Papadima, dell&#8217;Istituto di Matematica dell&#8217;Accademia Rumena, per la serie di lavori di topologia e geometria algebrica pubblicati in Romania e all&#8217;estero nel 2012. II. Il premio HENRI COAND\u0102 per le scienze applicate \u00e8 stato assegnato a Maria Petrescu, dell&#8217;Universit\u00e0 Politecnica di&hellip; <a class=\"more-link\" href=\"https:\/\/www.mlnr.ro\/it\/gala-premiilor\/terza-edizione-dei-premi-mlnr\/\">Continue reading <span class=\"screen-reader-text\">Terza edizione dei Premi della GLNR<\/span><\/a><\/p>\n","protected":false},"featured_media":2002,"template":"","class_list":["post-4191","gala_premiilor","type-gala_premiilor","status-publish","has-post-thumbnail","hentry","entry"],"acf":[],"yoast_head":"<!-- This site is optimized with the Yoast SEO plugin v27.0 - https:\/\/yoast.com\/product\/yoast-seo-wordpress\/ -->\n<title>Terza edizione dei Premi della GLNR - MLNR<\/title>\n<meta name=\"robots\" content=\"index, follow, max-snippet:-1, max-image-preview:large, max-video-preview:-1\" \/>\n<link rel=\"canonical\" href=\"https:\/\/www.mlnr.ro\/it\/gala-premiilor\/terza-edizione-dei-premi-mlnr\/\" \/>\n<meta property=\"og:locale\" content=\"it_IT\" \/>\n<meta property=\"og:type\" content=\"article\" \/>\n<meta property=\"og:title\" content=\"Terza edizione dei Premi della GLNR - MLNR\" \/>\n<meta property=\"og:description\" content=\"I. Il premio GRIGORE MOISIL per le scienze esatte \u00e8 stato assegnato a \u0218tefan Papadima, dell&#8217;Istituto di Matematica dell&#8217;Accademia Rumena, per la serie di lavori di topologia e geometria algebrica pubblicati in Romania e all&#8217;estero nel 2012. II. Il premio HENRI COAND\u0102 per le scienze applicate \u00e8 stato assegnato a Maria Petrescu, dell&#8217;Universit\u00e0 Politecnica di&hellip; Continue reading Terza edizione dei Premi della GLNR\" \/>\n<meta property=\"og:url\" content=\"https:\/\/www.mlnr.ro\/it\/gala-premiilor\/terza-edizione-dei-premi-mlnr\/\" \/>\n<meta property=\"og:site_name\" content=\"MLNR\" \/>\n<meta property=\"article:modified_time\" content=\"2026-04-24T07:37:53+00:00\" \/>\n<meta property=\"og:image\" content=\"https:\/\/www.mlnr.ro\/wp-content\/uploads\/2024\/09\/ateneul.jpg\" \/>\n\t<meta property=\"og:image:width\" content=\"1920\" \/>\n\t<meta property=\"og:image:height\" content=\"1008\" \/>\n\t<meta property=\"og:image:type\" content=\"image\/jpeg\" \/>\n<meta name=\"twitter:card\" content=\"summary_large_image\" \/>\n<meta name=\"twitter:label1\" content=\"Tempo di lettura stimato\" \/>\n\t<meta name=\"twitter:data1\" content=\"1 minute\" \/>\n<script type=\"application\/ld+json\" class=\"yoast-schema-graph\">{\"@context\":\"https:\/\/schema.org\",\"@graph\":[{\"@type\":\"WebPage\",\"@id\":\"https:\/\/www.mlnr.ro\/it\/gala-premiilor\/terza-edizione-dei-premi-mlnr\/\",\"url\":\"https:\/\/www.mlnr.ro\/it\/gala-premiilor\/terza-edizione-dei-premi-mlnr\/\",\"name\":\"Terza edizione dei Premi della GLNR - MLNR\",\"isPartOf\":{\"@id\":\"https:\/\/www.mlnr.ro\/it\/#website\"},\"primaryImageOfPage\":{\"@id\":\"https:\/\/www.mlnr.ro\/it\/gala-premiilor\/terza-edizione-dei-premi-mlnr\/#primaryimage\"},\"image\":{\"@id\":\"https:\/\/www.mlnr.ro\/it\/gala-premiilor\/terza-edizione-dei-premi-mlnr\/#primaryimage\"},\"thumbnailUrl\":\"https:\/\/www.mlnr.ro\/wp-content\/uploads\/2024\/09\/ateneul.jpg\",\"datePublished\":\"2026-02-27T18:33:34+00:00\",\"dateModified\":\"2026-04-24T07:37:53+00:00\",\"breadcrumb\":{\"@id\":\"https:\/\/www.mlnr.ro\/it\/gala-premiilor\/terza-edizione-dei-premi-mlnr\/#breadcrumb\"},\"inLanguage\":\"it-IT\",\"potentialAction\":[{\"@type\":\"ReadAction\",\"target\":[\"https:\/\/www.mlnr.ro\/it\/gala-premiilor\/terza-edizione-dei-premi-mlnr\/\"]}]},{\"@type\":\"ImageObject\",\"inLanguage\":\"it-IT\",\"@id\":\"https:\/\/www.mlnr.ro\/it\/gala-premiilor\/terza-edizione-dei-premi-mlnr\/#primaryimage\",\"url\":\"https:\/\/www.mlnr.ro\/wp-content\/uploads\/2024\/09\/ateneul.jpg\",\"contentUrl\":\"https:\/\/www.mlnr.ro\/wp-content\/uploads\/2024\/09\/ateneul.jpg\",\"width\":1920,\"height\":1008},{\"@type\":\"BreadcrumbList\",\"@id\":\"https:\/\/www.mlnr.ro\/it\/gala-premiilor\/terza-edizione-dei-premi-mlnr\/#breadcrumb\",\"itemListElement\":[{\"@type\":\"ListItem\",\"position\":1,\"name\":\"Prima pagin\u0103\",\"item\":\"https:\/\/www.mlnr.ro\/it\/acasa\/\"},{\"@type\":\"ListItem\",\"position\":2,\"name\":\"Terza edizione dei Premi della GLNR\"}]},{\"@type\":\"WebSite\",\"@id\":\"https:\/\/www.mlnr.ro\/it\/#website\",\"url\":\"https:\/\/www.mlnr.ro\/it\/\",\"name\":\"MLNR\",\"description\":\"\",\"publisher\":{\"@id\":\"https:\/\/www.mlnr.ro\/it\/#organization\"},\"potentialAction\":[{\"@type\":\"SearchAction\",\"target\":{\"@type\":\"EntryPoint\",\"urlTemplate\":\"https:\/\/www.mlnr.ro\/it\/?s={search_term_string}\"},\"query-input\":{\"@type\":\"PropertyValueSpecification\",\"valueRequired\":true,\"valueName\":\"search_term_string\"}}],\"inLanguage\":\"it-IT\"},{\"@type\":\"Organization\",\"@id\":\"https:\/\/www.mlnr.ro\/it\/#organization\",\"name\":\"MLNR\",\"url\":\"https:\/\/www.mlnr.ro\/it\/\",\"logo\":{\"@type\":\"ImageObject\",\"inLanguage\":\"it-IT\",\"@id\":\"https:\/\/www.mlnr.ro\/it\/#\/schema\/logo\/image\/\",\"url\":\"https:\/\/www.mlnr.ro\/wp-content\/uploads\/2025\/12\/prj-edited.png\",\"contentUrl\":\"https:\/\/www.mlnr.ro\/wp-content\/uploads\/2025\/12\/prj-edited.png\",\"width\":300,\"height\":188,\"caption\":\"MLNR\"},\"image\":{\"@id\":\"https:\/\/www.mlnr.ro\/it\/#\/schema\/logo\/image\/\"}}]}<\/script>\n<!-- \/ Yoast SEO plugin. -->","yoast_head_json":{"title":"Terza edizione dei Premi della GLNR - MLNR","robots":{"index":"index","follow":"follow","max-snippet":"max-snippet:-1","max-image-preview":"max-image-preview:large","max-video-preview":"max-video-preview:-1"},"canonical":"https:\/\/www.mlnr.ro\/it\/gala-premiilor\/terza-edizione-dei-premi-mlnr\/","og_locale":"it_IT","og_type":"article","og_title":"Terza edizione dei Premi della GLNR - MLNR","og_description":"I. Il premio GRIGORE MOISIL per le scienze esatte \u00e8 stato assegnato a \u0218tefan Papadima, dell&#8217;Istituto di Matematica dell&#8217;Accademia Rumena, per la serie di lavori di topologia e geometria algebrica pubblicati in Romania e all&#8217;estero nel 2012. II. Il premio HENRI COAND\u0102 per le scienze applicate \u00e8 stato assegnato a Maria Petrescu, dell&#8217;Universit\u00e0 Politecnica di&hellip; Continue reading Terza edizione dei Premi della GLNR","og_url":"https:\/\/www.mlnr.ro\/it\/gala-premiilor\/terza-edizione-dei-premi-mlnr\/","og_site_name":"MLNR","article_modified_time":"2026-04-24T07:37:53+00:00","og_image":[{"width":1920,"height":1008,"url":"https:\/\/www.mlnr.ro\/wp-content\/uploads\/2024\/09\/ateneul.jpg","type":"image\/jpeg"}],"twitter_card":"summary_large_image","twitter_misc":{"Tempo di lettura stimato":"1 minute"},"schema":{"@context":"https:\/\/schema.org","@graph":[{"@type":"WebPage","@id":"https:\/\/www.mlnr.ro\/it\/gala-premiilor\/terza-edizione-dei-premi-mlnr\/","url":"https:\/\/www.mlnr.ro\/it\/gala-premiilor\/terza-edizione-dei-premi-mlnr\/","name":"Terza edizione dei Premi della GLNR - MLNR","isPartOf":{"@id":"https:\/\/www.mlnr.ro\/it\/#website"},"primaryImageOfPage":{"@id":"https:\/\/www.mlnr.ro\/it\/gala-premiilor\/terza-edizione-dei-premi-mlnr\/#primaryimage"},"image":{"@id":"https:\/\/www.mlnr.ro\/it\/gala-premiilor\/terza-edizione-dei-premi-mlnr\/#primaryimage"},"thumbnailUrl":"https:\/\/www.mlnr.ro\/wp-content\/uploads\/2024\/09\/ateneul.jpg","datePublished":"2026-02-27T18:33:34+00:00","dateModified":"2026-04-24T07:37:53+00:00","breadcrumb":{"@id":"https:\/\/www.mlnr.ro\/it\/gala-premiilor\/terza-edizione-dei-premi-mlnr\/#breadcrumb"},"inLanguage":"it-IT","potentialAction":[{"@type":"ReadAction","target":["https:\/\/www.mlnr.ro\/it\/gala-premiilor\/terza-edizione-dei-premi-mlnr\/"]}]},{"@type":"ImageObject","inLanguage":"it-IT","@id":"https:\/\/www.mlnr.ro\/it\/gala-premiilor\/terza-edizione-dei-premi-mlnr\/#primaryimage","url":"https:\/\/www.mlnr.ro\/wp-content\/uploads\/2024\/09\/ateneul.jpg","contentUrl":"https:\/\/www.mlnr.ro\/wp-content\/uploads\/2024\/09\/ateneul.jpg","width":1920,"height":1008},{"@type":"BreadcrumbList","@id":"https:\/\/www.mlnr.ro\/it\/gala-premiilor\/terza-edizione-dei-premi-mlnr\/#breadcrumb","itemListElement":[{"@type":"ListItem","position":1,"name":"Prima pagin\u0103","item":"https:\/\/www.mlnr.ro\/it\/acasa\/"},{"@type":"ListItem","position":2,"name":"Terza edizione dei Premi della GLNR"}]},{"@type":"WebSite","@id":"https:\/\/www.mlnr.ro\/it\/#website","url":"https:\/\/www.mlnr.ro\/it\/","name":"MLNR","description":"","publisher":{"@id":"https:\/\/www.mlnr.ro\/it\/#organization"},"potentialAction":[{"@type":"SearchAction","target":{"@type":"EntryPoint","urlTemplate":"https:\/\/www.mlnr.ro\/it\/?s={search_term_string}"},"query-input":{"@type":"PropertyValueSpecification","valueRequired":true,"valueName":"search_term_string"}}],"inLanguage":"it-IT"},{"@type":"Organization","@id":"https:\/\/www.mlnr.ro\/it\/#organization","name":"MLNR","url":"https:\/\/www.mlnr.ro\/it\/","logo":{"@type":"ImageObject","inLanguage":"it-IT","@id":"https:\/\/www.mlnr.ro\/it\/#\/schema\/logo\/image\/","url":"https:\/\/www.mlnr.ro\/wp-content\/uploads\/2025\/12\/prj-edited.png","contentUrl":"https:\/\/www.mlnr.ro\/wp-content\/uploads\/2025\/12\/prj-edited.png","width":300,"height":188,"caption":"MLNR"},"image":{"@id":"https:\/\/www.mlnr.ro\/it\/#\/schema\/logo\/image\/"}}]}},"_links":{"self":[{"href":"https:\/\/www.mlnr.ro\/it\/wp-json\/wp\/v2\/gala_premiilor\/4191","targetHints":{"allow":["GET"]}}],"collection":[{"href":"https:\/\/www.mlnr.ro\/it\/wp-json\/wp\/v2\/gala_premiilor"}],"about":[{"href":"https:\/\/www.mlnr.ro\/it\/wp-json\/wp\/v2\/types\/gala_premiilor"}],"version-history":[{"count":9,"href":"https:\/\/www.mlnr.ro\/it\/wp-json\/wp\/v2\/gala_premiilor\/4191\/revisions"}],"predecessor-version":[{"id":5211,"href":"https:\/\/www.mlnr.ro\/it\/wp-json\/wp\/v2\/gala_premiilor\/4191\/revisions\/5211"}],"wp:featuredmedia":[{"embeddable":true,"href":"https:\/\/www.mlnr.ro\/it\/wp-json\/wp\/v2\/media\/2002"}],"wp:attachment":[{"href":"https:\/\/www.mlnr.ro\/it\/wp-json\/wp\/v2\/media?parent=4191"}],"curies":[{"name":"wp","href":"https:\/\/api.w.org\/{rel}","templated":true}]}}